{"id":3824,"date":"2023-08-24T16:16:20","date_gmt":"2023-08-24T16:16:20","guid":{"rendered":"https:\/\/forocfib.org\/sitio\/?page_id=3824"},"modified":"2023-08-24T16:38:06","modified_gmt":"2023-08-24T16:38:06","slug":"newsletter","status":"publish","type":"page","link":"https:\/\/forocfib.org\/sitio\/newsletter\/","title":{"rendered":"Newsletter"},"content":{"rendered":"<p>[vc_row][vc_column]<div class=\"themestek-element-heading-wrapper themestek-heading-inner themestek-element-align-left themestek-seperator-none \"><section class=\"themestek-vc_cta3-container\"><div class=\"themestek-vc_general themestek-vc_cta3 themestek-cta3-only themestek-vc_cta3-style-classic themestek-vc_cta3-shape-rounded themestek-vc_cta3-align-left themestek-vc_cta3-color-transparent themestek-vc_cta3-icon-size-md themestek-vc_cta3-actions-no themestek-cta3-without-desc\"><div class=\"themestek-vc_cta3_content-container\"><div class=\"themestek-vc_cta3-content\"><div class=\"themestek-vc_cta3-content-header themestek-wrap\"><div class=\"themestek-vc_cta3-headers themestek-wrap-cell\"><h4 class=\"themestek-custom-heading \" >Blog Foro Iberoamericano de Coordinaci\u00f3n Presupuestaria, Financiera y Fiscal Intergubernamental<\/h4>\n<h2 class=\"themestek-custom-heading \" >Newsletter<\/h2>\n<\/div><\/div><\/div><\/div><\/div><\/section><\/div> <!-- .themestek-element-heading-wrapper container --> [vc_single_image image=\u00bb642&#8243; img_size=\u00bbfull\u00bb][vc_column_text]\u00bfInteresado en mantenerse al tanto de las \u00faltimas novedades y avances en coordinaci\u00f3n presupuestaria, financiera y fiscal intergubernamental de pa\u00edses iberoamericanos?<\/p>\n<p>Suscr\u00edbete a nuestro bolet\u00edn y obt\u00e9n acceso a investigaciones, an\u00e1lisis y opiniones relevantes. \u00danete a nuestra comunidad de expertos comprometidos con la gesti\u00f3n financiera.<\/p>\n<p>\u00a1Suscr\u00edbete hoy![\/vc_column_text]\n<div class=\"wpcf7 no-js\" id=\"wpcf7-f3835-o1\" lang=\"es-MX\" dir=\"ltr\">\n<div class=\"screen-reader-response\"><p role=\"status\" aria-live=\"polite\" aria-atomic=\"true\"><\/p> <ul><\/ul><\/div>\n<form action=\"\/sitio\/wp-json\/wp\/v2\/pages\/3824#wpcf7-f3835-o1\" method=\"post\" class=\"wpcf7-form init\" aria-label=\"Formulario de contacto\" novalidate=\"novalidate\" data-status=\"init\">\n<div style=\"display: none;\">\n<input type=\"hidden\" name=\"_wpcf7\" value=\"3835\" \/>\n<input type=\"hidden\" name=\"_wpcf7_version\" value=\"5.7.4\" \/>\n<input type=\"hidden\" name=\"_wpcf7_locale\" value=\"es_MX\" \/>\n<input type=\"hidden\" name=\"_wpcf7_unit_tag\" value=\"wpcf7-f3835-o1\" \/>\n<input type=\"hidden\" name=\"_wpcf7_container_post\" value=\"0\" \/>\n<input type=\"hidden\" name=\"_wpcf7_posted_data_hash\" value=\"\" \/>\n<input type=\"hidden\" name=\"_wpcf7_recaptcha_response\" value=\"\" \/>\n<\/div>\n<p><label> Nombre<br \/>\n<span class=\"wpcf7-form-control-wrap\" data-name=\"your-name\"><input size=\"250\" maxlength=\"100\" class=\"wpcf7-form-control wpcf7-text wpcf7-validates-as-required form-control\" aria-required=\"true\" aria-invalid=\"false\" value=\"\" type=\"text\" name=\"your-name\" \/><\/span> <\/label>\n<\/p>\n<p><label> Tu correo electr\u00f3nico<br \/>\n<span class=\"wpcf7-form-control-wrap\" data-name=\"your-email\"><input size=\"250\" maxlength=\"100\" class=\"wpcf7-form-control wpcf7-text wpcf7-email wpcf7-validates-as-required wpcf7-validates-as-email form-control\" aria-required=\"true\" aria-invalid=\"false\" value=\"\" type=\"email\" name=\"your-email\" \/><\/span> <\/label>\n<\/p>\n\n<p><input class=\"wpcf7-form-control has-spinner wpcf7-submit\" type=\"submit\" value=\"Suscribir me\" \/>\n<\/p><div class=\"wpcf7-response-output\" aria-hidden=\"true\"><\/div>\n<\/form>\n<\/div>\n[\/vc_column][\/vc_row]<\/p>\n","protected":false},"excerpt":{"rendered":"<p>[vc_row][vc_column][vc_single_image image=\u00bb642&#8243; img_size=\u00bbfull\u00bb][vc_column_text]\u00bfInteresado en mantenerse al tanto de las \u00faltimas novedades y avances en coordinaci\u00f3n presupuestaria, financiera y fiscal intergubernamental de pa\u00edses iberoamericanos? Suscr\u00edbete a nuestro bolet\u00edn y obt\u00e9n acceso a investigaciones, an\u00e1lisis y opiniones relevantes. \u00danete a nuestra comunidad de expertos comprometidos con la gesti\u00f3n financiera. \u00a1Suscr\u00edbete hoy![\/vc_column_text][\/vc_column][\/vc_row]<\/p>\n","protected":false},"author":1,"featured_media":0,"parent":0,"menu_order":0,"comment_status":"closed","ping_status":"closed","template":"","meta":[],"_links":{"self":[{"href":"https:\/\/forocfib.org\/sitio\/wp-json\/wp\/v2\/pages\/3824"}],"collection":[{"href":"https:\/\/forocfib.org\/sitio\/wp-json\/wp\/v2\/pages"}],"about":[{"href":"https:\/\/forocfib.org\/sitio\/wp-json\/wp\/v2\/types\/page"}],"author":[{"embeddable":true,"href":"https:\/\/forocfib.org\/sitio\/wp-json\/wp\/v2\/users\/1"}],"replies":[{"embeddable":true,"href":"https:\/\/forocfib.org\/sitio\/wp-json\/wp\/v2\/comments?post=3824"}],"version-history":[{"count":8,"href":"https:\/\/forocfib.org\/sitio\/wp-json\/wp\/v2\/pages\/3824\/revisions"}],"predecessor-version":[{"id":3836,"href":"https:\/\/forocfib.org\/sitio\/wp-json\/wp\/v2\/pages\/3824\/revisions\/3836"}],"wp:attachment":[{"href":"https:\/\/forocfib.org\/sitio\/wp-json\/wp\/v2\/media?parent=3824"}],"curies":[{"name":"wp","href":"https:\/\/api.w.org\/{rel}","templated":true}]}}