{"id":2514,"date":"2023-03-22T20:56:58","date_gmt":"2023-03-22T20:56:58","guid":{"rendered":"https:\/\/forocfib.org\/sitio\/?page_id=2514"},"modified":"2023-07-11T16:50:37","modified_gmt":"2023-07-11T16:50:37","slug":"x-encuentro","status":"publish","type":"page","link":"https:\/\/forocfib.org\/sitio\/x-encuentro\/","title":{"rendered":"X Encuentro"},"content":{"rendered":"<p>[vc_row][vc_column][vc_empty_space]<div class=\"themestek-element-heading-wrapper themestek-heading-inner themestek-element-align-left themestek-seperator-none  vc_custom_1679518657910\"><section class=\"themestek-vc_cta3-container\"><div class=\"themestek-vc_general themestek-vc_cta3 themestek-cta3-only themestek-vc_cta3-style-classic themestek-vc_cta3-shape-rounded themestek-vc_cta3-align-left themestek-vc_cta3-color-transparent themestek-vc_cta3-icon-size-md themestek-vc_cta3-actions-no themestek-cta3-without-desc\"><div class=\"themestek-vc_cta3_content-container\"><div class=\"themestek-vc_cta3-content\"><div class=\"themestek-vc_cta3-content-header themestek-wrap\"><div class=\"themestek-vc_cta3-headers themestek-wrap-cell\"><h4 class=\"themestek-custom-heading \" >Foro Iberoamericano<\/h4>\n<h2 class=\"themestek-custom-heading \" >X. Encuentro de Coordinaci\u00f3n Presupuestar\u00eda y Fiscal 2023<\/h2>\n<\/div><\/div><\/div><\/div><\/div><\/section><\/div> <!-- .themestek-element-heading-wrapper container --> [vc_single_image image=\u00bb642&#8243; img_size=\u00bbfull\u00bb][vc_row_inner][vc_column_inner width=\u00bb1\/3&#8243;][\/vc_column_inner][vc_column_inner width=\u00bb1\/3&#8243;][vc_single_image image=\u00bb1288&#8243; img_size=\u00bb80&#215;80&#8243; alignment=\u00bbright\u00bb][\/vc_column_inner][vc_column_inner width=\u00bb1\/3&#8243;]<div class=\"themestek-element-heading-wrapper themestek-heading-inner themestek-element-align-left themestek-seperator-none  vc_custom_1679518688352\"><section class=\"themestek-vc_cta3-container\"><div class=\"themestek-vc_general themestek-vc_cta3 themestek-cta3-only themestek-vc_cta3-style-classic themestek-vc_cta3-shape-rounded themestek-vc_cta3-align-left themestek-vc_cta3-color-transparent themestek-vc_cta3-icon-size-md themestek-vc_cta3-actions-no themestek-cta3-without-desc\"><div class=\"themestek-vc_cta3_content-container\"><div class=\"themestek-vc_cta3-content\"><div class=\"themestek-vc_cta3-content-header themestek-wrap\"><div class=\"themestek-vc_cta3-headers themestek-wrap-cell\"><h4 class=\"themestek-custom-heading \" >Sede<\/h4>\n<h2 style=\"font-size:1.5em;\" class=\"themestek-custom-heading \" >M\u00e9xico - Jalisco<\/h2>\n<\/div><\/div><\/div><\/div><\/div><\/section><\/div> <!-- .themestek-element-heading-wrapper container --> [\/vc_column_inner][\/vc_row_inner][\/vc_column][\/vc_row][vc_row themestek_responsive_css=\u00bb11903985|colbreak_no|||||||||colbreak_no|||||||||colbreak_no||||||||||colbreak_no|||||||||\u00bb][vc_column][vc_row_inner][vc_column_inner][\/vc_column_inner][\/vc_row_inner][vc_tta_tabs style=\u00bbmodern\u00bb gap=\u00bb5&#8243; active_section=\u00bb1&#8243; el_class=\u00bbtabsenc\u00bb][vc_tta_section title=\u00bbAgenda\u00bb tab_id=\u00bbagenda\u00bb][vc_row_inner equal_height=\u00bbyes\u00bb][vc_column_inner width=\u00bb1\/2&#8243;]<h5 style=\"text-align:left;\" class=\"themestek-custom-heading \" >TEMA \/ ACTIVIDAD<\/h5>\n[\/vc_column_inner][vc_column_inner width=\u00bb1\/2&#8243;]<h5 style=\"text-align:left;\" class=\"themestek-custom-heading \" >PONENTES<\/h5>\n[\/vc_column_inner][\/vc_row_inner][vc_row_inner][vc_column_inner][vc_text_separator title=\u00bbSESI\u00d3N INAGURAL\u00bb css=\u00bb.vc_custom_1688420610137{margin-top: 30px !important;margin-bottom: 30px !important;}\u00bb][\/vc_column_inner][\/vc_row_inner][vc_row_inner equal_height=\u00bbyes\u00bb][vc_column_inner width=\u00bb1\/2&#8243;]<h6 style=\"text-align:left;\" class=\"themestek-custom-heading \" >MENSAJE DE BIENVENIDA DEL DIRECTOR GENERAL DEL INSTITUTO PARA EL DESARROLLO T\u00c9CNICO DE LAS HACIENDAS P\u00daBLICAS (INDETEC)<\/h6>\n[\/vc_column_inner][vc_column_inner width=\u00bb1\/2&#8243;]<ul class=\"themestek-list themestek-list-style-icon themestek-list-icon-color-skincolor themestek- themestek-icon-skincolor themestek-list-textsize- themestek-list-icon-library-fontawesome\"><li><i class=\"themestek-skincolor fa fa-caret-right\"><\/i>  <span class=\"themestek-list-li-content\">MTRO. CARLOS GARC\u00cdA LEPE<\/span><\/li><\/ul>[\/vc_column_inner][\/vc_row_inner][vc_row_inner equal_height=\u00bbyes\u00bb][vc_column_inner width=\u00bb1\/2&#8243;]<h6 style=\"text-align:left;\" class=\"themestek-custom-heading \" >MENSAJE DE LA SECRETAR\u00cdA DE HACIENDA Y CR\u00c9DITO P\u00daBLICO<\/h6>\n[\/vc_column_inner][vc_column_inner width=\u00bb1\/2&#8243;]<ul class=\"themestek-list themestek-list-style-icon themestek-list-icon-color-skincolor themestek- themestek-icon-skincolor themestek-list-textsize- themestek-list-icon-library-fontawesome\"><li><i class=\"themestek-skincolor fa fa-caret-right\"><\/i>  <span class=\"themestek-list-li-content\">MTRO. ALAN CARBAJAL Z\u00da\u00d1IGA, DIRECTOR GENERAL DE TRANSFERENCIAS FEDERALES DE LA UNIDAD DE COORDINACI\u00d3N CON ENTIDADES FEDERATIVAS <\/span><\/li><\/ul>[\/vc_column_inner][\/vc_row_inner][vc_row_inner equal_height=\u00bbyes\u00bb][vc_column_inner width=\u00bb1\/2&#8243;]<h6 style=\"text-align:left;\" class=\"themestek-custom-heading \" >INTRODUCCI\u00d3N AL X FORO IBEROAMERICANO DE COORDINACI\u00d3N PRESUPUESTARIA, FINANCIERA Y FISCAL INTERGUBERNAMENTAL POR PARTE DE SU PRESIDENTA<\/h6>\n[\/vc_column_inner][vc_column_inner width=\u00bb1\/2&#8243;]<ul class=\"themestek-list themestek-list-style-icon themestek-list-icon-color-skincolor themestek- themestek-icon-skincolor themestek-list-textsize- themestek-list-icon-library-fontawesome\"><li><i class=\"themestek-skincolor fa fa-caret-right\"><\/i>  <span class=\"themestek-list-li-content\">DR. CELIA MARIA SILVA CARVALHO, PRESIDENTA DEL FORO IBEROAMERICANO DE COORDINACI\u00d3N PRESUPUESTARIA, FINANCIERA Y FISCAL INTERGUBERNMENTAL Y VICE-PRESIDENTA DEL GEFIN.  BRASIL \n<\/span><\/li><\/ul>[\/vc_column_inner][\/vc_row_inner][vc_row_inner equal_height=\u00bbyes\u00bb][vc_column_inner width=\u00bb1\/2&#8243;]<h6 style=\"text-align:left;\" class=\"themestek-custom-heading \" >MENSAJE DEL SECRETARIO DE LA HACIENDA P\u00daBLICA DEL ESTADO DE JALISCO<\/h6>\n[\/vc_column_inner][vc_column_inner width=\u00bb1\/2&#8243;]<ul class=\"themestek-list themestek-list-style-icon themestek-list-icon-color-skincolor themestek- themestek-icon-skincolor themestek-list-textsize- themestek-list-icon-library-fontawesome\"><li><i class=\"themestek-skincolor fa fa-caret-right\"><\/i>  <span class=\"themestek-list-li-content\">C.P.C. JUAN PARTIDA MORALES<\/span><\/li><\/ul>[\/vc_column_inner][\/vc_row_inner][vc_row_inner equal_height=\u00bbyes\u00bb][vc_column_inner width=\u00bb1\/2&#8243;]<h6 style=\"text-align:left;\" class=\"themestek-custom-heading \" >MENSAJE E INAUGURACI\u00d3N<\/h6>\n[\/vc_column_inner][vc_column_inner width=\u00bb1\/2&#8243;]<ul class=\"themestek-list themestek-list-style-icon themestek-list-icon-color-skincolor themestek- themestek-icon-skincolor themestek-list-textsize- themestek-list-icon-library-fontawesome\"><li><i class=\"themestek-skincolor fa fa-caret-right\"><\/i>  <span class=\"themestek-list-li-content\">MTRO. LUIS GARC\u00cdA SOTELO, TESORERO DEL MUNICIPIO DE GUADALAJARA, JALISCO CON LA REPRESENTACI\u00d3N DEL MTRO. \nJES\u00daS PABLO LEMUS NAVARRO, PRESIDENTE MUNICIPAL DE GUADALAJARA, JALISCO \n<\/span><\/li><\/ul>[\/vc_column_inner][\/vc_row_inner][vc_row_inner equal_height=\u00bbyes\u00bb][vc_column_inner width=\u00bb1\/2&#8243;]<h6 style=\"text-align:left;\" class=\"themestek-custom-heading \" ><\/h6>\n[\/vc_column_inner][vc_column_inner width=\u00bb1\/2&#8243;]<ul class=\"themestek-list themestek-list-style-icon themestek-list-icon-color-skincolor themestek- themestek-icon-skincolor themestek-list-textsize- themestek-list-icon-library-fontawesome\"><\/ul>[\/vc_column_inner][\/vc_row_inner][vc_row_inner equal_height=\u00bbyes\u00bb][vc_column_inner width=\u00bb1\/2&#8243;]<h6 style=\"text-align:left;\" class=\"themestek-custom-heading \" ><\/h6>\n[\/vc_column_inner][vc_column_inner width=\u00bb1\/2&#8243;]<ul class=\"themestek-list themestek-list-style-icon themestek-list-icon-color-skincolor themestek- themestek-icon-skincolor themestek-list-textsize- themestek-list-icon-library-fontawesome\"><\/ul>[\/vc_column_inner][\/vc_row_inner][vc_row_inner][vc_column_inner][vc_text_separator title=\u00bbEJE TEM\u00c1TICO 1: SITUACI\u00d3N MACROECON\u00d3MICA Y FISCAL INTERNACIONAL Y REGIONAL\u00bb css=\u00bb.vc_custom_1688480489316{margin-top: 30px !important;margin-bottom: 30px !important;}\u00bb][\/vc_column_inner][\/vc_row_inner][vc_row_inner equal_height=\u00bbyes\u00bb][vc_column_inner width=\u00bb1\/2&#8243;]<h6 style=\"text-align:left;\" class=\"themestek-custom-heading \" >MODERADOR<\/h6>\n[\/vc_column_inner][vc_column_inner width=\u00bb1\/2&#8243;]<ul class=\"themestek-list themestek-list-style-icon themestek-list-icon-color-skincolor themestek- themestek-icon-skincolor themestek-list-textsize- themestek-list-icon-library-fontawesome\"><li><i class=\"themestek-skincolor fa fa-caret-right\"><\/i>  <span class=\"themestek-list-li-content\">DR. RAM\u00d3N CASTA\u00d1EDA ORTEGA, DIRECTOR ESPECIAL DE ATENCI\u00d3N A LOS ORGANISMOS DEL SISTEMA NACIONAL DE COORDINACI\u00d3N FISCAL DE INDETEC<\/span><\/li><\/ul>[\/vc_column_inner][\/vc_row_inner][vc_row_inner equal_height=\u00bbyes\u00bb][vc_column_inner width=\u00bb1\/2&#8243;]<h6 style=\"text-align:left;\" class=\"themestek-custom-heading \" >MARCO MACROECON\u00d3MICO Y FISCAL INTERNACIONAL (VIRTUAL)<\/h6>\n[\/vc_column_inner][vc_column_inner width=\u00bb1\/2&#8243;]<ul class=\"themestek-list themestek-list-style-icon themestek-list-icon-color-skincolor themestek- themestek-icon-skincolor themestek-list-textsize- themestek-list-icon-library-fontawesome\"><li><i class=\"themestek-skincolor fa fa-caret-right\"><\/i>  <span class=\"themestek-list-li-content\">ALBERTO GONZ\u00c1LEZ PANDIELLA, ECONOMISTA SENIOR PARA M\u00c9XICO  DEPARTAMENTO DE ECONOM\u00cdA DE LA  ORGANIZACI\u00d3N PARA LA COOPERACI\u00d3N Y EL  DESARROLLO ECON\u00d3MICOS (OCDE) <\/span><\/li><\/ul>[\/vc_column_inner][\/vc_row_inner][vc_row_inner equal_height=\u00bbyes\u00bb][vc_column_inner width=\u00bb1\/2&#8243;]<h6 style=\"text-align:left;\" class=\"themestek-custom-heading \" >DESAF\u00cdOS MACROECON\u00d3MICOS Y FISCALES PARA AM\u00c9RICA LATINA<\/h6>\n[\/vc_column_inner][vc_column_inner width=\u00bb1\/2&#8243;]<ul class=\"themestek-list themestek-list-style-icon themestek-list-icon-color-skincolor themestek- themestek-icon-skincolor themestek-list-textsize- themestek-list-icon-library-fontawesome\"><li><i class=\"themestek-skincolor fa fa-caret-right\"><\/i>  <span class=\"themestek-list-li-content\">JESSICA CHAMORRO MONTES, ESPECIALISTA EN LA DIVISI\u00d3N DE GESTI\u00d3N FISCAL DEL BANCO INTERAMERICANO DE DESARROLLO (BID)\n<\/span><\/li><\/ul>[\/vc_column_inner][\/vc_row_inner][vc_row_inner equal_height=\u00bbyes\u00bb][vc_column_inner width=\u00bb1\/2&#8243;]<h6 style=\"text-align:left;\" class=\"themestek-custom-heading \" >DESAF\u00cdOS MACROECON\u00d3MICOS Y FISCALES PARA BRASIL Y SUS CONSECUENCIAS PARA LOS ESTADOS Y MUNICIPIOS<\/h6>\n[\/vc_column_inner][vc_column_inner width=\u00bb1\/2&#8243;]<ul class=\"themestek-list themestek-list-style-icon themestek-list-icon-color-skincolor themestek- themestek-icon-skincolor themestek-list-textsize- themestek-list-icon-library-fontawesome\"><li><i class=\"themestek-skincolor fa fa-caret-right\"><\/i>  <span class=\"themestek-list-li-content\">DR. ITANIELSON DANTAS SILVEIRA CRUZ SECRETARIO ADJUNTO DE FINANZAS DE RS\n<\/span><\/li><\/ul>[\/vc_column_inner][\/vc_row_inner][vc_row_inner][vc_column_inner][vc_text_separator title=\u00bbEJE TEM\u00c1TICO 2: ACUERDOS INTERGUBERNAMENTALES Y REGLAS FISCALES\u00bb css=\u00bb.vc_custom_1688480745606{margin-top: 30px !important;margin-bottom: 30px !important;}\u00bb][\/vc_column_inner][\/vc_row_inner][vc_row_inner equal_height=\u00bbyes\u00bb][vc_column_inner width=\u00bb1\/2&#8243;]<h6 style=\"text-align:left;\" class=\"themestek-custom-heading \" >MODERADORA<\/h6>\n[\/vc_column_inner][vc_column_inner width=\u00bb1\/2&#8243;]<ul class=\"themestek-list themestek-list-style-icon themestek-list-icon-color-skincolor themestek- themestek-icon-skincolor themestek-list-textsize- themestek-list-icon-library-fontawesome\"><li><i class=\"themestek-skincolor fa fa-caret-right\"><\/i>  <span class=\"themestek-list-li-content\">LIC. REBECA ELIZALDE HERN\u00c1NDEZ, DIRECTORA GENERAL DE INGRESOS COORDINADOS DE LA SECRETAR\u00cdA DE LA HACIENDA P\u00daBLICA DEL ESTADO DE JALISCO<\/span><\/li><\/ul>[\/vc_column_inner][\/vc_row_inner][vc_row_inner equal_height=\u00bbyes\u00bb][vc_column_inner width=\u00bb1\/2&#8243;]<h6 style=\"text-align:left;\" class=\"themestek-custom-heading \" >LOGROS Y DESAF\u00cdOS DEL MARCO FISCAL DE LOS GOBIERNOS SUBNACIONALES (VIRTUAL)<\/h6>\n[\/vc_column_inner][vc_column_inner width=\u00bb1\/2&#8243;]<ul class=\"themestek-list themestek-list-style-icon themestek-list-icon-color-skincolor themestek- themestek-icon-skincolor themestek-list-textsize- themestek-list-icon-library-fontawesome\"><li><i class=\"themestek-skincolor fa fa-caret-right\"><\/i>  <span class=\"themestek-list-li-content\">GONZALO NEYRA ARAOZ, DIRECTOR DE POL\u00cdTICA DE CENTRALIZACI\u00d3N FISCAL DEL MINISTERIO DE ECONOM\u00cdA Y FINANZAS PER\u00da<\/span><\/li><\/ul>[\/vc_column_inner][\/vc_row_inner][vc_row_inner equal_height=\u00bbyes\u00bb][vc_column_inner width=\u00bb1\/2&#8243;]<h6 style=\"text-align:left;\" class=\"themestek-custom-heading \" >\u00bfREGLAS FISCALES? COMO EVITAR IMPACTOS DA\u00d1INOS EN EL DESARROLLO SUBNACIONAL<\/h6>\n[\/vc_column_inner][vc_column_inner width=\u00bb1\/2&#8243;]<ul class=\"themestek-list themestek-list-style-icon themestek-list-icon-color-skincolor themestek- themestek-icon-skincolor themestek-list-textsize- themestek-list-icon-library-fontawesome\"><li><i class=\"themestek-skincolor fa fa-caret-right\"><\/i>  <span class=\"themestek-list-li-content\">PEDRO APEZTEGU\u00cdA, CONSEJO DEL CONGRESO DE INTENDENTES DE LA REP\u00daBLICA ORIENTAL DEL URUGUAY \n<\/span><\/li><\/ul>[\/vc_column_inner][\/vc_row_inner][vc_row_inner equal_height=\u00bbyes\u00bb][vc_column_inner width=\u00bb1\/2&#8243;]<h6 style=\"text-align:left;\" class=\"themestek-custom-heading \" >TEMAS ESTRAT\u00c9GICOS PARA ALCANZAR LA DISCIPLINA FINANCIERA ESTATAL Y MUNICIPAL<\/h6>\n[\/vc_column_inner][vc_column_inner width=\u00bb1\/2&#8243;]<ul class=\"themestek-list themestek-list-style-icon themestek-list-icon-color-skincolor themestek- themestek-icon-skincolor themestek-list-textsize- themestek-list-icon-library-fontawesome\"><li><i class=\"themestek-skincolor fa fa-caret-right\"><\/i>  <span class=\"themestek-list-li-content\">MTRO. C\u00c9SAR BOJ\u00d3RQUEZ LE\u00d3N, DIRECTOR DE DISCIPLINA FINANCIERA INDETEC M\u00c9XICO<\/span><\/li><\/ul>[\/vc_column_inner][\/vc_row_inner][vc_row_inner equal_height=\u00bbyes\u00bb][vc_column_inner width=\u00bb1\/2&#8243;]<h6 style=\"text-align:left;\" class=\"themestek-custom-heading \" >REGLAS FISCALES A NIVEL PROVINCIAL Y MUNICIPAL EN ARGENTINA<\/h6>\n[\/vc_column_inner][vc_column_inner width=\u00bb1\/2&#8243;]<ul class=\"themestek-list themestek-list-style-icon themestek-list-icon-color-skincolor themestek- themestek-icon-skincolor themestek-list-textsize- themestek-list-icon-library-fontawesome\"><li><i class=\"themestek-skincolor fa fa-caret-right\"><\/i>  <span class=\"themestek-list-li-content\">STELLA RODR\u00cdGUEZ SUBSECRETAR\u00cdA DE HACIENDA DE LA PROVINCIA DE SANTA F\u00c9 ARGENTINA<\/span><\/li><\/ul>[\/vc_column_inner][\/vc_row_inner][vc_row_inner][vc_column_inner][vc_text_separator title=\u00bbEJE TEM\u00c1TICO 3: FINANZAS SUBNACIONALES Y ENDEUDAMIENTO P\u00daBLICO\u00bb css=\u00bb.vc_custom_1688481044042{margin-top: 30px !important;margin-bottom: 30px !important;}\u00bb][\/vc_column_inner][\/vc_row_inner][vc_row_inner equal_height=\u00bbyes\u00bb][vc_column_inner width=\u00bb1\/2&#8243;]<h6 style=\"text-align:left;\" class=\"themestek-custom-heading \" >MODERADOR<\/h6>\n[\/vc_column_inner][vc_column_inner width=\u00bb1\/2&#8243;]<ul class=\"themestek-list themestek-list-style-icon themestek-list-icon-color-skincolor themestek- themestek-icon-skincolor themestek-list-textsize- themestek-list-icon-library-fontawesome\"><li><i class=\"themestek-skincolor fa fa-caret-right\"><\/i>  <span class=\"themestek-list-li-content\">D. \u00c1LVARO DEL BLANCO, VOCAL ASESOR DE DERECHO FINANCIERO Y TRIBUTARIO EN EL INSTITUTO DE ESTUDIOS FISCALES DE ESPA\u00d1A<\/span><\/li><\/ul>[\/vc_column_inner][\/vc_row_inner][vc_row_inner equal_height=\u00bbyes\u00bb][vc_column_inner width=\u00bb1\/2&#8243;]<h6 style=\"text-align:left;\" class=\"themestek-custom-heading \" >SOSTENIBILIDAD FISCAL EN EL ESTADO DE MINAS GERAIS<\/h6>\n[\/vc_column_inner][vc_column_inner width=\u00bb1\/2&#8243;]<ul class=\"themestek-list themestek-list-style-icon themestek-list-icon-color-skincolor themestek- themestek-icon-skincolor themestek-list-textsize- themestek-list-icon-library-fontawesome\"><li><i class=\"themestek-skincolor fa fa-caret-right\"><\/i>  <span class=\"themestek-list-li-content\">DR. GUSTAVO DE OLIVEIRA BARBOSA, SECRETARIO DE FINANZAS DE MINAS GERAIS BRASIL<\/span><\/li><\/ul>[\/vc_column_inner][\/vc_row_inner][vc_row_inner equal_height=\u00bbyes\u00bb][vc_column_inner width=\u00bb1\/2&#8243;]<h6 style=\"text-align:left;\" class=\"themestek-custom-heading \" >AVANCES, DESAF\u00cdOS Y OPORTUNIDADES DE LA GESTI\u00d3N FINANCIERA P\u00daBLICA EN LOS GOBIERNOS<\/h6>\n[\/vc_column_inner][vc_column_inner width=\u00bb1\/2&#8243;]<ul class=\"themestek-list themestek-list-style-icon themestek-list-icon-color-skincolor themestek- themestek-icon-skincolor themestek-list-textsize- themestek-list-icon-library-fontawesome\"><li><i class=\"themestek-skincolor fa fa-caret-right\"><\/i>  <span class=\"themestek-list-li-content\">N\u00c9STOR URREA DUQUE, DIRECTOR GENERAL DE APOYO FISCAL, MINISTERIO DE HACIENDA Y CR\u00c9DITO P\u00daBLICO COLOMBIA<\/span><\/li><\/ul>[\/vc_column_inner][\/vc_row_inner][vc_row_inner equal_height=\u00bbyes\u00bb][vc_column_inner width=\u00bb1\/2&#8243;]<h6 style=\"text-align:left;\" class=\"themestek-custom-heading \" >ORDENAMIENTO FISCAL PARA EL DESARROLLO DE LA PROVINCIA DE SANTA F\u00c9<\/h6>\n[\/vc_column_inner][vc_column_inner width=\u00bb1\/2&#8243;]<ul class=\"themestek-list themestek-list-style-icon themestek-list-icon-color-skincolor themestek- themestek-icon-skincolor themestek-list-textsize- themestek-list-icon-library-fontawesome\"><li><i class=\"themestek-skincolor fa fa-caret-right\"><\/i>  <span class=\"themestek-list-li-content\">STELLA RODR\u00cdGUEZ, SUBSECRETAR\u00cdA DE HACIENDA DE LA PROVINCIA DE SANTA F\u00c9 ARGENTINA \n\n<\/span><\/li><\/ul>[\/vc_column_inner][\/vc_row_inner][vc_row_inner equal_height=\u00bbyes\u00bb][vc_column_inner width=\u00bb1\/2&#8243;]<h6 style=\"text-align:left;\" class=\"themestek-custom-heading \" >FINANZAS P\u00daBLICAS EN BOLIVIA, AVANCES Y OPORTUNIDADES<\/h6>\n[\/vc_column_inner][vc_column_inner width=\u00bb1\/2&#8243;]<ul class=\"themestek-list themestek-list-style-icon themestek-list-icon-color-skincolor themestek- themestek-icon-skincolor themestek-list-textsize- themestek-list-icon-library-fontawesome\"><li><i class=\"themestek-skincolor fa fa-caret-right\"><\/i>  <span class=\"themestek-list-li-content\">GROVER IV\u00c1N TAPIA ALC\u00c1ZAR, FUNCIONARIO DEL MINISTERIO DE ECONOM\u00cdA Y FINANZAS P\u00daBLICAS BOLIVIA<\/span><\/li><\/ul>[\/vc_column_inner][\/vc_row_inner][vc_row_inner][vc_column_inner][vc_text_separator title=\u00bbEJE TEM\u00c1TICO 4: ADMINISTRACI\u00d3N FINANCIERA Y CALIDAD DEL GASTO\u00bb css=\u00bb.vc_custom_1688481408092{margin-top: 30px !important;margin-bottom: 30px !important;}\u00bb][\/vc_column_inner][\/vc_row_inner][vc_row_inner equal_height=\u00bbyes\u00bb][vc_column_inner width=\u00bb1\/2&#8243;]<h6 style=\"text-align:left;\" class=\"themestek-custom-heading \" >MODERADOR<\/h6>\n[\/vc_column_inner][vc_column_inner width=\u00bb1\/2&#8243;]<ul class=\"themestek-list themestek-list-style-icon themestek-list-icon-color-skincolor themestek- themestek-icon-skincolor themestek-list-textsize- themestek-list-icon-library-fontawesome\"><li><i class=\"themestek-skincolor fa fa-caret-right\"><\/i>  <span class=\"themestek-list-li-content\">MTRO. ADRI\u00c1N C\u00c9SAR CENTURI\u00d3N, DIRECTOR NACIONAL DE ASUNTOS PROVINCIALES, MINISTERIO DE ECONOM\u00cdA, SECRETAR\u00cdA DE HACIENDA, REP\u00daBLICA DE ARGENTINA.<\/span><\/li><\/ul>[\/vc_column_inner][\/vc_row_inner][vc_row_inner equal_height=\u00bbyes\u00bb][vc_column_inner width=\u00bb1\/2&#8243;]<h6 style=\"text-align:left;\" class=\"themestek-custom-heading \" >LA IMPORTANCIA DE LOS ODS EN LA CALIDAD DEL GASTO P\u00daBLICO<\/h6>\n[\/vc_column_inner][vc_column_inner width=\u00bb1\/2&#8243;]<ul class=\"themestek-list themestek-list-style-icon themestek-list-icon-color-skincolor themestek- themestek-icon-skincolor themestek-list-textsize- themestek-list-icon-library-fontawesome\"><li><i class=\"themestek-skincolor fa fa-caret-right\"><\/i>  <span class=\"themestek-list-li-content\">CRISTINA RUIZ, PRESIDENTA DEL FORO PERMANENTE DE DIRECCIONES DE PRESUPUESTO Y FINANZAS DE LA REP\u00daBLICA DE ARGENTINA<\/span><\/li><\/ul>[\/vc_column_inner][\/vc_row_inner][vc_row_inner equal_height=\u00bbyes\u00bb][vc_column_inner width=\u00bb1\/2&#8243;]<h6 style=\"text-align:left;\" class=\"themestek-custom-heading \" >PRESUPUESTO CON BASE EN RESULTADOS EN JALISCO<\/h6>\n[\/vc_column_inner][vc_column_inner width=\u00bb1\/2&#8243;]<ul class=\"themestek-list themestek-list-style-icon themestek-list-icon-color-skincolor themestek- themestek-icon-skincolor themestek-list-textsize- themestek-list-icon-library-fontawesome\"><li><i class=\"themestek-skincolor fa fa-caret-right\"><\/i>  <span class=\"themestek-list-li-content\">JUAN PARTIDA MORALES SECRETARIO DE LA HACIENDA P\u00daBLICA DEL GOBIERNO DEL ESTADO DE JALISCO. M\u00c9XICO<\/span><\/li><\/ul>[\/vc_column_inner][\/vc_row_inner][vc_row_inner equal_height=\u00bbyes\u00bb][vc_column_inner width=\u00bb1\/2&#8243;]<h6 style=\"text-align:left;\" class=\"themestek-custom-heading \" >CALIDAD DEL GASTO P\u00daBLICO: INDICADOR SINT\u00c9TICO SUBNACIONAL<\/h6>\n[\/vc_column_inner][vc_column_inner width=\u00bb1\/2&#8243;]<ul class=\"themestek-list themestek-list-style-icon themestek-list-icon-color-skincolor themestek- themestek-icon-skincolor themestek-list-textsize- themestek-list-icon-library-fontawesome\"><li><i class=\"themestek-skincolor fa fa-caret-right\"><\/i>  <span class=\"themestek-list-li-content\">DRA. LUZ ELVIA RASC\u00d3N MANQUERO, DIRECTORA DE GASTO P\u00daBLICO Y PBR-SED INSTITUTO PARA EL DESARROLLO T\u00c9CNICO DE LAS HACIENDAS P\u00daBLICAS M\u00c9XICO<\/span><\/li><\/ul>[\/vc_column_inner][\/vc_row_inner][vc_row_inner equal_height=\u00bbyes\u00bb][vc_column_inner width=\u00bb1\/2&#8243;]<h6 style=\"text-align:left;\" class=\"themestek-custom-heading \" >ADMINISTRACI\u00d3N FINANCIERA Y CALIDAD DEL GASTO CASO DE PARAGUAY<\/h6>\n[\/vc_column_inner][vc_column_inner width=\u00bb1\/2&#8243;]<ul class=\"themestek-list themestek-list-style-icon themestek-list-icon-color-skincolor themestek- themestek-icon-skincolor themestek-list-textsize- themestek-list-icon-library-fontawesome\"><li><i class=\"themestek-skincolor fa fa-caret-right\"><\/i>  <span class=\"themestek-list-li-content\">MAR\u00cdA MERCEDES MART\u00cdNEZ, DIRECTORA DE LA UNIDAD DE DEPARTAMENTOS Y MUNICIPIOS (UDM) PARAGUAY<\/span><\/li><\/ul>[\/vc_column_inner][\/vc_row_inner][vc_row_inner][vc_column_inner][vc_text_separator title=\u00bbEJE TEM\u00c1TICO 5: COORDINACI\u00d3N PRESUPUESTARIA Y FISCAL INTERGUBERNAMENTAL\u00bb css=\u00bb.vc_custom_1688481948392{margin-top: 30px !important;margin-bottom: 30px !important;}\u00bb][\/vc_column_inner][\/vc_row_inner][vc_row_inner equal_height=\u00bbyes\u00bb][vc_column_inner width=\u00bb1\/2&#8243;]<h6 style=\"text-align:left;\" class=\"themestek-custom-heading \" >MODERADOR<\/h6>\n[\/vc_column_inner][vc_column_inner width=\u00bb1\/2&#8243;]<ul class=\"themestek-list themestek-list-style-icon themestek-list-icon-color-skincolor themestek- themestek-icon-skincolor themestek-list-textsize- themestek-list-icon-library-fontawesome\"><li><i class=\"themestek-skincolor fa fa-caret-right\"><\/i>  <span class=\"themestek-list-li-content\">MTRO. LUIS GARC\u00cdA SOTELO, TESORERO DEL H. AYUNTAMIENTO DEL MUNICIPIO DE GUADALAJARA, JALISCO<\/span><\/li><\/ul>[\/vc_column_inner][\/vc_row_inner][vc_row_inner equal_height=\u00bbyes\u00bb][vc_column_inner width=\u00bb1\/2&#8243;]<h6 style=\"text-align:left;\" class=\"themestek-custom-heading \" >FORTALECIMIENTO DE LOS INGRESOS LOCALES EN QUINTANA ROO<\/h6>\n[\/vc_column_inner][vc_column_inner width=\u00bb1\/2&#8243;]<ul class=\"themestek-list themestek-list-style-icon themestek-list-icon-color-skincolor themestek- themestek-icon-skincolor themestek-list-textsize- themestek-list-icon-library-fontawesome\"><li><i class=\"themestek-skincolor fa fa-caret-right\"><\/i>  <span class=\"themestek-list-li-content\">LIC. EUGENIO SEGURA V\u00c1ZQUEZ, SECRETARIO DE FINANZAS Y PLANEACI\u00d3N DEL ESTADO DE QUINTANA ROO<\/span><\/li><\/ul>[\/vc_column_inner][\/vc_row_inner][vc_row_inner equal_height=\u00bbyes\u00bb][vc_column_inner width=\u00bb1\/2&#8243;]<h6 style=\"text-align:left;\" class=\"themestek-custom-heading \" >MODERNIZACI\u00d3N FINANCIERA EN GUANAJUATO<\/h6>\n[\/vc_column_inner][vc_column_inner width=\u00bb1\/2&#8243;]<ul class=\"themestek-list themestek-list-style-icon themestek-list-icon-color-skincolor themestek- themestek-icon-skincolor themestek-list-textsize- themestek-list-icon-library-fontawesome\"><li><i class=\"themestek-skincolor fa fa-caret-right\"><\/i>  <span class=\"themestek-list-li-content\">DR. H\u00c9CTOR SALGADO BANDA SECRETARIO DE FINANZAS, INVERSI\u00d3N Y ADMINISTRACI\u00d3N DEL ESTADO DE GUANAJUATO<\/span><\/li><\/ul>[\/vc_column_inner][\/vc_row_inner][vc_row_inner equal_height=\u00bbyes\u00bb][vc_column_inner width=\u00bb1\/2&#8243;]<h6 style=\"text-align:left;\" class=\"themestek-custom-heading \" >TRIBUTACI\u00d3N SUBNACIONAL EN M\u00c9XICO: AN\u00c1LISIS DE LA SITUACI\u00d3N ACTUAL Y RECOMENDACIONES DE POL\u00cdTICA<\/h6>\n[\/vc_column_inner][vc_column_inner width=\u00bb1\/2&#8243;]<ul class=\"themestek-list themestek-list-style-icon themestek-list-icon-color-skincolor themestek- themestek-icon-skincolor themestek-list-textsize- themestek-list-icon-library-fontawesome\"><li><i class=\"themestek-skincolor fa fa-caret-right\"><\/i>  <span class=\"themestek-list-li-content\">MTRO. GUILLERMO PEREDO. INVESTIGADOR EN TEMAS DE HACIENDA P\u00daBLICA\n<\/span><\/li><\/ul>[\/vc_column_inner][\/vc_row_inner][vc_row_inner equal_height=\u00bbyes\u00bb][vc_column_inner width=\u00bb1\/2&#8243;]<h6 style=\"text-align:left;\" class=\"themestek-custom-heading \" >FORTALECIMIENTO DE LOS INGRESOS PROPIOS EN EL ESTADO DE PAR\u00c1 MEDIANTE LA MODERNIZACI\u00d3N DE LA ACCI\u00d3N TRIBUTARIA: REDES TRIBUTARIAS, RECAUDACI\u00d3N Y AUTORREGULACI\u00d3N<\/h6>\n[\/vc_column_inner][vc_column_inner width=\u00bb1\/2&#8243;]<ul class=\"themestek-list themestek-list-style-icon themestek-list-icon-color-skincolor themestek- themestek-icon-skincolor themestek-list-textsize- themestek-list-icon-library-fontawesome\"><li><i class=\"themestek-skincolor fa fa-caret-right\"><\/i>  <span class=\"themestek-list-li-content\">DR. REN\u00c9 DE OLIVEIRA Y SOUSA JUNIOR. SECRETARIO DE FINANZAS DEL ESTADO DE PAR\u00c1, BRASIL Y REPRESENTANTE DE COMSEFAZ- COMIT\u00c9 NACIONAL DE LOS SECRETARIOS DE FINANZAS DE BRASIL<\/span><\/li><\/ul>[\/vc_column_inner][\/vc_row_inner][vc_row_inner][vc_column_inner][vc_text_separator title=\u00bbCONFERENCIAS MAGISTRALES\u00bb css=\u00bb.vc_custom_1688482204178{margin-top: 30px !important;margin-bottom: 30px !important;}\u00bb][\/vc_column_inner][\/vc_row_inner][vc_row_inner equal_height=\u00bbyes\u00bb][vc_column_inner width=\u00bb1\/2&#8243;]<h6 style=\"text-align:left;\" class=\"themestek-custom-heading \" >ESTRATEGIAS DE POL\u00cdTICA HACENDARIA MEXICANA<\/h6>\n[\/vc_column_inner][vc_column_inner width=\u00bb1\/2&#8243;]<ul class=\"themestek-list themestek-list-style-icon themestek-list-icon-color-skincolor themestek- themestek-icon-skincolor themestek-list-textsize- themestek-list-icon-library-fontawesome\"><li><i class=\"themestek-skincolor fa fa-caret-right\"><\/i>  <span class=\"themestek-list-li-content\">MTRO. RODRIGO MARISCAL PAREDES TITULAR DE LA UNIDAD DE PLANEACI\u00d3N ECON\u00d3MICA DE LA HACIENDA P\u00daBLICA DE LA SHCP DE M\u00c9XICO\n<\/span><\/li><\/ul>[\/vc_column_inner][\/vc_row_inner][vc_row_inner equal_height=\u00bbyes\u00bb][vc_column_inner width=\u00bb1\/2&#8243;]<h6 style=\"text-align:left;\" class=\"themestek-custom-heading \" >LA FISCALIDAD AMBIENTAL PARA UN FUTURO SOSTENIBLE<\/h6>\n[\/vc_column_inner][vc_column_inner width=\u00bb1\/2&#8243;]<ul class=\"themestek-list themestek-list-style-icon themestek-list-icon-color-skincolor themestek- themestek-icon-skincolor themestek-list-textsize- themestek-list-icon-library-fontawesome\"><li><i class=\"themestek-skincolor fa fa-caret-right\"><\/i>  <span class=\"themestek-list-li-content\">D. \u00c1LVARO DEL BLANCO, VOCAL ASESOR DE DERECHO FINANCIERO Y TRIBUTARIO, INSTITUTO DE ESTUDIOS FISCALES DE ESPA\u00d1A\n<\/span><\/li><\/ul>[\/vc_column_inner][\/vc_row_inner][vc_row_inner equal_height=\u00bbyes\u00bb][vc_column_inner width=\u00bb1\/2&#8243;]<h6 style=\"text-align:left;\" class=\"themestek-custom-heading \" >REGLAS FISCALES. SITUACI\u00d3N Y PERSPECTIVAS EN EL CONTEXTO ACTUAL<\/h6>\n[\/vc_column_inner][vc_column_inner width=\u00bb1\/2&#8243;]<ul class=\"themestek-list themestek-list-style-icon themestek-list-icon-color-skincolor themestek- themestek-icon-skincolor themestek-list-textsize- themestek-list-icon-library-fontawesome\"><li><i class=\"themestek-skincolor fa fa-caret-right\"><\/i>  <span class=\"themestek-list-li-content\">DRA. CELIA MARIA SILVA CARVALHO PRESIDENTA DEL FORO IBEROAMERICANO DE COORDINACI\u00d3N PRESUPUESTARIA, FINANCIERA Y FISCAL INTERGUBERNAMENTAL Y VICE-PRESIDENTA DEL GEFIN. BRASIL<\/span><\/li><\/ul>[\/vc_column_inner][\/vc_row_inner][vc_row_inner equal_height=\u00bbyes\u00bb][vc_column_inner width=\u00bb1\/2&#8243;]<h6 style=\"text-align:left;\" class=\"themestek-custom-heading \" >SITUACI\u00d3N PRESUPUESTARIA Y FISCAL EN ARGENTINA (VIRTUAL)<\/h6>\n[\/vc_column_inner][vc_column_inner width=\u00bb1\/2&#8243;]<ul class=\"themestek-list themestek-list-style-icon themestek-list-icon-color-skincolor themestek- themestek-icon-skincolor themestek-list-textsize- themestek-list-icon-library-fontawesome\"><li><i class=\"themestek-skincolor fa fa-caret-right\"><\/i>  <span class=\"themestek-list-li-content\">LIC. RA\u00daL ENRIQUE RIGO, SECRETARIO DE HACIENDA MINISTERIO DE ECONOM\u00cdA  ARGENTINA\n<\/span><\/li><\/ul>[\/vc_column_inner][\/vc_row_inner][vc_row_inner equal_height=\u00bbyes\u00bb][vc_column_inner width=\u00bb1\/2&#8243;]<h6 style=\"text-align:left;\" class=\"themestek-custom-heading \" >DESAF\u00cdOS DE LA COORDINACI\u00d3N FISCAL INTERGUBERNAMENTAL EN ARGENTINA (VIRTUAL)<\/h6>\n[\/vc_column_inner][vc_column_inner width=\u00bb1\/2&#8243;]<ul class=\"themestek-list themestek-list-style-icon themestek-list-icon-color-skincolor themestek- themestek-icon-skincolor themestek-list-textsize- themestek-list-icon-library-fontawesome\"><li><i class=\"themestek-skincolor fa fa-caret-right\"><\/i>  <span class=\"themestek-list-li-content\">MARIANO FANTONI, SUBSECRETARIO DE COORDINACI\u00d3N FISCAL PROVINCIAL DEL MINISTERIO DE ECONOM\u00cdA DE ARGENTINA<\/span><\/li><\/ul>[\/vc_column_inner][\/vc_row_inner][vc_row_inner equal_height=\u00bbyes\u00bb][vc_column_inner width=\u00bb1\/2&#8243;]<h6 style=\"text-align:left;\" class=\"themestek-custom-heading \" ><\/h6>\n[\/vc_column_inner][vc_column_inner width=\u00bb1\/2&#8243;]<ul class=\"themestek-list themestek-list-style-icon themestek-list-icon-color-skincolor themestek- themestek-icon-skincolor themestek-list-textsize- themestek-list-icon-library-fontawesome\"><\/ul>[\/vc_column_inner][\/vc_row_inner][vc_row_inner][vc_column_inner][vc_text_separator title=\u00bbCIERRE DEL D\u00c9CIMO ENCUENTRO\u00bb css=\u00bb.vc_custom_1688482502798{margin-top: 30px !important;margin-bottom: 30px !important;}\u00bb][\/vc_column_inner][\/vc_row_inner][\/vc_tta_section][vc_tta_section title=\u00bbGaler\u00eda de Fotos\u00bb tab_id=\u00bbgaleria\u00bb][vc_row_inner][vc_column_inner][vc_media_grid style=\u00bbload-more\u00bb element_width=\u00bb3&#8243; item=\u00bbmasonryMedia_BorderedScale\u00bb btn_title=\u00bbVer m\u00e1s Fotograf\u00edas\u00bb grid_id=\u00bbvc_gid:1689093991803-6eee6d74-c9cc-0&#8243; include=\u00bb3395,3399,3392,3390,3393,3394,3396,3397,3398,3400,3401,3402,3403,3405,3404,3407,3406,3391,3459,3460,3461,3462,3463&#8243;][\/vc_column_inner][\/vc_row_inner][\/vc_tta_section][vc_tta_section title=\u00bbRepositorio\u00bb tab_id=\u00bb1678916180914-ed5359f6-1e9b\u00bb][vc_wp_custommenu nav_menu=\u00bb41&#8243; el_class=\u00bbmenu-encuentros\u00bb][\/vc_tta_section][\/vc_tta_tabs][\/vc_column][\/vc_row]<\/p>\n","protected":false},"excerpt":{"rendered":"<p>[vc_row][vc_column][vc_empty_space][vc_single_image image=\u00bb642&#8243; img_size=\u00bbfull\u00bb][vc_row_inner][vc_column_inner width=\u00bb1\/3&#8243;][\/vc_column_inner][vc_column_inner width=\u00bb1\/3&#8243;][vc_single_image image=\u00bb1288&#8243; img_size=\u00bb80&#215;80&#8243; alignment=\u00bbright\u00bb][\/vc_column_inner][vc_column_inner width=\u00bb1\/3&#8243;][\/vc_column_inner][\/vc_row_inner][\/vc_column][\/vc_row][vc_row themestek_responsive_css=\u00bb11903985|colbreak_no|||||||||colbreak_no|||||||||colbreak_no||||||||||colbreak_no|||||||||\u00bb][vc_column][vc_row_inner][vc_column_inner][\/vc_column_inner][\/vc_row_inner][vc_tta_tabs style=\u00bbmodern\u00bb gap=\u00bb5&#8243; active_section=\u00bb1&#8243; el_class=\u00bbtabsenc\u00bb][vc_tta_section title=\u00bbAgenda\u00bb tab_id=\u00bbagenda\u00bb][vc_row_inner equal_height=\u00bbyes\u00bb][vc_column_inner width=\u00bb1\/2&#8243;][\/vc_column_inner][vc_column_inner width=\u00bb1\/2&#8243;][\/vc_column_inner][\/vc_row_inner][vc_row_inner][vc_column_inner][vc_text_separator title=\u00bbSESI\u00d3N INAGURAL\u00bb css=\u00bb.vc_custom_1688420610137{margin-top: 30px !important;margin-bottom: 30px !important;}\u00bb][\/vc_column_inner][\/vc_row_inner][vc_row_inner equal_height=\u00bbyes\u00bb][vc_column_inner width=\u00bb1\/2&#8243;][\/vc_column_inner][vc_column_inner width=\u00bb1\/2&#8243;][\/vc_column_inner][\/vc_row_inner][vc_row_inner equal_height=\u00bbyes\u00bb][vc_column_inner width=\u00bb1\/2&#8243;][\/vc_column_inner][vc_column_inner width=\u00bb1\/2&#8243;][\/vc_column_inner][\/vc_row_inner][vc_row_inner equal_height=\u00bbyes\u00bb][vc_column_inner width=\u00bb1\/2&#8243;][\/vc_column_inner][vc_column_inner width=\u00bb1\/2&#8243;][\/vc_column_inner][\/vc_row_inner][vc_row_inner equal_height=\u00bbyes\u00bb][vc_column_inner width=\u00bb1\/2&#8243;][\/vc_column_inner][vc_column_inner width=\u00bb1\/2&#8243;][\/vc_column_inner][\/vc_row_inner][vc_row_inner equal_height=\u00bbyes\u00bb][vc_column_inner width=\u00bb1\/2&#8243;][\/vc_column_inner][vc_column_inner width=\u00bb1\/2&#8243;][\/vc_column_inner][\/vc_row_inner][vc_row_inner equal_height=\u00bbyes\u00bb][vc_column_inner width=\u00bb1\/2&#8243;][\/vc_column_inner][vc_column_inner width=\u00bb1\/2&#8243;][\/vc_column_inner][\/vc_row_inner][vc_row_inner equal_height=\u00bbyes\u00bb][vc_column_inner width=\u00bb1\/2&#8243;][\/vc_column_inner][vc_column_inner width=\u00bb1\/2&#8243;][\/vc_column_inner][\/vc_row_inner][vc_row_inner][vc_column_inner][vc_text_separator title=\u00bbEJE TEM\u00c1TICO 1: SITUACI\u00d3N MACROECON\u00d3MICA Y FISCAL INTERNACIONAL &hellip; <a href=\"https:\/\/forocfib.org\/sitio\/x-encuentro\/\" class=\"more-link\">Continue reading <span class=\"screen-reader-text\">X Encuentro<\/span><\/a><\/p>\n","protected":false},"author":1,"featured_media":0,"parent":0,"menu_order":6,"comment_status":"closed","ping_status":"closed","template":"","meta":[],"_links":{"self":[{"href":"https:\/\/forocfib.org\/sitio\/wp-json\/wp\/v2\/pages\/2514"}],"collection":[{"href":"https:\/\/forocfib.org\/sitio\/wp-json\/wp\/v2\/pages"}],"about":[{"href":"https:\/\/forocfib.org\/sitio\/wp-json\/wp\/v2\/types\/page"}],"author":[{"embeddable":true,"href":"https:\/\/forocfib.org\/sitio\/wp-json\/wp\/v2\/users\/1"}],"replies":[{"embeddable":true,"href":"https:\/\/forocfib.org\/sitio\/wp-json\/wp\/v2\/comments?post=2514"}],"version-history":[{"count":16,"href":"https:\/\/forocfib.org\/sitio\/wp-json\/wp\/v2\/pages\/2514\/revisions"}],"predecessor-version":[{"id":3464,"href":"https:\/\/forocfib.org\/sitio\/wp-json\/wp\/v2\/pages\/2514\/revisions\/3464"}],"wp:attachment":[{"href":"https:\/\/forocfib.org\/sitio\/wp-json\/wp\/v2\/media?parent=2514"}],"curies":[{"name":"wp","href":"https:\/\/api.w.org\/{rel}","templated":true}]}}