{"id":2366,"date":"2023-03-21T19:48:22","date_gmt":"2023-03-21T19:48:22","guid":{"rendered":"https:\/\/forocfib.org\/sitio\/?page_id=2366"},"modified":"2023-08-07T17:00:05","modified_gmt":"2023-08-07T17:00:05","slug":"viii-encuentro","status":"publish","type":"page","link":"https:\/\/forocfib.org\/sitio\/viii-encuentro\/","title":{"rendered":"VIII Encuentro"},"content":{"rendered":"<p>[vc_row][vc_column][vc_empty_space]<div class=\"themestek-element-heading-wrapper themestek-heading-inner themestek-element-align-left themestek-seperator-none  vc_custom_1679428213471\"><section class=\"themestek-vc_cta3-container\"><div class=\"themestek-vc_general themestek-vc_cta3 themestek-cta3-only themestek-vc_cta3-style-classic themestek-vc_cta3-shape-rounded themestek-vc_cta3-align-left themestek-vc_cta3-color-transparent themestek-vc_cta3-icon-size-md themestek-vc_cta3-actions-no themestek-cta3-without-desc\"><div class=\"themestek-vc_cta3_content-container\"><div class=\"themestek-vc_cta3-content\"><div class=\"themestek-vc_cta3-content-header themestek-wrap\"><div class=\"themestek-vc_cta3-headers themestek-wrap-cell\"><h4 class=\"themestek-custom-heading \" >Foro Iberoamericano<\/h4>\n<h2 class=\"themestek-custom-heading \" >VIII. Encuentro de Coordinaci\u00f3n Presupuestar\u00eda y Fiscal 2020<\/h2>\n<\/div><\/div><\/div><\/div><\/div><\/section><\/div> <!-- .themestek-element-heading-wrapper container --> [vc_single_image image=\u00bb642&#8243; img_size=\u00bbfull\u00bb][vc_row_inner][vc_column_inner width=\u00bb1\/3&#8243;][\/vc_column_inner][vc_column_inner width=\u00bb1\/3&#8243;][vc_single_image image=\u00bb1286&#8243; img_size=\u00bb80&#215;80&#8243; alignment=\u00bbright\u00bb][\/vc_column_inner][vc_column_inner width=\u00bb1\/3&#8243;]<div class=\"themestek-element-heading-wrapper themestek-heading-inner themestek-element-align-left themestek-seperator-none  vc_custom_1679431538606\"><section class=\"themestek-vc_cta3-container\"><div class=\"themestek-vc_general themestek-vc_cta3 themestek-cta3-only themestek-vc_cta3-style-classic themestek-vc_cta3-shape-rounded themestek-vc_cta3-align-left themestek-vc_cta3-color-transparent themestek-vc_cta3-icon-size-md themestek-vc_cta3-actions-no themestek-cta3-without-desc\"><div class=\"themestek-vc_cta3_content-container\"><div class=\"themestek-vc_cta3-content\"><div class=\"themestek-vc_cta3-content-header themestek-wrap\"><div class=\"themestek-vc_cta3-headers themestek-wrap-cell\"><h4 class=\"themestek-custom-heading \" >Sede<\/h4>\n<h2 style=\"font-size:1.5em;\" class=\"themestek-custom-heading \" >Evento Virtual - Brasil<\/h2>\n<\/div><\/div><\/div><\/div><\/div><\/section><\/div> <!-- .themestek-element-heading-wrapper container --> [\/vc_column_inner][\/vc_row_inner][\/vc_column][\/vc_row][vc_row themestek_responsive_css=\u00bb11903985|colbreak_no|||||||||colbreak_no|||||||||colbreak_no||||||||||colbreak_no|||||||||\u00bb][vc_column][vc_tta_tabs style=\u00bbmodern\u00bb gap=\u00bb5&#8243; active_section=\u00bb1&#8243; el_class=\u00bbtabsenc\u00bb][vc_tta_section title=\u00bbAgenda\u00bb tab_id=\u00bbagenda\u00bb][vc_row_inner equal_height=\u00bbyes\u00bb][vc_column_inner width=\u00bb1\/2&#8243;]<h5 style=\"text-align:left;\" class=\"themestek-custom-heading \" >TEMA \/ ACTIVIDAD<\/h5>\n[\/vc_column_inner][vc_column_inner width=\u00bb1\/2&#8243;]<h5 style=\"text-align:left;\" class=\"themestek-custom-heading \" >PONENTES<\/h5>\n[\/vc_column_inner][\/vc_row_inner][vc_row_inner equal_height=\u00bbyes\u00bb][vc_column_inner width=\u00bb1\/2&#8243;]<h6 style=\"text-align:left;\" class=\"themestek-custom-heading \" >APERTURA DEL FORO<\/h6>\n[\/vc_column_inner][vc_column_inner width=\u00bb1\/2&#8243;]<ul class=\"themestek-list themestek-list-style-icon themestek-list-icon-color-skincolor themestek- themestek-icon-skincolor themestek-list-textsize-small themestek-list-icon-library-fontawesome\"><li><i class=\"themestek-skincolor fa fa-caret-right\"><\/i>  <span class=\"themestek-list-li-content\">GOBERNADOR DEL ESTADO DE MINAS GERAIS: ROMEU ZEMA<\/span><\/li><li><i class=\"themestek-skincolor fa fa-caret-right\"><\/i>  <span class=\"themestek-list-li-content\">SECRETARIO DE ESTADO DE HACIENDA DE MINAS GERAIS: GUSTAVO BARBOSA<\/span><\/li><li><i class=\"themestek-skincolor fa fa-caret-right\"><\/i>  <span class=\"themestek-list-li-content\">PRESIDENTE DEL FORO IBEROAMERICANO DE COORDINACIO\u0301N PRESUPUESTARIA Y FISCAL INTERGUBERNAMENTAL: C\u00c9LIA CARVALHO<\/span><\/li><\/ul>[\/vc_column_inner][\/vc_row_inner][vc_row_inner][vc_column_inner][vc_text_separator title=\u00bbCoordinaci\u00f3n CEPAL y IEF\u00bb css=\u00bb.vc_custom_1679430437904{margin-top: 30px !important;margin-bottom: 30px !important;}\u00bb][\/vc_column_inner][\/vc_row_inner][vc_row_inner][vc_column_inner][vc_text_separator title=\u00bbPANEL 1: SITUACIO\u0301N MACROECONO\u0301MICA, FISCAL Y SOCIAL, NORMAS FISCALES Y ENDEUDAMIENTO PU\u0301BLICO\u00bb css=\u00bb.vc_custom_1679430673000{margin-top: 30px !important;margin-bottom: 30px !important;}\u00bb][vc_column_text]<\/p>\n<p style=\"text-align: center;\">Desaf\u00edos y perspectivas para la macroeconom\u00eda de Am\u00e9rica Latina y el Caribe en tiempos de pandemia y postpandemia. Impacto en las finanzas p\u00fablicas, aumento del endeudamiento p\u00fablico, equilibrio fiscal de los gobiernos subnacionales y alternativas de financiamiento.<\/p>\n<p>[\/vc_column_text][\/vc_column_inner][\/vc_row_inner][vc_row_inner equal_height=\u00bbyes\u00bb][vc_column_inner width=\u00bb1\/2&#8243;]<h6 style=\"text-align:left;\" class=\"themestek-custom-heading \" >MODERADORA<\/h6>\n[\/vc_column_inner][vc_column_inner width=\u00bb1\/2&#8243;]<ul class=\"themestek-list themestek-list-style-icon themestek-list-icon-color-skincolor themestek- themestek-icon-skincolor themestek-list-textsize-small themestek-list-icon-library-fontawesome\"><li><i class=\"themestek-skincolor fa fa-caret-right\"><\/i>  <span class=\"themestek-list-li-content\">CRISTINA GARC\u00cdA-HERRERA: DIRECTORA DE ESTUDIOS DEL INSTITUTO DE ESTUDIOS FISCALES - IEF\n\n<\/span><\/li><\/ul>[\/vc_column_inner][\/vc_row_inner][vc_row_inner][vc_column_inner][vc_separator border_width=\u00bb2&#8243;][\/vc_column_inner][\/vc_row_inner][vc_row_inner equal_height=\u00bbyes\u00bb][vc_column_inner width=\u00bb1\/2&#8243;]<h6 style=\"text-align:left;\" class=\"themestek-custom-heading \" >PANELISTA 1, EXPOSICI\u00d3N: LAS POL\u00cdTICAS P\u00daBLICAS EN EUROPA EN TIEMPOS DE PANDEMIA<\/h6>\n[\/vc_column_inner][vc_column_inner width=\u00bb1\/2&#8243;]<ul class=\"themestek-list themestek-list-style-icon themestek-list-icon-color-skincolor themestek- themestek-icon-skincolor themestek-list-textsize-small themestek-list-icon-library-fontawesome\"><li><i class=\"themestek-skincolor fa fa-caret-right\"><\/i>  <span class=\"themestek-list-li-content\">ALAIN CUENCA, DIRECTOR GENERAL DEL INSTITUTO DE ESTUDIOS FISCALES - IEF<\/span><\/li><\/ul>[\/vc_column_inner][\/vc_row_inner][vc_row_inner][vc_column_inner][vc_separator border_width=\u00bb2&#8243;][\/vc_column_inner][\/vc_row_inner][vc_row_inner equal_height=\u00bbyes\u00bb][vc_column_inner width=\u00bb1\/2&#8243;]<h6 style=\"text-align:left;\" class=\"themestek-custom-heading \" >PANELISTA 2, EXPOSICI\u00d3N: PANORAMA MACROECON\u00d3MICO Y FISCAL PARA AM\u00c9RICA LATINA Y EL CARIBE<\/h6>\n[\/vc_column_inner][vc_column_inner width=\u00bb1\/2&#8243;]<ul class=\"themestek-list themestek-list-style-icon themestek-list-icon-color-skincolor themestek- themestek-icon-skincolor themestek-list-textsize-small themestek-list-icon-library-fontawesome\"><li><i class=\"themestek-skincolor fa fa-caret-right\"><\/i>  <span class=\"themestek-list-li-content\">NOEL PEREZ, COORDINADOR DE ASUNTOS FISCALES DE LA COMISIO\u0301N ECONO\u0301MICA PARA AME\u0301RICA LATINA Y EL CARIBE - CEPAL<\/span><\/li><\/ul>[\/vc_column_inner][\/vc_row_inner][vc_row_inner][vc_column_inner][vc_separator border_width=\u00bb2&#8243;][\/vc_column_inner][\/vc_row_inner][vc_row_inner equal_height=\u00bbyes\u00bb][vc_column_inner width=\u00bb1\/2&#8243;]<h6 style=\"text-align:left;\" class=\"themestek-custom-heading \" >PANELISTA 3, EXPOSICI\u00d3N: DESAF\u00cdOS Y OPORTUNIDADES PARA EL FEDERALISMO FISCAL EN AM\u00c9RICA LATINA EN POS COVID<\/h6>\n[\/vc_column_inner][vc_column_inner width=\u00bb1\/2&#8243;]<ul class=\"themestek-list themestek-list-style-icon themestek-list-icon-color-skincolor themestek- themestek-icon-skincolor themestek-list-textsize-small themestek-list-icon-library-fontawesome\"><li><i class=\"themestek-skincolor fa fa-caret-right\"><\/i>  <span class=\"themestek-list-li-content\">MARIA CRISTINA MAC DOWELL, ESPECIALISTA LI\u0301DER FISCAL Y EN DESARROLLO MUNICIPAL DEL BID<\/span><\/li><\/ul>[\/vc_column_inner][\/vc_row_inner][vc_row_inner][vc_column_inner][vc_separator border_width=\u00bb2&#8243;][\/vc_column_inner][\/vc_row_inner][vc_row_inner equal_height=\u00bbyes\u00bb][vc_column_inner width=\u00bb1\/2&#8243;]<h6 style=\"text-align:left;\" class=\"themestek-custom-heading \" >COMENTARISTA<\/h6>\n[\/vc_column_inner][vc_column_inner width=\u00bb1\/2&#8243;]<ul class=\"themestek-list themestek-list-style-icon themestek-list-icon-color-skincolor themestek- themestek-icon-skincolor themestek-list-textsize-small themestek-list-icon-library-fontawesome\"><li><i class=\"themestek-skincolor fa fa-caret-right\"><\/i>  <span class=\"themestek-list-li-content\">TERESA TER-MINASSIAN, EX DIRECTORA DEL DEPARTAMENTO DE ASUNTOS FISCALES DEL FMI Y CONSULTORA ECONO\u0301MICA INTERNACIONAL<\/span><\/li><\/ul>[\/vc_column_inner][\/vc_row_inner][vc_row_inner][vc_column_inner][vc_text_separator title=\u00bbCoordinaci\u00f3n Brasil y Colombia\u00bb css=\u00bb.vc_custom_1679432847549{margin-top: 30px !important;margin-bottom: 30px !important;}\u00bb][\/vc_column_inner][\/vc_row_inner][vc_row_inner][vc_column_inner][vc_text_separator title=\u00bbPANEL 2: INCREMENTO DE LOS INGRESOS REGIONALES Y LOCALES Y PLANIFICACIO\u0301N DE NUEVOS RECURSOS\u00bb css=\u00bb.vc_custom_1679431014530{margin-top: 30px !important;margin-bottom: 30px !important;}\u00bb][vc_column_text]<\/p>\n<p style=\"text-align: center;\">Desaf\u00edos y perspectivas para la recaudaci\u00f3n tributaria. C\u00f3mo mejorar la carga, la estructura tributaria y el ingreso p\u00fablico para la regi\u00f3n. Desaf\u00edos de la evasi\u00f3n fiscal. C\u00f3mo mejorar el ingreso p\u00fablico en la regi\u00f3n. Econom\u00eda digital x cambios en las formas tradicionales.<\/p>\n<p>[\/vc_column_text][\/vc_column_inner][\/vc_row_inner][vc_row_inner equal_height=\u00bbyes\u00bb][vc_column_inner width=\u00bb1\/2&#8243;]<h6 style=\"text-align:left;\" class=\"themestek-custom-heading \" >MODERADOR<\/h6>\n[\/vc_column_inner][vc_column_inner width=\u00bb1\/2&#8243;]<ul class=\"themestek-list themestek-list-style-icon themestek-list-icon-color-skincolor themestek- themestek-icon-skincolor themestek-list-textsize-small themestek-list-icon-library-fontawesome\"><li><i class=\"themestek-skincolor fa fa-caret-right\"><\/i>  <span class=\"themestek-list-li-content\">OLGA MILENA CARANTONIO M\u00c1RQUEZ \u2013 GESTIO\u0301N INSTITUCIONAL DE LA DIRECCIO\u0301N GENERAL DE APOYO FISCAL\n<\/span><\/li><\/ul>[\/vc_column_inner][\/vc_row_inner][vc_row_inner][vc_column_inner][vc_separator border_width=\u00bb2&#8243;][\/vc_column_inner][\/vc_row_inner][vc_row_inner equal_height=\u00bbyes\u00bb][vc_column_inner width=\u00bb1\/2&#8243;]<h6 style=\"text-align:left;\" class=\"themestek-custom-heading \" >PANELISTA 1, EXPOSICI\u00d3N: OBST\u00c1CULOS, AVANCES Y PERSPECTIVAS DE LA REFORMA TRIBUTARIA EN BRASIL<\/h6>\n[\/vc_column_inner][vc_column_inner width=\u00bb1\/2&#8243;]<ul class=\"themestek-list themestek-list-style-icon themestek-list-icon-color-skincolor themestek- themestek-icon-skincolor themestek-list-textsize-small themestek-list-icon-library-fontawesome\"><li><i class=\"themestek-skincolor fa fa-caret-right\"><\/i>  <span class=\"themestek-list-li-content\">LUIZ CL\u00c1UDIO F L GOMES - SECRETARIO ADJUNTO DE HACIENDA DE MG<\/span><\/li><\/ul>[\/vc_column_inner][\/vc_row_inner][vc_row_inner][vc_column_inner][vc_separator border_width=\u00bb2&#8243;][\/vc_column_inner][\/vc_row_inner][vc_row_inner equal_height=\u00bbyes\u00bb][vc_column_inner width=\u00bb1\/2&#8243;]<h6 style=\"text-align:left;\" class=\"themestek-custom-heading \" >PANELISTA 2, EXPOSICI\u00d3N: AUTORIDADES FISCALES EN LA ERA DE LOS DATOS: \u00bfQU\u00c9 HACER PARA AUMENTAR LOS INGRESOS?<\/h6>\n[\/vc_column_inner][vc_column_inner width=\u00bb1\/2&#8243;]<ul class=\"themestek-list themestek-list-style-icon themestek-list-icon-color-skincolor themestek- themestek-icon-skincolor themestek-list-textsize-small themestek-list-icon-library-fontawesome\"><li><i class=\"themestek-skincolor fa fa-caret-right\"><\/i>  <span class=\"themestek-list-li-content\">CRISTIANE ALKMIN JUNQUEIRA SCHMIDT \u2013 SECRETARIA DE ECONOMI\u0301A DEL GOBIERNO DEL ESTADO DE GOIA\u0301S<\/span><\/li><\/ul>[\/vc_column_inner][\/vc_row_inner][vc_row_inner][vc_column_inner][vc_separator border_width=\u00bb2&#8243;][\/vc_column_inner][\/vc_row_inner][vc_row_inner equal_height=\u00bbyes\u00bb][vc_column_inner width=\u00bb1\/2&#8243;]<h6 style=\"text-align:left;\" class=\"themestek-custom-heading \" >PANELISTA 3, EXPOSICI\u00d3N: GESTI\u00d3N FINANCIERA P\u00daBLICA SUBNACIONAL EN COLOMBIA: CAMBIOS HACIA LA CONSOLIDACI\u00d3N DE ESTAD\u00cdSTICAS DE FINANZAS P\u00daBLICAS CON ESTANDARES INTERNACIONALES<\/h6>\n[\/vc_column_inner][vc_column_inner width=\u00bb1\/2&#8243;]<ul class=\"themestek-list themestek-list-style-icon themestek-list-icon-color-skincolor themestek- themestek-icon-skincolor themestek-list-textsize-small themestek-list-icon-library-fontawesome\"><li><i class=\"themestek-skincolor fa fa-caret-right\"><\/i>  <span class=\"themestek-list-li-content\">ARCESIO VALENZUELA ORDO\u00d1EZ - COORDINADOR DEL GRUPO DE APOYO DE LA DIRECCIO\u0301N GENERAL DE APOYO FISCAL DEL MINISTERIO DE HACIENDA Y CRE\u0301DITO PU\u0301BLICO<\/span><\/li><\/ul>[\/vc_column_inner][\/vc_row_inner][vc_row_inner][vc_column_inner][vc_separator border_width=\u00bb2&#8243;][\/vc_column_inner][\/vc_row_inner][vc_row_inner equal_height=\u00bbyes\u00bb][vc_column_inner width=\u00bb1\/2&#8243;]<h6 style=\"text-align:left;\" class=\"themestek-custom-heading \" >PANELISTA 4, EXPOSICI\u00d3N: LA TRIBUTACI\u00d3N SUB NACIONAL EN COLOMBIA<\/h6>\n[\/vc_column_inner][vc_column_inner width=\u00bb1\/2&#8243;]<ul class=\"themestek-list themestek-list-style-icon themestek-list-icon-color-skincolor themestek- themestek-icon-skincolor themestek-list-textsize-small themestek-list-icon-library-fontawesome\"><li><i class=\"themestek-skincolor fa fa-caret-right\"><\/i>  <span class=\"themestek-list-li-content\">LUIS FERNANDO VILLOTA QUI\u00d1ONES - VICEDIRECTOR DE FORTALECIMIENTO INSTITUCIONAL TERRITORIAL DE LA DIRECCIO\u0301N DE APOYO DEL MINISTERIO DE HACIENDA Y CRE\u0301DITO PU\u0301BLICO DE COLOMBIA<\/span><\/li><\/ul>[\/vc_column_inner][\/vc_row_inner][vc_row_inner][vc_column_inner][vc_separator border_width=\u00bb2&#8243;][\/vc_column_inner][\/vc_row_inner][vc_row_inner equal_height=\u00bbyes\u00bb][vc_column_inner width=\u00bb1\/2&#8243;]<h6 style=\"text-align:left;\" class=\"themestek-custom-heading \" >COMENTARISTA<\/h6>\n[\/vc_column_inner][vc_column_inner width=\u00bb1\/2&#8243;]<ul class=\"themestek-list themestek-list-style-icon themestek-list-icon-color-skincolor themestek- themestek-icon-skincolor themestek-list-textsize-small themestek-list-icon-library-fontawesome\"><li><i class=\"themestek-skincolor fa fa-caret-right\"><\/i>  <span class=\"themestek-list-li-content\">BRUNO JATENE \u2013 SECRETARIO DEL TESORO DE RIO GRANDE DO SUL Y COORDINADOR EJECUTIVO DE GEFIN<\/span><\/li><\/ul>[\/vc_column_inner][\/vc_row_inner][vc_row_inner][vc_column_inner][vc_text_separator title=\u00bbCoordinaci\u00f3n Argentina y Paraguay\u00bb css=\u00bb.vc_custom_1679432871534{margin-top: 30px !important;margin-bottom: 30px !important;}\u00bb][\/vc_column_inner][\/vc_row_inner][vc_row_inner][vc_column_inner][vc_text_separator title=\u00bbPANEL 3: PLANIFICACIO\u0301N Y PRESUPUESTO PU\u0301BLICO EN TIEMPOS DE CRISIS\u00bb css=\u00bb.vc_custom_1679432904557{margin-top: 30px !important;margin-bottom: 30px !important;}\u00bb][vc_column_text]<\/p>\n<p style=\"text-align: center;\">Pr\u00e1cticas innovadoras en la formulaci\u00f3n de la planificaci\u00f3n y presupuestaci\u00f3n en tiempos de pandemia (experiencia sanitaria coordinada, actividades de reactivaci\u00f3n de la econom\u00eda, reubicaci\u00f3n de mano de obra). Nuevas herramientas de gesti\u00f3n. Calidad del gasto p\u00fablico. Experiencia de pa\u00edses iberoamericanos.<\/p>\n<p>[\/vc_column_text][\/vc_column_inner][\/vc_row_inner][vc_row_inner equal_height=\u00bbyes\u00bb][vc_column_inner width=\u00bb1\/2&#8243;]<h6 style=\"text-align:left;\" class=\"themestek-custom-heading \" >MODERADORA<\/h6>\n[\/vc_column_inner][vc_column_inner width=\u00bb1\/2&#8243;]<ul class=\"themestek-list themestek-list-style-icon themestek-list-icon-color-skincolor themestek- themestek-icon-skincolor themestek-list-textsize-small themestek-list-icon-library-fontawesome\"><li><i class=\"themestek-skincolor fa fa-caret-right\"><\/i>  <span class=\"themestek-list-li-content\">VIVIANA CASCO: DIRECTORA DE POL\u00cdTICA MACRO FISCAL \u2013 SUBSECRETAR\u00cdA DE ECONOM\u00cdA DE LA REP\u00daBLICA DEL PARAGUAY<\/span><\/li><\/ul>[\/vc_column_inner][\/vc_row_inner][vc_row_inner][vc_column_inner][vc_separator border_width=\u00bb2&#8243;][\/vc_column_inner][\/vc_row_inner][vc_row_inner equal_height=\u00bbyes\u00bb][vc_column_inner width=\u00bb1\/2&#8243;]<h6 style=\"text-align:left;\" class=\"themestek-custom-heading \" >PANELISTA 1, EXPOSICI\u00d3N: PRESUPUESTO P\u00daBLICO Y PANDEMIA EN ARGENTINA<\/h6>\n[\/vc_column_inner][vc_column_inner width=\u00bb1\/2&#8243;]<ul class=\"themestek-list themestek-list-style-icon themestek-list-icon-color-skincolor themestek- themestek-icon-skincolor themestek-list-textsize-small themestek-list-icon-library-fontawesome\"><li><i class=\"themestek-skincolor fa fa-caret-right\"><\/i>  <span class=\"themestek-list-li-content\">RA\u00daL RIGO: SECRETARIO DE HACIENDA \u2013 MINISTERIO DE ECONOM\u00cdA DE LA REP\u00daBLICA ARGENTINA<\/span><\/li><\/ul>[\/vc_column_inner][\/vc_row_inner][vc_row_inner][vc_column_inner][vc_separator border_width=\u00bb2&#8243;][\/vc_column_inner][\/vc_row_inner][vc_row_inner equal_height=\u00bbyes\u00bb][vc_column_inner width=\u00bb1\/2&#8243;]<h6 style=\"text-align:left;\" class=\"themestek-custom-heading \" >PANELISTA 2, EXPOSICI\u00d3N: PANDEMIA, ACCIONES Y PROGRAMA DE RECUPERACI\u00d3N EN PARAGUAY<\/h6>\n[\/vc_column_inner][vc_column_inner width=\u00bb1\/2&#8243;]<ul class=\"themestek-list themestek-list-style-icon themestek-list-icon-color-skincolor themestek- themestek-icon-skincolor themestek-list-textsize-small themestek-list-icon-library-fontawesome\"><li><i class=\"themestek-skincolor fa fa-caret-right\"><\/i>  <span class=\"themestek-list-li-content\">CARMEN MAR\u00cdN: VICEMINISTRA DE ECONOM\u00cdA \u2013 MINISTERIO DE HACIENDA DE LA REP\u00daBLICA DEL PARAGUAY<\/span><\/li><\/ul>[\/vc_column_inner][\/vc_row_inner][vc_row_inner][vc_column_inner][vc_separator border_width=\u00bb2&#8243;][\/vc_column_inner][\/vc_row_inner][vc_row_inner equal_height=\u00bbyes\u00bb][vc_column_inner width=\u00bb1\/2&#8243;]<h6 style=\"text-align:left;\" class=\"themestek-custom-heading \" >PANELISTA 3, EXPOSICI\u00d3N: HERRAMIENTAS DE LA GESTI\u00d3N PRESUPUESTARIA DE LAS PROVINCIAS ARGENTINAS EN LA PANDEMIA<\/h6>\n[\/vc_column_inner][vc_column_inner width=\u00bb1\/2&#8243;]<ul class=\"themestek-list themestek-list-style-icon themestek-list-icon-color-skincolor themestek- themestek-icon-skincolor themestek-list-textsize-small themestek-list-icon-library-fontawesome\"><li><i class=\"themestek-skincolor fa fa-caret-right\"><\/i>  <span class=\"themestek-list-li-content\">CRISTINA RUIZ: PRESIDENTE DEL FORO PERMANENTE DE DIRECCIONES DE PRESUPUESTO Y FINANZAS DE LA REP\u00daBLICA ARGENTINA<\/span><\/li><\/ul>[\/vc_column_inner][\/vc_row_inner][vc_row_inner][vc_column_inner][vc_separator border_width=\u00bb2&#8243;][\/vc_column_inner][\/vc_row_inner][vc_row_inner equal_height=\u00bbyes\u00bb][vc_column_inner width=\u00bb1\/2&#8243;]<h6 style=\"text-align:left;\" class=\"themestek-custom-heading \" >PANELISTA 4, EXPOSICI\u00d3N: POL\u00cdTICAS DE ASISTENCIA FINANCIERA DE LA NACI\u00d3N A LAS PROVINCIAS ARGENTINAS EN LA PANDEMIA<\/h6>\n[\/vc_column_inner][vc_column_inner width=\u00bb1\/2&#8243;]<ul class=\"themestek-list themestek-list-style-icon themestek-list-icon-color-skincolor themestek- themestek-icon-skincolor themestek-list-textsize-small themestek-list-icon-library-fontawesome\"><li><i class=\"themestek-skincolor fa fa-caret-right\"><\/i>  <span class=\"themestek-list-li-content\">ADRI\u00c1N CENTURI\u00d3N: DIRECTOR NACIONAL DE ASUNTOS PROVINCIALES \u2013 SECRETAR\u00cdA DE HACIENDA DE LA REP\u00daBLICA ARGENTINA\n<\/span><\/li><\/ul>[\/vc_column_inner][\/vc_row_inner][vc_row_inner][vc_column_inner][vc_separator border_width=\u00bb2&#8243;][\/vc_column_inner][\/vc_row_inner][vc_row_inner equal_height=\u00bbyes\u00bb][vc_column_inner width=\u00bb1\/2&#8243;]<h6 style=\"text-align:left;\" class=\"themestek-custom-heading \" >COMENTARISTA<\/h6>\n[\/vc_column_inner][vc_column_inner width=\u00bb1\/2&#8243;]<ul class=\"themestek-list themestek-list-style-icon themestek-list-icon-color-skincolor themestek- themestek-icon-skincolor themestek-list-textsize-small themestek-list-icon-library-fontawesome\"><li><i class=\"themestek-skincolor fa fa-caret-right\"><\/i>  <span class=\"themestek-list-li-content\">AUGUSTO MONTEIRO: COORDINADOR EJECUTIVO DEL GRUPO DE GESTORES DE LAS FINANZAS ESTATALES - GEFIN\n<\/span><\/li><\/ul>[\/vc_column_inner][\/vc_row_inner][vc_row_inner][vc_column_inner][vc_text_separator title=\u00bbCoordinaci\u00f3n M\u00e9xico y Per\u00fa\u00bb css=\u00bb.vc_custom_1679433232085{margin-top: 30px !important;margin-bottom: 30px !important;}\u00bb][\/vc_column_inner][\/vc_row_inner][vc_row_inner][vc_column_inner][vc_text_separator title=\u00bbPANEL 4: COORDINACI\u00d3N Y ACUERDOS FISCALES INTERGUBERNAMENTALES E INTERNACIONALES\u00bb css=\u00bb.vc_custom_1679433256740{margin-top: 30px !important;margin-bottom: 30px !important;}\u00bb][vc_column_text]<\/p>\n<p style=\"text-align: center;\">Mecanismos de coordinaci\u00f3n fiscal entre niveles de gobierno. Experiencias exitosas de coordinaci\u00f3n y cooperaci\u00f3n fiscal en tiempos de COVID-19. Las experiencias de los pa\u00edses de la Uni\u00f3n Europea x Am\u00e9rica Latina y el Caribe. Experiencia de coordinaci\u00f3n y fortalecimiento de los sistemas de salud.<\/p>\n<p>[\/vc_column_text][\/vc_column_inner][\/vc_row_inner][vc_row_inner equal_height=\u00bbyes\u00bb][vc_column_inner width=\u00bb1\/2&#8243;]<h6 style=\"text-align:left;\" class=\"themestek-custom-heading \" >MODERADOR<\/h6>\n[\/vc_column_inner][vc_column_inner width=\u00bb1\/2&#8243;]<ul class=\"themestek-list themestek-list-style-icon themestek-list-icon-color-skincolor themestek- themestek-icon-skincolor themestek-list-textsize-small themestek-list-icon-library-fontawesome\"><li><i class=\"themestek-skincolor fa fa-caret-right\"><\/i>  <span class=\"themestek-list-li-content\">REBECA ELIZALDE HERN\u00c1NDEZ: ENCARGADA DEL DESPACHO DE PLANEACI\u00d3N Y COORDINACI\u00d3N FISCAL. ESTADO DE JALISCO. M\u00c9XICO\n<\/span><\/li><\/ul>[\/vc_column_inner][\/vc_row_inner][vc_row_inner][vc_column_inner][vc_separator border_width=\u00bb2&#8243;][\/vc_column_inner][\/vc_row_inner][vc_row_inner equal_height=\u00bbyes\u00bb][vc_column_inner width=\u00bb1\/2&#8243;]<h6 style=\"text-align:left;\" class=\"themestek-custom-heading \" >PANELISTA 1, EXPOSICI\u00d3N: IMPACTOS FISCALES DEL COVID-19 EN LOS GOBIERNOS SUBNACIONALES Y COORDINACION INTERGUBERNAMENTAL EN PER\u00da<\/h6>\n[\/vc_column_inner][vc_column_inner width=\u00bb1\/2&#8243;]<ul class=\"themestek-list themestek-list-style-icon themestek-list-icon-color-skincolor themestek- themestek-icon-skincolor themestek-list-textsize-small themestek-list-icon-library-fontawesome\"><li><i class=\"themestek-skincolor fa fa-caret-right\"><\/i>  <span class=\"themestek-list-li-content\">JUAN PICHIHUA SERNA: DIRECTOR DE POL\u00cdTICAS DE DESCENTRALIZACI\u00d3N FISCAL Y FINANZAS - MINISTERIO DE ECONOM\u00cdA Y FINANZAS DEL PER\u00da\u0301<\/span><\/li><\/ul>[\/vc_column_inner][\/vc_row_inner][vc_row_inner][vc_column_inner][vc_separator border_width=\u00bb2&#8243;][\/vc_column_inner][\/vc_row_inner][vc_row_inner equal_height=\u00bbyes\u00bb][vc_column_inner width=\u00bb1\/2&#8243;]<h6 style=\"text-align:left;\" class=\"themestek-custom-heading \" >PANELISTA 2, EXPOSICI\u00d3N: EXPERIENCIAS DE COORDINACI\u00d3N FISCAL EN M\u00c9XICO EN TIEMPOS DE COVID<\/h6>\n[\/vc_column_inner][vc_column_inner width=\u00bb1\/2&#8243;]<ul class=\"themestek-list themestek-list-style-icon themestek-list-icon-color-skincolor themestek- themestek-icon-skincolor themestek-list-textsize-small themestek-list-icon-library-fontawesome\"><li><i class=\"themestek-skincolor fa fa-caret-right\"><\/i>  <span class=\"themestek-list-li-content\">LUIS GARC\u00cdA SOTELO: DIRECTOR GENERAL DE AUDITOR\u00cdAS \u2013 SECRETAR\u00cdA DE LA HACIENDA P\u00daBLICA DEL ESTADO DE JALISCO, M\u00c9XICO<\/span><\/li><\/ul>[\/vc_column_inner][\/vc_row_inner][vc_row_inner][vc_column_inner][vc_separator border_width=\u00bb2&#8243;][\/vc_column_inner][\/vc_row_inner][vc_row_inner equal_height=\u00bbyes\u00bb][vc_column_inner width=\u00bb1\/2&#8243;]<h6 style=\"text-align:left;\" class=\"themestek-custom-heading \" >PANELISTA 3, EXPOSICI\u00d3N: FONDOS DE ESTABILIZACI\u00d3N EN TIEMPOS DE COVID Y SU CONTRIBUCI\u00d3N HACIA LA CALIDAD DEL GASTO P\u00daBLICO<\/h6>\n[\/vc_column_inner][vc_column_inner width=\u00bb1\/2&#8243;]<ul class=\"themestek-list themestek-list-style-icon themestek-list-icon-color-skincolor themestek- themestek-icon-skincolor themestek-list-textsize-small themestek-list-icon-library-fontawesome\"><li><i class=\"themestek-skincolor fa fa-caret-right\"><\/i>  <span class=\"themestek-list-li-content\">LUZ ELVIA RASC\u00d3N MANQUERO: DIRECTORA DEL GASTO P\u00daBLICO Y PBR-SED. INDETEC. M\u00c9XICO<\/span><\/li><\/ul>[\/vc_column_inner][\/vc_row_inner][vc_row_inner][vc_column_inner][vc_separator border_width=\u00bb2&#8243;][\/vc_column_inner][\/vc_row_inner][vc_row_inner equal_height=\u00bbyes\u00bb][vc_column_inner width=\u00bb1\/2&#8243;]<h6 style=\"text-align:left;\" class=\"themestek-custom-heading \" >PANELISTA 4, EXPOSICI\u00d3N: EXPERIENCIAS DE COORDENACAO FISCAL NO BRASIL EM TEMPOS DE COVID<\/h6>\n[\/vc_column_inner][vc_column_inner width=\u00bb1\/2&#8243;]<ul class=\"themestek-list themestek-list-style-icon themestek-list-icon-color-skincolor themestek- themestek-icon-skincolor themestek-list-textsize-small themestek-list-icon-library-fontawesome\"><li><i class=\"themestek-skincolor fa fa-caret-right\"><\/i>  <span class=\"themestek-list-li-content\">CELIA MAR\u00cdA SILVA CARVALHO - PRESIDENTE DE GEFIN Y DEL FORO IBEROAMERICANO EN BRASIL<\/span><\/li><\/ul>[\/vc_column_inner][\/vc_row_inner][vc_row_inner][vc_column_inner][vc_separator border_width=\u00bb2&#8243;][\/vc_column_inner][\/vc_row_inner][vc_row_inner equal_height=\u00bbyes\u00bb][vc_column_inner width=\u00bb1\/2&#8243;]<h6 style=\"text-align:left;\" class=\"themestek-custom-heading \" >PANELISTA 5, EXPOSICI\u00d3N: LA ECONOM\u00cdA POL\u00cdTICA DE LA DESCENTRALIZACI\u00d3N EN CHILE<\/h6>\n[\/vc_column_inner][vc_column_inner width=\u00bb1\/2&#8243;]<ul class=\"themestek-list themestek-list-style-icon themestek-list-icon-color-skincolor themestek- themestek-icon-skincolor themestek-list-textsize-small themestek-list-icon-library-fontawesome\"><li><i class=\"themestek-skincolor fa fa-caret-right\"><\/i>  <span class=\"themestek-list-li-content\">LEONARDO LETELIER - DIRECTOR DE POST GRADO DEL INSTITUTO DE ASUNTOS P\u00daBLICOS DE LA UNIVERSIDAD DE CHILE<\/span><\/li><\/ul>[\/vc_column_inner][\/vc_row_inner][vc_row_inner][vc_column_inner][vc_separator border_width=\u00bb2&#8243;][\/vc_column_inner][\/vc_row_inner][vc_row_inner equal_height=\u00bbyes\u00bb][vc_column_inner width=\u00bb1\/2&#8243;]<h6 style=\"text-align:left;\" class=\"themestek-custom-heading \" >COMENTARISTA<\/h6>\n[\/vc_column_inner][vc_column_inner width=\u00bb1\/2&#8243;]<ul class=\"themestek-list themestek-list-style-icon themestek-list-icon-color-skincolor themestek- themestek-icon-skincolor themestek-list-textsize-small themestek-list-icon-library-fontawesome\"><li><i class=\"themestek-skincolor fa fa-caret-right\"><\/i>  <span class=\"themestek-list-li-content\">GONZALO NEYRA ARAOZ. COORDINADOR DE POL\u00cdTICAS DE DESCENTRALIZACI\u00d3N FISCAL DEL MINISTERIO DE ECONOM\u00cdA Y FINANZAS DEL PER\u00da\u0301\n<\/span><\/li><\/ul>[\/vc_column_inner][\/vc_row_inner][vc_row_inner][vc_column_inner][vc_text_separator title=\u00bbCIERRE DEL OCTAVO ENCUENTRO\u00bb css=\u00bb.vc_custom_1679428163154{margin-top: 30px !important;margin-bottom: 30px !important;}\u00bb][\/vc_column_inner][\/vc_row_inner][vc_row_inner][vc_column_inner][vc_text_separator title=\u00bbHOMENAJE AL EXPRESIDENTE DEL FORO EDUARDO BACCI: ADRIAN CENTURI\u00d3N Y CRISTINA RUIZ\u00bb css=\u00bb.vc_custom_1679433782390{margin-top: 30px !important;margin-bottom: 30px !important;}\u00bb][\/vc_column_inner][\/vc_row_inner][vc_row_inner][vc_column_inner][vc_text_separator title=\u00bbLEER LA CARTA DE INTENCIONES DEL EVENTO\u00bb css=\u00bb.vc_custom_1679433798136{margin-top: 30px !important;margin-bottom: 30px !important;}\u00bb][\/vc_column_inner][\/vc_row_inner][vc_row_inner equal_height=\u00bbyes\u00bb][vc_column_inner width=\u00bb1\/2&#8243;]<h6 style=\"text-align:left;\" class=\"themestek-custom-heading \" ><\/h6>\n[\/vc_column_inner][vc_column_inner width=\u00bb1\/2&#8243;]<ul class=\"themestek-list themestek-list-style-icon themestek-list-icon-color-skincolor themestek- themestek-icon-skincolor themestek-list-textsize-small themestek-list-icon-library-fontawesome\"><\/ul>[\/vc_column_inner][\/vc_row_inner][\/vc_tta_section][vc_tta_section title=\u00bbGaler\u00eda de Fotos\u00bb tab_id=\u00bbgaleria\u00bb][vc_row_inner][vc_column_inner][vc_media_grid style=\u00bbload-more\u00bb element_width=\u00bb3&#8243; item=\u00bbmasonryMedia_BorderedScale\u00bb btn_title=\u00bbVer m\u00e1s Fotograf\u00edas\u00bb grid_id=\u00bbvc_gid:1691427542969-79dc7a49-b43c-8&#8243; include=\u00bb3557,3556,3555,3554,3553,3331&#8243;][\/vc_column_inner][\/vc_row_inner][\/vc_tta_section][vc_tta_section title=\u00bbRepositorio\u00bb tab_id=\u00bb1678916180914-ed5359f6-1e9b\u00bb][vc_wp_custommenu nav_menu=\u00bb42&#8243; el_class=\u00bbmenu-encuentros\u00bb][\/vc_tta_section][\/vc_tta_tabs][\/vc_column][\/vc_row]<\/p>\n","protected":false},"excerpt":{"rendered":"<p>[vc_row][vc_column][vc_empty_space][vc_single_image image=\u00bb642&#8243; img_size=\u00bbfull\u00bb][vc_row_inner][vc_column_inner width=\u00bb1\/3&#8243;][\/vc_column_inner][vc_column_inner width=\u00bb1\/3&#8243;][vc_single_image image=\u00bb1286&#8243; img_size=\u00bb80&#215;80&#8243; alignment=\u00bbright\u00bb][\/vc_column_inner][vc_column_inner width=\u00bb1\/3&#8243;][\/vc_column_inner][\/vc_row_inner][\/vc_column][\/vc_row][vc_row themestek_responsive_css=\u00bb11903985|colbreak_no|||||||||colbreak_no|||||||||colbreak_no||||||||||colbreak_no|||||||||\u00bb][vc_column][vc_tta_tabs style=\u00bbmodern\u00bb gap=\u00bb5&#8243; active_section=\u00bb1&#8243; el_class=\u00bbtabsenc\u00bb][vc_tta_section title=\u00bbAgenda\u00bb tab_id=\u00bbagenda\u00bb][vc_row_inner equal_height=\u00bbyes\u00bb][vc_column_inner width=\u00bb1\/2&#8243;][\/vc_column_inner][vc_column_inner width=\u00bb1\/2&#8243;][\/vc_column_inner][\/vc_row_inner][vc_row_inner equal_height=\u00bbyes\u00bb][vc_column_inner width=\u00bb1\/2&#8243;][\/vc_column_inner][vc_column_inner width=\u00bb1\/2&#8243;][\/vc_column_inner][\/vc_row_inner][vc_row_inner][vc_column_inner][vc_text_separator title=\u00bbCoordinaci\u00f3n CEPAL y IEF\u00bb css=\u00bb.vc_custom_1679430437904{margin-top: 30px !important;margin-bottom: 30px !important;}\u00bb][\/vc_column_inner][\/vc_row_inner][vc_row_inner][vc_column_inner][vc_text_separator title=\u00bbPANEL 1: SITUACIO\u0301N MACROECONO\u0301MICA, FISCAL Y SOCIAL, NORMAS FISCALES Y ENDEUDAMIENTO PU\u0301BLICO\u00bb css=\u00bb.vc_custom_1679430673000{margin-top: 30px !important;margin-bottom: 30px !important;}\u00bb][vc_column_text] Desaf\u00edos y perspectivas para la macroeconom\u00eda de &hellip; <a href=\"https:\/\/forocfib.org\/sitio\/viii-encuentro\/\" class=\"more-link\">Continue reading <span class=\"screen-reader-text\">VIII Encuentro<\/span><\/a><\/p>\n","protected":false},"author":1,"featured_media":0,"parent":0,"menu_order":6,"comment_status":"closed","ping_status":"closed","template":"","meta":[],"_links":{"self":[{"href":"https:\/\/forocfib.org\/sitio\/wp-json\/wp\/v2\/pages\/2366"}],"collection":[{"href":"https:\/\/forocfib.org\/sitio\/wp-json\/wp\/v2\/pages"}],"about":[{"href":"https:\/\/forocfib.org\/sitio\/wp-json\/wp\/v2\/types\/page"}],"author":[{"embeddable":true,"href":"https:\/\/forocfib.org\/sitio\/wp-json\/wp\/v2\/users\/1"}],"replies":[{"embeddable":true,"href":"https:\/\/forocfib.org\/sitio\/wp-json\/wp\/v2\/comments?post=2366"}],"version-history":[{"count":16,"href":"https:\/\/forocfib.org\/sitio\/wp-json\/wp\/v2\/pages\/2366\/revisions"}],"predecessor-version":[{"id":3669,"href":"https:\/\/forocfib.org\/sitio\/wp-json\/wp\/v2\/pages\/2366\/revisions\/3669"}],"wp:attachment":[{"href":"https:\/\/forocfib.org\/sitio\/wp-json\/wp\/v2\/media?parent=2366"}],"curies":[{"name":"wp","href":"https:\/\/api.w.org\/{rel}","templated":true}]}}