{"id":213,"date":"2019-02-27T05:55:10","date_gmt":"2019-02-27T05:55:10","guid":{"rendered":"http:\/\/vihan.themestek.com\/?page_id=213"},"modified":"2023-07-04T14:13:14","modified_gmt":"2023-07-04T14:13:14","slug":"nosotros","status":"publish","type":"page","link":"https:\/\/forocfib.org\/sitio\/nosotros\/","title":{"rendered":"Nosotros"},"content":{"rendered":"<p>[vc_row el_id=\u00bbMisionyVision\u00bb][vc_column][vc_empty_space]<div class=\"themestek-element-heading-wrapper themestek-heading-inner themestek-element-align-left themestek-seperator-none  vc_custom_1688394341511\"><section class=\"themestek-vc_cta3-container\"><div class=\"themestek-vc_general themestek-vc_cta3 themestek-cta3-only themestek-vc_cta3-style-classic themestek-vc_cta3-shape-rounded themestek-vc_cta3-align-left themestek-vc_cta3-color-transparent themestek-vc_cta3-icon-size-md themestek-vc_cta3-actions-no themestek-cta3-without-desc\"><div class=\"themestek-vc_cta3_content-container\"><div class=\"themestek-vc_cta3-content\"><div class=\"themestek-vc_cta3-content-header themestek-wrap\"><div class=\"themestek-vc_cta3-headers themestek-wrap-cell\"><h4 class=\"themestek-custom-heading \" >Foro Iberoamericano<\/h4>\n<h2 class=\"themestek-custom-heading \" >Visi\u00f3n y Misi\u00f3n<\/h2>\n<\/div><\/div><\/div><\/div><\/div><\/section><\/div> <!-- .themestek-element-heading-wrapper container --> [vc_single_image image=\u00bb642&#8243; img_size=\u00bbfull\u00bb][vc_column_text]<\/p>\n<div class=\"text-justify\">\n<p><strong><em>Misi\u00f3n<\/em><\/strong><\/p>\n<p><em>La misi\u00f3n del\u00a0Foro Iberoamericano de Coordinaci\u00f3n Presupuestaria, Financiera y Fiscal Intergubernamental es la de promover el fortalecimiento de las finanzas de los gobiernos subnacionales de los pa\u00edses iberoamericanos, por medio de la cooperaci\u00f3n, intercambio de conocimientos y buenas pr\u00e1cticas. Buscamos fomentar la gobernanza fiscal eficiente, sustentable e inclusiva, brindando herramientas para enfrentar los desaf\u00edos econ\u00f3micos y sociales, promover el desenvolvimiento local y mejorar la calidad de vida. <\/em><\/p>\n<p><strong><em>Visi\u00f3n<\/em><\/strong><\/p>\n<p><em>Ser una organizaci\u00f3n integrada por los pa\u00edses iberoamericanos trabajando en forma participativa y colaborativa, en pos de lograr un intercambio horizontal y permanente con respeto por las realidades institucionales de sus miembros.<\/em><\/p>\n<p><em>Ser reconocidos como un espacio de di\u00e1logo y colaboraci\u00f3n entre los gobiernos, instituciones, especialistas y actores relevantes, que impulsa la innovaci\u00f3n t\u00e9cnica y la gesti\u00f3n transparente, responsable y sustentable de los recursos p\u00fablicos.\u00a0<\/em><\/p>\n<\/div>\n<p>[\/vc_column_text][\/vc_column][\/vc_row][vc_row el_id=\u00bbantecedentes\u00bb][vc_column][vc_empty_space]<div class=\"themestek-element-heading-wrapper themestek-heading-inner themestek-element-align-left themestek-seperator-none  vc_custom_1688394352768\"><section class=\"themestek-vc_cta3-container\"><div class=\"themestek-vc_general themestek-vc_cta3 themestek-cta3-only themestek-vc_cta3-style-classic themestek-vc_cta3-shape-rounded themestek-vc_cta3-align-left themestek-vc_cta3-color-transparent themestek-vc_cta3-icon-size-md themestek-vc_cta3-actions-no themestek-cta3-without-desc\"><div class=\"themestek-vc_cta3_content-container\"><div class=\"themestek-vc_cta3-content\"><div class=\"themestek-vc_cta3-content-header themestek-wrap\"><div class=\"themestek-vc_cta3-headers themestek-wrap-cell\"><h4 class=\"themestek-custom-heading \" >Foro Iberoamericano<\/h4>\n<h2 class=\"themestek-custom-heading \" >Antecedentes<\/h2>\n<\/div><\/div><\/div><\/div><\/div><\/section><\/div> <!-- .themestek-element-heading-wrapper container --> [vc_single_image image=\u00bb642&#8243; img_size=\u00bbfull\u00bb][\/vc_column][\/vc_row][vc_row themestek_responsive_css=\u00bb11903985|colbreak_no|||||||||colbreak_no|||||||||colbreak_no||||||||||colbreak_no|||||||||\u00bb][vc_column][vc_column_text]<\/p>\n<div class=\"text-justify\">\n<p><em>El Foro Iberoamericano de Coordinaci\u00f3n Presupuestaria, Financiera y Fiscal Intergubernamental naci\u00f3 en el a\u00f1o 2011 con el prop\u00f3sito de crear un \u00e1mbito de encuentro entre funcionarios gubernamentales de los tres niveles de gobierno, que tuvieran la responsabilidad de estudiar, investigar y, fundamentalmente, gestionar\u00a0 los temas de las finanzas p\u00fablicas en nuestros pa\u00edses.<\/em><\/p>\n<p><em>\u00a0 \u00a0 Es por ello que cuentan con una participaci\u00f3n preponderante, aquellos funcionarios de los niveles subnacionales, estaduales o provinciales as\u00ed como municipales, y funcionarios federales con responsabilidades en la coordinaci\u00f3n fiscal<\/em><\/p>\n<p><em>\u00a0 \u00a0 Desde el primer Encuentro realizado en la Ciudad de Buenos Aires, Argentina en el a\u00f1o 2011, hemos recorrido un camino de crecimiento, sumando representantes gubernamentales y de organismos y entidades que abordan la problem\u00e1tica fiscal y financiera desde la perspectiva intergubernamental, que ha permitido concretar encuentros en Campeche, M\u00e9xico, en 2012; San Pablo, Brasil, 2014; Bogot\u00e1, Colombia, 2015; Montevideo, Uruguay, 2016; en Buenos Aires en 2018, en Macei\u00f3, Brasil, 2019, y en modalidad virtual desde Minas Gerais en Brasil en 2020.<\/em><\/p>\n<p><em>\u00a0 \u00a0 A partir de all\u00ed, los representantes de los distintos pa\u00edses que participan del Foro nos hemos comprometido en trabajar unidos para establecer un mecanismo de encuentro permanente para la reflexi\u00f3n, el intercambio de experiencias y de conocimientos, y el an\u00e1lisis del desarrollo de la gesti\u00f3n financiera, presupuestaria y fiscal de los pa\u00edses miembros.<\/em><\/p>\n<p><em>\u00a0 \u00a0 El desarrollo institucional del Foro Iberoamericano nos encuentra en una etapa de consolidaci\u00f3n de una estructura de trabajo permanente y en la generaci\u00f3n de instrumentos para la difusi\u00f3n, comunicaci\u00f3n y discusi\u00f3n de las problem\u00e1ticas t\u00e9cnicas a trav\u00e9s de la creaci\u00f3n de un blog de debate y de una p\u00e1gina web propia del espacio que nos permita ampliar esta red de funcionarios y analistas que promuevan el intercambio de trabajos, de estudios, de experiencias que ayuden a mejorar la gesti\u00f3n en cada lugar en que nos toca actuar.<\/em><\/p>\n<\/div>\n<p>[\/vc_column_text][\/vc_column][\/vc_row][vc_row disable_element=\u00bbyes\u00bb themestek_responsive_css=\u00bb11903985|colbreak_no|||||||||colbreak_no|||||||||colbreak_no||||||||||colbreak_no|||||||||\u00bb][vc_column][vc_column_text]<\/p>\n<div class=\"text-justify\">\n<p>Los encuentros de coordinaci\u00f3n presupuestaria, financiera y fiscal intergubernamental, est\u00e1n orientados a la consolidaci\u00f3n de espacios para promover debates sobre el manejo presupuestal, coordinaci\u00f3n intergubernamnetal, gesti\u00f3n de recursos y administraci\u00f3n financiera en el \u00e1mbito de las finanzas p\u00fablicas subnacionales de los pa\u00edses Iberoamericanos.<\/p>\n<p>A trav\u00e9s de las experiencias acumuladas en los encuentros previos, con la participaci\u00f3n de Argentina, Chile, Colombia, Brasil, M\u00e9xico, Ecuador, Espa\u00f1a, Per\u00fa y Uruguay, fue posible conocer e intercambiar experiencias y avances relacionados con:<\/p>\n<\/div>\n<p>[\/vc_column_text]<ul class=\"themestek-list themestek-list-style-icon themestek-list-icon-color-skincolor themestek- themestek-icon-skincolor themestek-list-textsize- themestek-list-icon-library-fontawesome vc_custom_1619449688308\"><li><i class=\"themestek-skincolor fa fa-caret-right\"><\/i>  <span class=\"themestek-list-li-content\">La consolidaci\u00f3n  macroecon\u00f3mica y fiscal intergubernamental<\/span><\/li><li><i class=\"themestek-skincolor fa fa-caret-right\"><\/i>  <span class=\"themestek-list-li-content\">El equilibrio fiscal<\/span><\/li><li><i class=\"themestek-skincolor fa fa-caret-right\"><\/i>  <span class=\"themestek-list-li-content\">Los sistemas de transferencias<\/span><\/li><li><i class=\"themestek-skincolor fa fa-caret-right\"><\/i>  <span class=\"themestek-list-li-content\">El Presupuesto basado en Resultados y los Sistemas de Evaluaci\u00f3n del Desempe\u00f1o de los programas p\u00fablicos a nivel subnacional<\/span><\/li><li><i class=\"themestek-skincolor fa fa-caret-right\"><\/i>  <span class=\"themestek-list-li-content\">La eficacia del gasto p\u00fablico en la prestaci\u00f3n de bienes y servicios en los gobiernos subnacionales<\/span><\/li><li><i class=\"themestek-skincolor fa fa-caret-right\"><\/i>  <span class=\"themestek-list-li-content\">La transparencia y rendici\u00f3n de cuentas en los pa\u00edses Iberoamericanos<\/span><\/li><\/ul>[vc_column_text]Los encuentros previos a trav\u00e9s de las agencias:[\/vc_column_text]<ul class=\"themestek-list themestek-list-style-icon themestek-list-icon-color-skincolor themestek- themestek-icon-skincolor themestek-list-textsize- themestek-list-icon-library-fontawesome vc_custom_1619449694140\"><li><i class=\"themestek-skincolor fa fa-caret-right\"><\/i>  <span class=\"themestek-list-li-content\">Instituto Latinoamericano y del Caribe de Planificaci\u00f3n Econ\u00f3mica y Social ILPES-CEPAL, Naciones Unidas<\/span><\/li><li><i class=\"themestek-skincolor fa fa-caret-right\"><\/i>  <span class=\"themestek-list-li-content\">Divisi\u00f3n de Desarrollo Econ\u00f3mico y organismos integrantes de la Comisi\u00f3n Econ\u00f3mica para Am\u00e9rica Latina y el Caribe (CEPAL)<\/span><\/li><li><i class=\"themestek-skincolor fa fa-caret-right\"><\/i>  <span class=\"themestek-list-li-content\">Foro Permanente de Direcciones de Presupuesto y Finanzas de la Rep\u00fablica Argentina<\/span><\/li><li><i class=\"themestek-skincolor fa fa-caret-right\"><\/i>  <span class=\"themestek-list-li-content\">Instituto para el Desarrollo T\u00e9cnico de las Haciendas P\u00fablicas de M\u00e9xico (INDETEC)<\/span><\/li><li><i class=\"themestek-skincolor fa fa-caret-right\"><\/i>  <span class=\"themestek-list-li-content\">Grupo de Gestores de Finanzas Estatales de Brasil (GEFIN), y MVI<\/span><\/li><li><i class=\"themestek-skincolor fa fa-caret-right\"><\/i>  <span class=\"themestek-list-li-content\">Direcci\u00f3n General de Apoyo Fiscal del Ministerio de Hacienda y Cr\u00e9dito P\u00fablico de Colombia<\/span><\/li><li><i class=\"themestek-skincolor fa fa-caret-right\"><\/i>  <span class=\"themestek-list-li-content\">Oficina de Planeamiento y Presupuesto de Uruguay<\/span><\/li><li><i class=\"themestek-skincolor fa fa-caret-right\"><\/i>  <span class=\"themestek-list-li-content\">Instituto de Estudios Fiscales de Espa\u00f1a<\/span><\/li><\/ul>[vc_column_text]<\/p>\n<div class=\"text-justify\">han permitido dar continuidad y ampliar las acciones organizativas que permiten en un futuro pr\u00f3ximo consolidar una red funcional entre los participantes y asistentes, favorecer un v\u00ednculo permanente que contribuya a ampliar el conocimiento, y mejorar el desempe\u00f1o de funciones en el \u00e1mbito p\u00fablico.<\/div>\n<p>[\/vc_column_text][\/vc_column][\/vc_row][vc_row][vc_column width=\u00bb1\/4&#8243;][vc_row_inner equal_height=\u00bbyes\u00bb content_placement=\u00bbmiddle\u00bb][vc_column_inner width=\u00bb1\/2&#8243;][vc_single_image image=\u00bb1148&#8243; img_size=\u00bb80&#215;80&#8243; alignment=\u00bbcenter\u00bb style=\u00bbvc_box_rounded\u00bb][\/vc_column_inner][vc_column_inner width=\u00bb1\/2&#8243;][vc_column_text]<\/p>\n<h5 style=\"text-align: center;\"><strong>2011<\/strong><br \/>\nArgentina<\/h5>\n<p style=\"text-align: center;\">Buenos Aires<\/p>\n<p>[\/vc_column_text][\/vc_column_inner][\/vc_row_inner][vc_row_inner][vc_column_inner][vc_single_image image=\u00bb643&#8243; img_size=\u00bbfull\u00bb alignment=\u00bbcenter\u00bb][\/vc_column_inner][\/vc_row_inner][\/vc_column][vc_column width=\u00bb1\/4&#8243;][vc_row_inner equal_height=\u00bbyes\u00bb content_placement=\u00bbmiddle\u00bb][vc_column_inner width=\u00bb1\/2&#8243;][vc_single_image image=\u00bb1154&#8243; img_size=\u00bb80&#215;80&#8243; alignment=\u00bbcenter\u00bb style=\u00bbvc_box_rounded\u00bb][\/vc_column_inner][vc_column_inner width=\u00bb1\/2&#8243;][vc_column_text]<\/p>\n<h5 style=\"text-align: center;\"><strong>2012<\/strong><br \/>\nM\u00e9xico<\/h5>\n<p style=\"text-align: center;\">Campeche<\/p>\n<p>[\/vc_column_text][\/vc_column_inner][\/vc_row_inner][vc_row_inner][vc_column_inner][vc_single_image image=\u00bb643&#8243; img_size=\u00bbfull\u00bb alignment=\u00bbcenter\u00bb][\/vc_column_inner][\/vc_row_inner][\/vc_column][vc_column width=\u00bb1\/4&#8243;][vc_row_inner equal_height=\u00bbyes\u00bb content_placement=\u00bbmiddle\u00bb][vc_column_inner width=\u00bb1\/2&#8243;][vc_single_image image=\u00bb1149&#8243; img_size=\u00bb80&#215;80&#8243; alignment=\u00bbcenter\u00bb style=\u00bbvc_box_rounded\u00bb][\/vc_column_inner][vc_column_inner width=\u00bb1\/2&#8243;][vc_column_text]<\/p>\n<h5 style=\"text-align: center;\"><strong>2014<\/strong><br \/>\nBrasil<\/h5>\n<p style=\"text-align: center;\">Sao Pablo<\/p>\n<p>[\/vc_column_text][\/vc_column_inner][\/vc_row_inner][vc_row_inner][vc_column_inner][vc_single_image image=\u00bb643&#8243; img_size=\u00bbfull\u00bb alignment=\u00bbcenter\u00bb][\/vc_column_inner][\/vc_row_inner][\/vc_column][vc_column width=\u00bb1\/4&#8243;][vc_row_inner equal_height=\u00bbyes\u00bb content_placement=\u00bbmiddle\u00bb][vc_column_inner width=\u00bb1\/2&#8243;][vc_single_image image=\u00bb1151&#8243; img_size=\u00bb80&#215;80&#8243; alignment=\u00bbcenter\u00bb style=\u00bbvc_box_rounded\u00bb][\/vc_column_inner][vc_column_inner width=\u00bb1\/2&#8243;][vc_column_text]<\/p>\n<h5 style=\"text-align: center;\"><strong>2015<\/strong><br \/>\nColombia<\/h5>\n<p style=\"text-align: center;\">Bogot\u00e1<\/p>\n<p>[\/vc_column_text][\/vc_column_inner][\/vc_row_inner][vc_row_inner][vc_column_inner][vc_single_image image=\u00bb643&#8243; img_size=\u00bbfull\u00bb alignment=\u00bbcenter\u00bb][\/vc_column_inner][\/vc_row_inner][\/vc_column][\/vc_row][vc_row][vc_column width=\u00bb1\/4&#8243;][vc_row_inner equal_height=\u00bbyes\u00bb content_placement=\u00bbmiddle\u00bb][vc_column_inner width=\u00bb1\/2&#8243;][vc_single_image image=\u00bb1155&#8243; img_size=\u00bb80&#215;80&#8243; alignment=\u00bbcenter\u00bb style=\u00bbvc_box_rounded\u00bb][\/vc_column_inner][vc_column_inner width=\u00bb1\/2&#8243;][vc_column_text]<\/p>\n<h5 style=\"text-align: center;\"><strong>2016<\/strong><br \/>\nUruguay<\/h5>\n<p style=\"text-align: center;\">Montevideo<\/p>\n<p>[\/vc_column_text][\/vc_column_inner][\/vc_row_inner][vc_row_inner][vc_column_inner][vc_single_image image=\u00bb643&#8243; img_size=\u00bbfull\u00bb alignment=\u00bbcenter\u00bb][\/vc_column_inner][\/vc_row_inner][\/vc_column][vc_column width=\u00bb1\/4&#8243;][vc_row_inner equal_height=\u00bbyes\u00bb content_placement=\u00bbmiddle\u00bb][vc_column_inner width=\u00bb1\/2&#8243;][vc_single_image image=\u00bb1148&#8243; img_size=\u00bb80&#215;80&#8243; alignment=\u00bbcenter\u00bb style=\u00bbvc_box_rounded\u00bb][\/vc_column_inner][vc_column_inner width=\u00bb1\/2&#8243;][vc_column_text]<\/p>\n<h5 style=\"text-align: center;\"><strong>2018<\/strong><br \/>\nArgentina<\/h5>\n<p style=\"text-align: center;\">Buenos Aires<\/p>\n<p>[\/vc_column_text][\/vc_column_inner][\/vc_row_inner][vc_row_inner][vc_column_inner][vc_single_image image=\u00bb643&#8243; img_size=\u00bbfull\u00bb alignment=\u00bbcenter\u00bb][\/vc_column_inner][\/vc_row_inner][\/vc_column][vc_column width=\u00bb1\/4&#8243;][vc_row_inner equal_height=\u00bbyes\u00bb content_placement=\u00bbmiddle\u00bb][vc_column_inner width=\u00bb1\/2&#8243;][vc_single_image image=\u00bb1149&#8243; img_size=\u00bb80&#215;80&#8243; alignment=\u00bbcenter\u00bb style=\u00bbvc_box_rounded\u00bb][\/vc_column_inner][vc_column_inner width=\u00bb1\/2&#8243;][vc_column_text]<\/p>\n<h5 style=\"text-align: center;\"><strong>2019<\/strong><br \/>\nBrasil<\/h5>\n<p style=\"text-align: center;\">Macei\u00f3<\/p>\n<p>[\/vc_column_text][\/vc_column_inner][\/vc_row_inner][vc_row_inner][vc_column_inner][vc_single_image image=\u00bb643&#8243; img_size=\u00bbfull\u00bb alignment=\u00bbcenter\u00bb][\/vc_column_inner][\/vc_row_inner][\/vc_column][vc_column width=\u00bb1\/4&#8243;][vc_row_inner equal_height=\u00bbyes\u00bb content_placement=\u00bbmiddle\u00bb][vc_column_inner width=\u00bb1\/2&#8243;][vc_single_image image=\u00bb1149&#8243; img_size=\u00bb80&#215;80&#8243; alignment=\u00bbcenter\u00bb style=\u00bbvc_box_rounded\u00bb][\/vc_column_inner][vc_column_inner width=\u00bb1\/2&#8243;][vc_column_text]<\/p>\n<h5 style=\"text-align: center;\"><strong>2020<\/strong><br \/>\nBrasil<\/h5>\n<p style=\"text-align: center;\">Virtual<\/p>\n<p>[\/vc_column_text][\/vc_column_inner][\/vc_row_inner][vc_row_inner][vc_column_inner][vc_single_image image=\u00bb643&#8243; img_size=\u00bbfull\u00bb alignment=\u00bbcenter\u00bb][\/vc_column_inner][\/vc_row_inner][\/vc_column][\/vc_row][vc_row][vc_column width=\u00bb1\/4&#8243;][vc_row_inner equal_height=\u00bbyes\u00bb content_placement=\u00bbmiddle\u00bb][vc_column_inner width=\u00bb1\/2&#8243;][vc_single_image image=\u00bb1293&#8243; img_size=\u00bb80&#215;80&#8243; alignment=\u00bbcenter\u00bb style=\u00bbvc_box_rounded\u00bb][\/vc_column_inner][vc_column_inner width=\u00bb1\/2&#8243;][vc_column_text]<\/p>\n<h5 style=\"text-align: center;\"><strong>2022<\/strong><br \/>\nEspa\u00f1a<\/h5>\n<p style=\"text-align: center;\">Madrid \/ Virtual<\/p>\n<p>[\/vc_column_text][\/vc_column_inner][\/vc_row_inner][vc_row_inner][vc_column_inner][vc_single_image image=\u00bb643&#8243; img_size=\u00bbfull\u00bb alignment=\u00bbcenter\u00bb][\/vc_column_inner][\/vc_row_inner][\/vc_column][vc_column width=\u00bb1\/4&#8243;][vc_row_inner equal_height=\u00bbyes\u00bb content_placement=\u00bbmiddle\u00bb][vc_column_inner width=\u00bb1\/2&#8243;][vc_single_image image=\u00bb1288&#8243; img_size=\u00bb80&#215;80&#8243; alignment=\u00bbcenter\u00bb style=\u00bbvc_box_rounded\u00bb][\/vc_column_inner][vc_column_inner width=\u00bb1\/2&#8243;][vc_column_text]<\/p>\n<h5 style=\"text-align: center;\"><strong>2023<\/strong><br \/>\nM\u00e9xico<\/h5>\n<p style=\"text-align: center;\">Guadalajara<\/p>\n<p>[\/vc_column_text][\/vc_column_inner][\/vc_row_inner][vc_row_inner][vc_column_inner][vc_single_image image=\u00bb643&#8243; img_size=\u00bbfull\u00bb alignment=\u00bbcenter\u00bb][\/vc_column_inner][\/vc_row_inner][\/vc_column][vc_column width=\u00bb1\/4&#8243;][\/vc_column][vc_column width=\u00bb1\/4&#8243;][\/vc_column][\/vc_row]<\/p>\n","protected":false},"excerpt":{"rendered":"<p>[vc_row el_id=\u00bbMisionyVision\u00bb][vc_column][vc_empty_space][vc_single_image image=\u00bb642&#8243; img_size=\u00bbfull\u00bb][vc_column_text] Misi\u00f3n La misi\u00f3n del\u00a0Foro Iberoamericano de Coordinaci\u00f3n Presupuestaria, Financiera y Fiscal Intergubernamental es la de promover el fortalecimiento de las finanzas de los gobiernos subnacionales de los pa\u00edses iberoamericanos, por medio de la cooperaci\u00f3n, intercambio de conocimientos y buenas pr\u00e1cticas. Buscamos fomentar la gobernanza fiscal eficiente, sustentable e inclusiva, brindando herramientas &hellip; <a href=\"https:\/\/forocfib.org\/sitio\/nosotros\/\" class=\"more-link\">Continue reading <span class=\"screen-reader-text\">Nosotros<\/span><\/a><\/p>\n","protected":false},"author":1,"featured_media":0,"parent":0,"menu_order":6,"comment_status":"closed","ping_status":"closed","template":"","meta":[],"_links":{"self":[{"href":"https:\/\/forocfib.org\/sitio\/wp-json\/wp\/v2\/pages\/213"}],"collection":[{"href":"https:\/\/forocfib.org\/sitio\/wp-json\/wp\/v2\/pages"}],"about":[{"href":"https:\/\/forocfib.org\/sitio\/wp-json\/wp\/v2\/types\/page"}],"author":[{"embeddable":true,"href":"https:\/\/forocfib.org\/sitio\/wp-json\/wp\/v2\/users\/1"}],"replies":[{"embeddable":true,"href":"https:\/\/forocfib.org\/sitio\/wp-json\/wp\/v2\/comments?post=213"}],"version-history":[{"count":33,"href":"https:\/\/forocfib.org\/sitio\/wp-json\/wp\/v2\/pages\/213\/revisions"}],"predecessor-version":[{"id":3335,"href":"https:\/\/forocfib.org\/sitio\/wp-json\/wp\/v2\/pages\/213\/revisions\/3335"}],"wp:attachment":[{"href":"https:\/\/forocfib.org\/sitio\/wp-json\/wp\/v2\/media?parent=213"}],"curies":[{"name":"wp","href":"https:\/\/api.w.org\/{rel}","templated":true}]}}