{"id":1973,"date":"2023-03-21T17:39:59","date_gmt":"2023-03-21T17:39:59","guid":{"rendered":"https:\/\/forocfib.org\/sitio\/?page_id=1973"},"modified":"2023-07-04T17:16:47","modified_gmt":"2023-07-04T17:16:47","slug":"vii-encuentro","status":"publish","type":"page","link":"https:\/\/forocfib.org\/sitio\/vii-encuentro\/","title":{"rendered":"VII Encuentro"},"content":{"rendered":"<p>[vc_row][vc_column][vc_empty_space]<div class=\"themestek-element-heading-wrapper themestek-heading-inner themestek-element-align-left themestek-seperator-none  vc_custom_1679422251011\"><section class=\"themestek-vc_cta3-container\"><div class=\"themestek-vc_general themestek-vc_cta3 themestek-cta3-only themestek-vc_cta3-style-classic themestek-vc_cta3-shape-rounded themestek-vc_cta3-align-left themestek-vc_cta3-color-transparent themestek-vc_cta3-icon-size-md themestek-vc_cta3-actions-no themestek-cta3-without-desc\"><div class=\"themestek-vc_cta3_content-container\"><div class=\"themestek-vc_cta3-content\"><div class=\"themestek-vc_cta3-content-header themestek-wrap\"><div class=\"themestek-vc_cta3-headers themestek-wrap-cell\"><h4 class=\"themestek-custom-heading \" >Foro Iberoamericano<\/h4>\n<h2 class=\"themestek-custom-heading \" >VII. Encuentro de Coordinaci\u00f3n Presupuestar\u00eda y Fiscal 2019<\/h2>\n<\/div><\/div><\/div><\/div><\/div><\/section><\/div> <!-- .themestek-element-heading-wrapper container --> [vc_single_image image=\u00bb642&#8243; img_size=\u00bbfull\u00bb][vc_row_inner][vc_column_inner width=\u00bb1\/3&#8243;][\/vc_column_inner][vc_column_inner width=\u00bb1\/3&#8243;][vc_single_image image=\u00bb1286&#8243; img_size=\u00bb80&#215;80&#8243; alignment=\u00bbright\u00bb][\/vc_column_inner][vc_column_inner width=\u00bb1\/3&#8243;]<div class=\"themestek-element-heading-wrapper themestek-heading-inner themestek-element-align-left themestek-seperator-none  vc_custom_1679422236343\"><section class=\"themestek-vc_cta3-container\"><div class=\"themestek-vc_general themestek-vc_cta3 themestek-cta3-only themestek-vc_cta3-style-classic themestek-vc_cta3-shape-rounded themestek-vc_cta3-align-left themestek-vc_cta3-color-transparent themestek-vc_cta3-icon-size-md themestek-vc_cta3-actions-no themestek-cta3-without-desc\"><div class=\"themestek-vc_cta3_content-container\"><div class=\"themestek-vc_cta3-content\"><div class=\"themestek-vc_cta3-content-header themestek-wrap\"><div class=\"themestek-vc_cta3-headers themestek-wrap-cell\"><h4 class=\"themestek-custom-heading \" >Sede<\/h4>\n<h2 style=\"font-size:1.5em;\" class=\"themestek-custom-heading \" >Brasil - Macei\u00f3<\/h2>\n<\/div><\/div><\/div><\/div><\/div><\/section><\/div> <!-- .themestek-element-heading-wrapper container --> [\/vc_column_inner][\/vc_row_inner][\/vc_column][\/vc_row][vc_row themestek_responsive_css=\u00bb11903985|colbreak_no|||||||||colbreak_no|||||||||colbreak_no||||||||||colbreak_no|||||||||\u00bb][vc_column][vc_tta_tabs style=\u00bbmodern\u00bb gap=\u00bb5&#8243; active_section=\u00bb1&#8243; el_class=\u00bbtabsenc\u00bb][vc_tta_section title=\u00bbAgenda\u00bb tab_id=\u00bbagenda\u00bb][vc_row_inner equal_height=\u00bbyes\u00bb][vc_column_inner width=\u00bb1\/2&#8243;]<h5 style=\"text-align:left;\" class=\"themestek-custom-heading \" >TEMA \/ ACTIVIDAD<\/h5>\n[\/vc_column_inner][vc_column_inner width=\u00bb1\/2&#8243;]<h5 style=\"text-align:left;\" class=\"themestek-custom-heading \" >PONENTES<\/h5>\n[\/vc_column_inner][\/vc_row_inner][vc_row_inner equal_height=\u00bbyes\u00bb][vc_column_inner width=\u00bb1\/2&#8243;]<h6 style=\"text-align:left;\" class=\"themestek-custom-heading \" >CREDENCIAMENTO E ABERTUR<\/h6>\n[\/vc_column_inner][vc_column_inner width=\u00bb1\/2&#8243;]<ul class=\"themestek-list themestek-list-style-icon themestek-list-icon-color-skincolor themestek- themestek-icon-skincolor themestek-list-textsize-small themestek-list-icon-library-fontawesome\"><li><i class=\"themestek-skincolor fa fa-caret-right\"><\/i>  <span class=\"themestek-list-li-content\">JOS\u00c9 RENAN VASCONCELOS CALHEIROS FILHO, GOVERNADOR DO ESTADO DE ALAGOAS BRASIL<\/span><\/li><li><i class=\"themestek-skincolor fa fa-caret-right\"><\/i>  <span class=\"themestek-list-li-content\">GEORGE ANDR\u00c9 PALERMO SANTORO, SECRETARIO DE FAZENDA DO ESTADO DE ALAGOAS BRASIL<\/span><\/li><li><i class=\"themestek-skincolor fa fa-caret-right\"><\/i>  <span class=\"themestek-list-li-content\">FABRICIO SANTOS MARQUES, SECRETARIO DE PLANEJAMENTO GEST\u00c3O E PATRIM\u00d4NIO DE ALAGOAS E PRESIDENTE DO CONSAD BRASIL<\/span><\/li><li><i class=\"themestek-skincolor fa fa-caret-right\"><\/i>  <span class=\"themestek-list-li-content\">EDUARDO BACCI, PRESIDENTE DO FORO IBEROAMERICANO DE COORDENA\u00c7\u00c3O OR\u00c7AMENT\u00c1RIA E FISCAL INTERGOVERNAMENTAL ARGENTINA<\/span><\/li><li><i class=\"themestek-skincolor fa fa-caret-right\"><\/i>  <span class=\"themestek-list-li-content\">C\u00c9LIA MARIA SILVA CARVALHO, PRESIDENTE DO GEFIN BRASIL<\/span><\/li><li><i class=\"themestek-skincolor fa fa-caret-right\"><\/i>  <span class=\"themestek-list-li-content\">ALAIN CUENCA, DIRECTOR DO INSTITUTO DE ESTUDIOS FISCALES - IEF ESPANHA<\/span><\/li><li><i class=\"themestek-skincolor fa fa-caret-right\"><\/i>  <span class=\"themestek-list-li-content\">CARLOS GARCIA LEPE, DIRECTOR DE INDETEC M\u00c9XICO<\/span><\/li><li><i class=\"themestek-skincolor fa fa-caret-right\"><\/i>  <span class=\"themestek-list-li-content\">CARLOS MUSSI, DIRETOR DA CEPAL NO BRASIL CHILE<\/span><\/li><\/ul>[\/vc_column_inner][\/vc_row_inner][vc_row_inner][vc_column_inner][vc_text_separator title=\u00bbPALESTRA MAGNA &#8211; MACROECONOMIA DA AM\u00c9RICA LATINA\u00bb css=\u00bb.vc_custom_1687445906843{margin-top: 30px !important;margin-bottom: 30px !important;}\u00bb][\/vc_column_inner][\/vc_row_inner][vc_row_inner equal_height=\u00bbyes\u00bb][vc_column_inner width=\u00bb1\/2&#8243;]<h6 style=\"text-align:left;\" class=\"themestek-custom-heading \" >CHEFE DA UNIDADE DE ASSUNTOS FISCAIS DA CEPAL<\/h6>\n[\/vc_column_inner][vc_column_inner width=\u00bb1\/2&#8243;]<ul class=\"themestek-list themestek-list-style-icon themestek-list-icon-color-skincolor themestek- themestek-icon-skincolor themestek-list-textsize-small themestek-list-icon-library-fontawesome\"><li><i class=\"themestek-skincolor fa fa-caret-right\"><\/i>  <span class=\"themestek-list-li-content\">NOEL P\u00c9REZ BENITEZ<\/span><\/li><\/ul>[\/vc_column_inner][\/vc_row_inner][vc_row_inner][vc_column_inner][vc_text_separator title=\u00bbPAINEL 1 &#8211; SITUA\u00c7\u00c3O MACROECONOMICA E FISCAL\u00bb css=\u00bb.vc_custom_1687445919790{margin-top: 30px !important;margin-bottom: 30px !important;}\u00bb][vc_column_text]Situa\u00e7\u00e3o atual e evolu\u00e7\u00e3o da economia a n\u00edvel internacional e seu impacto para as finan\u00e7as p\u00fablicas nos pa\u00edses da Am\u00e9rica Latina. Desafios para a sustentabilidade fiscal. Perspectivas para Latinoam\u00e9rica. Situa\u00e7\u00e3o econ\u00f3mica e fiscal no Brasil. Reformas Fiscais \u2013 previd\u00eancia, tribut\u00e1ria e nos regimes de Responsabilidade Fiscal.[\/vc_column_text][\/vc_column_inner][\/vc_row_inner][vc_row_inner equal_height=\u00bbyes\u00bb][vc_column_inner width=\u00bb1\/2&#8243;]<h6 style=\"text-align:left;\" class=\"themestek-custom-heading \" ><\/h6>\n[\/vc_column_inner][vc_column_inner width=\u00bb1\/2&#8243;]<ul class=\"themestek-list themestek-list-style-icon themestek-list-icon-color-skincolor themestek- themestek-icon-skincolor themestek-list-textsize-small themestek-list-icon-library-fontawesome\"><li><i class=\"themestek-skincolor fa fa-caret-right\"><\/i>  <span class=\"themestek-list-li-content\">FERNANDA PACOBAHYBA, SECRET\u00c1RIA DE ESTADO DA FAZENDA DO CEAR\u00c1 BRASIL<\/span><\/li><li><i class=\"themestek-skincolor fa fa-caret-right\"><\/i>  <span class=\"themestek-list-li-content\">ANA PAULA VESCOVI, ECONOMISTA CHEFE DO SANTANDER CORPORATE INVESTMENT BANKING (SCIB) BRASIL<\/span><\/li><li><i class=\"themestek-skincolor fa fa-caret-right\"><\/i>  <span class=\"themestek-list-li-content\">GEORGE ANDR\u00c9 PALERMO SANTORO, SECRET\u00c1RIO DE ESTADO DA FAZENDA DE ALAGOAS BRASIL<\/span><\/li><li><i class=\"themestek-skincolor fa fa-caret-right\"><\/i>  <span class=\"themestek-list-li-content\">EDUARDA LA ROCQUE, ECONOMISTA CHEFE BANESTES BRASIL<\/span><\/li><li><i class=\"themestek-skincolor fa fa-caret-right\"><\/i>  <span class=\"themestek-list-li-content\">GONZALO NEYRA, DIRECTOR GENERAL DE POL\u00cdTICA MACROECONOMICA Y DESCENTRALIZACION FISCAL, MINISTERIO ECONOMIA PERU PERU<\/span><\/li><\/ul>[\/vc_column_inner][\/vc_row_inner][vc_row_inner][vc_column_inner][vc_text_separator title=\u00bbPAINEL 2 &#8211; COORDENA\u00c7\u00c3O E ACORDOS FISCAIS INTERGOVERNAMENTAIS E INTERNACIONAIS\u00bb css=\u00bb.vc_custom_1687445958948{margin-top: 30px !important;margin-bottom: 30px !important;}\u00bb][vc_column_text]Mecanismos de coordenac\u00e3o fiscal entre niveis de governo. Federalismo Fiscal no Brasil. A import\u00e3ncia dos Bancos multilaterais para o Desenvolvimento Economico e Social dos Pa\u00edses da America Latina e Caribe. Experiencias de pa\u00edses iberoamericanos.[\/vc_column_text][\/vc_column_inner][\/vc_row_inner][vc_row_inner equal_height=\u00bbyes\u00bb][vc_column_inner width=\u00bb1\/2&#8243;]<h6 style=\"text-align:left;\" class=\"themestek-custom-heading \" ><\/h6>\n[\/vc_column_inner][vc_column_inner width=\u00bb1\/2&#8243;]<ul class=\"themestek-list themestek-list-style-icon themestek-list-icon-color-skincolor themestek- themestek-icon-skincolor themestek-list-textsize-small themestek-list-icon-library-fontawesome\"><li><i class=\"themestek-skincolor fa fa-caret-right\"><\/i>  <span class=\"themestek-list-li-content\">CARLOS MUSSI, (MODERADOR) DIRETOR DA CEPAL NO BRASIL CHILE<\/span><\/li><li><i class=\"themestek-skincolor fa fa-caret-right\"><\/i>  <span class=\"themestek-list-li-content\">C\u00c9LIA MARIA SILVA CARVALHO, PRESIDENTE DO GEFIN BRASIL<\/span><\/li><li><i class=\"themestek-skincolor fa fa-caret-right\"><\/i>  <span class=\"themestek-list-li-content\">MARCOS MENDES PESQUISADOR DO INSPER BRASIL<\/span><\/li><li><i class=\"themestek-skincolor fa fa-caret-right\"><\/i>  <span class=\"themestek-list-li-content\">ADRIAN CENTURION, SECRET\u00c1RIO EXECUTIVO FORO ARGENTINA<\/span><\/li><li><i class=\"themestek-skincolor fa fa-caret-right\"><\/i>  <span class=\"themestek-list-li-content\">ARC\u00c9SIO VALENZUELA ORDO\u00d1EZ, SUBDIRECCI\u00d3N DE APOYO AL SANEAMIENTO FISCAL TERRITORIAL - MINISTERIO DE HACIENDA Y CR\u00c9DITO P\u00daBLICO COL\u00d4MBIA<\/span><\/li><li><i class=\"themestek-skincolor fa fa-caret-right\"><\/i>  <span class=\"themestek-list-li-content\">CARLOS GARCIA LEPE, DIRETOR GERAL DO INDETEC M\u00c9XICO<\/span><\/li><\/ul>[\/vc_column_inner][\/vc_row_inner][vc_row_inner][vc_column_inner][vc_text_separator title=\u00bbPAINEL 3 &#8211; REGRAS FISCAIS E TRANSPAR\u00caNCIA\u00bb css=\u00bb.vc_custom_1687446196997{margin-top: 30px !important;margin-bottom: 30px !important;}\u00bb][vc_column_text]Desaf\u00edos fiscais e perspectivas de longo prazo. A importancia dos Sistemas de Administra\u00e7\u00e3o Financeira. As novas normas de contabilidade aplicadas ao Setor P\u00fablico. Contabilidade de Custos. Consolida\u00e7\u00e3o Nacional das contas. Experi\u00eancia do Brasil e de pa\u00edses iberoamericanos.[\/vc_column_text][\/vc_column_inner][\/vc_row_inner][vc_row_inner equal_height=\u00bbyes\u00bb][vc_column_inner width=\u00bb1\/2&#8243;]<h6 style=\"text-align:left;\" class=\"themestek-custom-heading \" ><\/h6>\n[\/vc_column_inner][vc_column_inner width=\u00bb1\/2&#8243;]<ul class=\"themestek-list themestek-list-style-icon themestek-list-icon-color-skincolor themestek- themestek-icon-skincolor themestek-list-textsize-small themestek-list-icon-library-fontawesome\"><li><i class=\"themestek-skincolor fa fa-caret-right\"><\/i>  <span class=\"themestek-list-li-content\">SANDRA TENERINI, MINIST\u00c9RIO DA ECONOMIA, INFRAESTRUTURA E ENERGIA DA ARGENTINA<\/span><\/li><li><i class=\"themestek-skincolor fa fa-caret-right\"><\/i>  <span class=\"themestek-list-li-content\">ALAIN CUENCA, DIRETOR GERAL DO IEF ESPANHA<\/span><\/li><li><i class=\"themestek-skincolor fa fa-caret-right\"><\/i>  <span class=\"themestek-list-li-content\">PEDRO JUC\u00c1 MACIEL, SUBSECRETARIA DE PLANEJAMENTO ESTRAT\u00c9GICO DA POL\u00cdTICA FISCAL DA STN BRASIL<\/span><\/li><li><i class=\"themestek-skincolor fa fa-caret-right\"><\/i>  <span class=\"themestek-list-li-content\">REBECA ELIZALDE HERNANDEZ, SECRETARIA DE LA HACIENDA DE JALISCO - GUADALAJARA M\u00c9XICO<\/span><\/li><\/ul>[\/vc_column_inner][\/vc_row_inner][vc_row_inner][vc_column_inner][vc_text_separator title=\u00bbPAINEL 4 &#8211; CONTROLE E GEST\u00c3O DE RESULTADOS NA ADMINISTRA\u00c7\u00c3O PUBLICA\u00bb css=\u00bb.vc_custom_1687446393633{margin-top: 30px !important;margin-bottom: 30px !important;}\u00bb][vc_column_text]O papel do Controle interno para a melhoria da gest\u00e3o p\u00fablica. A rela\u00e7\u00e3o controle interno e externo. Experiencia de avalia\u00e7\u00e3o dos controles interno e externo no Brasil e nos pa\u00edses iberoamericanos.[\/vc_column_text][\/vc_column_inner][\/vc_row_inner][vc_row_inner equal_height=\u00bbyes\u00bb][vc_column_inner width=\u00bb1\/2&#8243;]<h6 style=\"text-align:left;\" class=\"themestek-custom-heading \" ><\/h6>\n[\/vc_column_inner][vc_column_inner width=\u00bb1\/2&#8243;]<ul class=\"themestek-list themestek-list-style-icon themestek-list-icon-color-skincolor themestek- themestek-icon-skincolor themestek-list-textsize-small themestek-list-icon-library-fontawesome\"><li><i class=\"themestek-skincolor fa fa-caret-right\"><\/i>  <span class=\"themestek-list-li-content\">DANIEL ORTEGA, SENIOR PUBLIC SECTOR SPECIALIST DO BIRD BRASIL<\/span><\/li><li><i class=\"themestek-skincolor fa fa-caret-right\"><\/i>  <span class=\"themestek-list-li-content\">ANTOINETTE MUSILEK EMBAIXADA DA ESPANHA NO BRASIL ESPANHA<\/span><\/li><li><i class=\"themestek-skincolor fa fa-caret-right\"><\/i>  <span class=\"themestek-list-li-content\">LUZ ELVIA RASC\u00d3N, DIRETORA DE GASTO P\u00daBLICO E PBR-SED M\u00c9XICO<\/span><\/li><li><i class=\"themestek-skincolor fa fa-caret-right\"><\/i>  <span class=\"themestek-list-li-content\">LUIS GARCIA SOTELO, DIRECTOR GENERAL DE AUDITOR\u00cdAS DE LA SECRETAR\u00cdA DE LA HACIENDA P\u00daBLICA DEL ESTADO DE JALISCO M\u00c9XICO<\/span><\/li><\/ul>[\/vc_column_inner][\/vc_row_inner][vc_row_inner][vc_column_inner][vc_text_separator title=\u00bbPAINEL 5 &#8211; CONTABILIDADE APLICADA AO SETOR P\u00daBLICO\u00bb css=\u00bb.vc_custom_1687446619734{margin-top: 30px !important;margin-bottom: 30px !important;}\u00bb][vc_column_text]A import\u00e2ncia da Contabilidade de Custos para o Setor P\u00fablico. Experi\u00eancias na Am\u00e9rica Latina com Contabilidade de Custos. Ado\u00e7\u00e3o do IFRS no Setor P\u00fablica na Am\u00e9rica Latina. A experi\u00eancia dos Governos Subnacionais na converg\u00eancia das Normas de Contabilidade.[\/vc_column_text][\/vc_column_inner][\/vc_row_inner][vc_row_inner equal_height=\u00bbyes\u00bb][vc_column_inner width=\u00bb1\/2&#8243;]<h6 style=\"text-align:left;\" class=\"themestek-custom-heading \" ><\/h6>\n[\/vc_column_inner][vc_column_inner width=\u00bb1\/2&#8243;]<ul class=\"themestek-list themestek-list-style-icon themestek-list-icon-color-skincolor themestek- themestek-icon-skincolor themestek-list-textsize-small themestek-list-icon-library-fontawesome\"><li><i class=\"themestek-skincolor fa fa-caret-right\"><\/i>  <span class=\"themestek-list-li-content\">AUGUSTO DE OLIVEIRA MONTEIRO (MODERADOR), COORDENADOR EXECUTIVO GEFIN BRASIL<\/span><\/li><li><i class=\"themestek-skincolor fa fa-caret-right\"><\/i>  <span class=\"themestek-list-li-content\">PAULO HENRIQUE FEIJ\u00d3, ESPECIALISTA EM CONTAS P\u00daBLICAS BRASIL<\/span><\/li><li><i class=\"themestek-skincolor fa fa-caret-right\"><\/i>  <span class=\"themestek-list-li-content\">MARIA DA CONCEI\u00c7\u00c3O BARROS DE REZENDE LADEIRA, SUPERINTENDENTE CENTRAL DE CONTABILIDADE GOVERNAMENTAL NA SECRETARIA DE FAZENDA DO ESTADO DE MINAS GERAIS BRASIL<\/span><\/li><li><i class=\"themestek-skincolor fa fa-caret-right\"><\/i>  <span class=\"themestek-list-li-content\">LAURA GRACIELA ACCIFONTE FEDERACI\u00d3N ARGENTINA DE CONSEJOS PROFESIONALES DE CIENCIAS ECON\u00d3MICAS DE ARGENTINA (FACPCE) \/ PRESIDENTE DA COMISS\u00c3O DO SETOR P\u00daBLICO DA AIC ARGENTINA<\/span><\/li><li><i class=\"themestek-skincolor fa fa-caret-right\"><\/i>  <span class=\"themestek-list-li-content\">JOS\u00c9 LUIZ MARQUES BARRETO, VICE-PRESIDENTE DO CONSELHO REGIONAL DE CONTABILIDADE DO DISTRITO FEDERAL E AUDITOR DE CONTROLE INTERNO DA SECRETARIA DE ESTADO DA FAZENDA DO DISTRITO FEDERAL BRASIL<\/span><\/li><\/ul>[\/vc_column_inner][\/vc_row_inner][vc_row_inner][vc_column_inner][vc_text_separator title=\u00bbPAINEL 6 &#8211; D\u00cdVIDA P\u00daBLICA E SUSTENTABILIDADE FISCA\u00bb css=\u00bb.vc_custom_1687447530768{margin-top: 30px !important;margin-bottom: 30px !important;}\u00bb][vc_column_text]Mercado financeiro e envididamento p\u00fablico no contexto atual. Metodologias de Avalia\u00e7\u00e3o de risco e de sustentabilidade fiscal. Gest\u00e3o da d\u00edvida p\u00fablica, ativos e passivos. Equilibrio dos governos subnacionais e alternativas de financiamento. Programas Experiencias de pa\u00edses iberoamericanos.[\/vc_column_text][\/vc_column_inner][\/vc_row_inner][vc_row_inner equal_height=\u00bbyes\u00bb][vc_column_inner width=\u00bb1\/2&#8243;]<h6 style=\"text-align:left;\" class=\"themestek-custom-heading \" ><\/h6>\n[\/vc_column_inner][vc_column_inner width=\u00bb1\/2&#8243;]<ul class=\"themestek-list themestek-list-style-icon themestek-list-icon-color-skincolor themestek- themestek-icon-skincolor themestek-list-textsize-small themestek-list-icon-library-fontawesome\"><li><i class=\"themestek-skincolor fa fa-caret-right\"><\/i>  <span class=\"themestek-list-li-content\">LUANA TAVARES, DIRETORA EXECUTIVA DA CLP BRASIL<\/span><\/li><li><i class=\"themestek-skincolor fa fa-caret-right\"><\/i>  <span class=\"themestek-list-li-content\">PRICILLA MARIA SANTANA, SUBSECRETARIA DE RELA\u00c7\u00d5ES FINANCEIRAS INTERGOVERNAMENTAIS DA STN BRASIL<\/span><\/li><li><i class=\"themestek-skincolor fa fa-caret-right\"><\/i>  <span class=\"themestek-list-li-content\">EHTISHAM AHMAD, SENIOR FELLOW - ZEF, UNIVERSITY OF BONN - GRANTHAM RESEARCH INSTITUTE, LSE - CHINESE ACADEMY OF FISCAL SCIENCE; AND PAO YU-KONG PROFESSOR, ZHEJIANG UNIVERSITY INGLATERRA<\/span><\/li><li><i class=\"themestek-skincolor fa fa-caret-right\"><\/i>  <span class=\"themestek-list-li-content\">EDUARDO BACCI, PRESIDENTE DO FORO IBEROAMERICANO DE COORDENA\u00c7\u00c3O OR\u00c7AMENT\u00c1RIA E FISCAL INTERGOVERNAMENTAL ARGENTINA<\/span><\/li><li><i class=\"themestek-skincolor fa fa-caret-right\"><\/i>  <span class=\"themestek-list-li-content\">HUMBERTO COLMAN VICE MINISTRO DE ECONOMIA DEL PARAGUAY PARAGUAI<\/span><\/li><\/ul>[\/vc_column_inner][\/vc_row_inner][vc_row_inner][vc_column_inner][vc_text_separator title=\u00bbPLANEJAMENTO E OR\u00c7AMENTO P\u00daBLICO\u00bb css=\u00bb.vc_custom_1687448408487{margin-top: 30px !important;margin-bottom: 30px !important;}\u00bb][vc_column_text]Planejamento estrat\u00e9gico e ader\u00eancia aos ODS. Pr\u00e1ticas inovadoras na formula\u00e7\u00e3o do or\u00e7amento. Desenvolvimento de novas ferramentas de Gest\u00e3o. Institucionaliza\u00e7\u00e3o das \u00e1reas de planejamento e finan\u00e7as. Qualidade do Gasto p\u00fablico. Gest\u00e3o de custos. Indicadores de Gest\u00e3o. Experiencia de pa\u00edses iberoamericanos.[\/vc_column_text][\/vc_column_inner][\/vc_row_inner][vc_row_inner equal_height=\u00bbyes\u00bb][vc_column_inner width=\u00bb1\/2&#8243;]<h6 style=\"text-align:left;\" class=\"themestek-custom-heading \" ><\/h6>\n[\/vc_column_inner][vc_column_inner width=\u00bb1\/2&#8243;]<ul class=\"themestek-list themestek-list-style-icon themestek-list-icon-color-skincolor themestek- themestek-icon-skincolor themestek-list-textsize-small themestek-list-icon-library-fontawesome\"><li><i class=\"themestek-skincolor fa fa-caret-right\"><\/i>  <span class=\"themestek-list-li-content\">FABRICIO MARQUES SANTOS (MODERADOR) SECRETARIO DE ESTADO DO PLANEJAMENTO, GEST\u00c3O E PATRIM\u00d4NIO DE ALAGOAS E PRESIDENTE DO CONSAD BRASIL<\/span><\/li><li><i class=\"themestek-skincolor fa fa-caret-right\"><\/i>  <span class=\"themestek-list-li-content\">H\u00c9LIO TOLLINI CONSULTOR DE OR\u00c7AMENTO NA C\u00c2MARA DOS DEPUTADOS FEDERAL BRASIL<\/span><\/li><li><i class=\"themestek-skincolor fa fa-caret-right\"><\/i>  <span class=\"themestek-list-li-content\">FERNANDO CARRI\u00d3N EXPERTO FINANZAS P\u00daBLICAS EQUADOR<\/span><\/li><li><i class=\"themestek-skincolor fa fa-caret-right\"><\/i>  <span class=\"themestek-list-li-content\">BRUNO SCHETTINI SUBSECRET\u00c1RIO DE ESTADO DE PLANEJAMENTO, OR\u00c7AMENTO E GEST\u00c3O DO RIO DE JANEIRO BRASIL<\/span><\/li><li><i class=\"themestek-skincolor fa fa-caret-right\"><\/i>  <span class=\"themestek-list-li-content\">STELLA MARIS RODRIGUEZ FORO DE PRESUPUESTO ARGENTINA<\/span><\/li><li><i class=\"themestek-skincolor fa fa-caret-right\"><\/i>  <span class=\"themestek-list-li-content\">CRISTINA RUIZ VICE PRESIDENTE FORO DE PRESUPUESTO ARGENTINA<\/span><\/li><\/ul>[\/vc_column_inner][\/vc_row_inner][vc_row_inner equal_height=\u00bbyes\u00bb disable_element=\u00bbyes\u00bb][vc_column_inner width=\u00bb1\/2&#8243;]<h6 style=\"text-align:left;\" class=\"themestek-custom-heading \" ><\/h6>\n[\/vc_column_inner][vc_column_inner width=\u00bb1\/2&#8243;]<ul class=\"themestek-list themestek-list-style-icon themestek-list-icon-color-skincolor themestek- themestek-icon-skincolor themestek-list-textsize-small themestek-list-icon-library-fontawesome\"><\/ul>[\/vc_column_inner][\/vc_row_inner][vc_row_inner][vc_column_inner][vc_text_separator title=\u00bbCIERRE DEL S\u00c9PTMO ENCUENTRO\u00bb css=\u00bb.vc_custom_1679422059364{margin-top: 30px !important;margin-bottom: 30px !important;}\u00bb][\/vc_column_inner][\/vc_row_inner][\/vc_tta_section][vc_tta_section title=\u00bbGaler\u00eda de Fotos\u00bb tab_id=\u00bbgaleria\u00bb][vc_row_inner][vc_column_inner][vc_media_grid style=\u00bbload-more\u00bb element_width=\u00bb3&#8243; item=\u00bbmasonryMedia_BorderedScale\u00bb btn_title=\u00bbVer m\u00e1s Fotograf\u00edas\u00bb grid_id=\u00bbvc_gid:1688490915641-1b09a643-fd66-7&#8243; include=\u00bb2355,2356,2357,2358,2359,2360,2361,2362,2363,2364,3264,3265,3276,3266,3267,3269,3270,3271,3272,3273,3268,3274,3275,3277,3278,3280,3281,3284,3279,3282,3283,3285,3286,3287,3288,3289,3290,3291,3292,3293,3294,3295,3296,3298,3301,3302,3303,3304,3305,3306,3307,3308,3309,3310,3311,3312,3313,3314,3315,3316,3317,3318,3319,3320,3321,3322,3323,3324,3325,3326,3327,3328,3329,3300,3299&#8243;][\/vc_column_inner][\/vc_row_inner][\/vc_tta_section][vc_tta_section title=\u00bbRepositorio\u00bb tab_id=\u00bb1678916180914-ed5359f6-1e9b\u00bb][vc_row_inner][vc_column_inner][vc_wp_custommenu nav_menu=\u00bb39&#8243; el_class=\u00bbmenu-encuentros\u00bb][\/vc_column_inner][\/vc_row_inner][\/vc_tta_section][\/vc_tta_tabs][\/vc_column][\/vc_row]<\/p>\n","protected":false},"excerpt":{"rendered":"<p>[vc_row][vc_column][vc_empty_space][vc_single_image image=\u00bb642&#8243; img_size=\u00bbfull\u00bb][vc_row_inner][vc_column_inner width=\u00bb1\/3&#8243;][\/vc_column_inner][vc_column_inner width=\u00bb1\/3&#8243;][vc_single_image image=\u00bb1286&#8243; img_size=\u00bb80&#215;80&#8243; alignment=\u00bbright\u00bb][\/vc_column_inner][vc_column_inner width=\u00bb1\/3&#8243;][\/vc_column_inner][\/vc_row_inner][\/vc_column][\/vc_row][vc_row themestek_responsive_css=\u00bb11903985|colbreak_no|||||||||colbreak_no|||||||||colbreak_no||||||||||colbreak_no|||||||||\u00bb][vc_column][vc_tta_tabs style=\u00bbmodern\u00bb gap=\u00bb5&#8243; active_section=\u00bb1&#8243; el_class=\u00bbtabsenc\u00bb][vc_tta_section title=\u00bbAgenda\u00bb tab_id=\u00bbagenda\u00bb][vc_row_inner equal_height=\u00bbyes\u00bb][vc_column_inner width=\u00bb1\/2&#8243;][\/vc_column_inner][vc_column_inner width=\u00bb1\/2&#8243;][\/vc_column_inner][\/vc_row_inner][vc_row_inner equal_height=\u00bbyes\u00bb][vc_column_inner width=\u00bb1\/2&#8243;][\/vc_column_inner][vc_column_inner width=\u00bb1\/2&#8243;][\/vc_column_inner][\/vc_row_inner][vc_row_inner][vc_column_inner][vc_text_separator title=\u00bbPALESTRA MAGNA &#8211; MACROECONOMIA DA AM\u00c9RICA LATINA\u00bb css=\u00bb.vc_custom_1687445906843{margin-top: 30px !important;margin-bottom: 30px !important;}\u00bb][\/vc_column_inner][\/vc_row_inner][vc_row_inner equal_height=\u00bbyes\u00bb][vc_column_inner width=\u00bb1\/2&#8243;][\/vc_column_inner][vc_column_inner width=\u00bb1\/2&#8243;][\/vc_column_inner][\/vc_row_inner][vc_row_inner][vc_column_inner][vc_text_separator title=\u00bbPAINEL 1 &#8211; SITUA\u00c7\u00c3O MACROECONOMICA E FISCAL\u00bb css=\u00bb.vc_custom_1687445919790{margin-top: 30px !important;margin-bottom: 30px !important;}\u00bb][vc_column_text]Situa\u00e7\u00e3o atual e evolu\u00e7\u00e3o da economia a &hellip; <a href=\"https:\/\/forocfib.org\/sitio\/vii-encuentro\/\" class=\"more-link\">Continue reading <span class=\"screen-reader-text\">VII Encuentro<\/span><\/a><\/p>\n","protected":false},"author":1,"featured_media":0,"parent":0,"menu_order":6,"comment_status":"closed","ping_status":"closed","template":"","meta":[],"_links":{"self":[{"href":"https:\/\/forocfib.org\/sitio\/wp-json\/wp\/v2\/pages\/1973"}],"collection":[{"href":"https:\/\/forocfib.org\/sitio\/wp-json\/wp\/v2\/pages"}],"about":[{"href":"https:\/\/forocfib.org\/sitio\/wp-json\/wp\/v2\/types\/page"}],"author":[{"embeddable":true,"href":"https:\/\/forocfib.org\/sitio\/wp-json\/wp\/v2\/users\/1"}],"replies":[{"embeddable":true,"href":"https:\/\/forocfib.org\/sitio\/wp-json\/wp\/v2\/comments?post=1973"}],"version-history":[{"count":27,"href":"https:\/\/forocfib.org\/sitio\/wp-json\/wp\/v2\/pages\/1973\/revisions"}],"predecessor-version":[{"id":3389,"href":"https:\/\/forocfib.org\/sitio\/wp-json\/wp\/v2\/pages\/1973\/revisions\/3389"}],"wp:attachment":[{"href":"https:\/\/forocfib.org\/sitio\/wp-json\/wp\/v2\/media?parent=1973"}],"curies":[{"name":"wp","href":"https:\/\/api.w.org\/{rel}","templated":true}]}}