{"id":1962,"date":"2023-03-17T20:39:20","date_gmt":"2023-03-17T20:39:20","guid":{"rendered":"https:\/\/forocfib.org\/sitio\/?page_id=1962"},"modified":"2023-07-10T20:32:37","modified_gmt":"2023-07-10T20:32:37","slug":"vi-encuentro","status":"publish","type":"page","link":"https:\/\/forocfib.org\/sitio\/vi-encuentro\/","title":{"rendered":"VI Encuentro"},"content":{"rendered":"<p>[vc_row][vc_column][vc_empty_space]<div class=\"themestek-element-heading-wrapper themestek-heading-inner themestek-element-align-left themestek-seperator-none  vc_custom_1679085516166\"><section class=\"themestek-vc_cta3-container\"><div class=\"themestek-vc_general themestek-vc_cta3 themestek-cta3-only themestek-vc_cta3-style-classic themestek-vc_cta3-shape-rounded themestek-vc_cta3-align-left themestek-vc_cta3-color-transparent themestek-vc_cta3-icon-size-md themestek-vc_cta3-actions-no themestek-cta3-without-desc\"><div class=\"themestek-vc_cta3_content-container\"><div class=\"themestek-vc_cta3-content\"><div class=\"themestek-vc_cta3-content-header themestek-wrap\"><div class=\"themestek-vc_cta3-headers themestek-wrap-cell\"><h4 class=\"themestek-custom-heading \" >Foro Iberoamericano<\/h4>\n<h2 class=\"themestek-custom-heading \" >VI. Encuentro de Coordinaci\u00f3n Presupuestar\u00eda y Fiscal 2018<\/h2>\n<\/div><\/div><\/div><\/div><\/div><\/section><\/div> <!-- .themestek-element-heading-wrapper container --> [vc_single_image image=\u00bb642&#8243; img_size=\u00bbfull\u00bb][vc_row_inner][vc_column_inner width=\u00bb1\/3&#8243;][\/vc_column_inner][vc_column_inner width=\u00bb1\/3&#8243;][vc_single_image image=\u00bb1287&#8243; img_size=\u00bb80&#215;80&#8243; alignment=\u00bbright\u00bb][\/vc_column_inner][vc_column_inner width=\u00bb1\/3&#8243;]<div class=\"themestek-element-heading-wrapper themestek-heading-inner themestek-element-align-left themestek-seperator-none  vc_custom_1679085543268\"><section class=\"themestek-vc_cta3-container\"><div class=\"themestek-vc_general themestek-vc_cta3 themestek-cta3-only themestek-vc_cta3-style-classic themestek-vc_cta3-shape-rounded themestek-vc_cta3-align-left themestek-vc_cta3-color-transparent themestek-vc_cta3-icon-size-md themestek-vc_cta3-actions-no themestek-cta3-without-desc\"><div class=\"themestek-vc_cta3_content-container\"><div class=\"themestek-vc_cta3-content\"><div class=\"themestek-vc_cta3-content-header themestek-wrap\"><div class=\"themestek-vc_cta3-headers themestek-wrap-cell\"><h4 class=\"themestek-custom-heading \" >Sede<\/h4>\n<h2 style=\"font-size:1.5em;\" class=\"themestek-custom-heading \" >Argentina - Buenos Aires<\/h2>\n<\/div><\/div><\/div><\/div><\/div><\/section><\/div> <!-- .themestek-element-heading-wrapper container --> [\/vc_column_inner][\/vc_row_inner][\/vc_column][\/vc_row][vc_row themestek_responsive_css=\u00bb11903985|colbreak_no|||||||||colbreak_no|||||||||colbreak_no||||||||||colbreak_no|||||||||\u00bb][vc_column][vc_tta_tabs style=\u00bbmodern\u00bb gap=\u00bb5&#8243; active_section=\u00bb1&#8243; el_class=\u00bbtabsenc\u00bb][vc_tta_section title=\u00bbAgenda\u00bb tab_id=\u00bbagenda\u00bb][vc_row_inner equal_height=\u00bbyes\u00bb][vc_column_inner width=\u00bb1\/2&#8243;]<h5 style=\"text-align:left;\" class=\"themestek-custom-heading \" >TEMA \/ ACTIVIDAD<\/h5>\n[\/vc_column_inner][vc_column_inner width=\u00bb1\/2&#8243;]<h5 style=\"text-align:left;\" class=\"themestek-custom-heading \" >PONENTES<\/h5>\n[\/vc_column_inner][\/vc_row_inner][vc_row_inner equal_height=\u00bbyes\u00bb][vc_column_inner width=\u00bb1\/2&#8243;]<h6 style=\"text-align:left;\" class=\"themestek-custom-heading \" >APERTURA Y PALABRAS DE BIENVENIDA<\/h6>\n[\/vc_column_inner][vc_column_inner width=\u00bb1\/2&#8243;]<ul class=\"themestek-list themestek-list-style-icon themestek-list-icon-color-skincolor themestek- themestek-icon-skincolor themestek-list-textsize-small themestek-list-icon-library-fontawesome\"><li><i class=\"themestek-skincolor fa fa-caret-right\"><\/i>  <span class=\"themestek-list-li-content\">SECRETARIO DE HACIENDA DE LA NACI\u00d3N, RODRIGO PENA<\/span><\/li><li><i class=\"themestek-skincolor fa fa-caret-right\"><\/i>  <span class=\"themestek-list-li-content\">SECRETARIO DE PROVINCIAS DE LA NACI\u00d3N, ALEJANDRO CALDARELLI<\/span><\/li><li><i class=\"themestek-skincolor fa fa-caret-right\"><\/i>  <span class=\"themestek-list-li-content\">PRESIDENTE DEL FORO ARGENTINA, EDUARDO BACCI<\/span><\/li><li><i class=\"themestek-skincolor fa fa-caret-right\"><\/i>  <span class=\"themestek-list-li-content\">MINISTRO DE ECONOM\u00cdA Y FINANZAS DE LA CABA, MART\u00cdN MURA\n<\/span><\/li><\/ul>[\/vc_column_inner][\/vc_row_inner][vc_row_inner][vc_column_inner][vc_separator border_width=\u00bb2&#8243;][\/vc_column_inner][\/vc_row_inner][vc_row_inner equal_height=\u00bbyes\u00bb][vc_column_inner width=\u00bb1\/2&#8243;]<h6 style=\"text-align:left;\" class=\"themestek-custom-heading \" >CONFERENCIA INAUGURAL<\/h6>\n[\/vc_column_inner][vc_column_inner width=\u00bb1\/2&#8243;]<ul class=\"themestek-list themestek-list-style-icon themestek-list-icon-color-skincolor themestek- themestek-icon-skincolor themestek-list-textsize-small themestek-list-icon-library-fontawesome\"><li><i class=\"themestek-skincolor fa fa-caret-right\"><\/i>  <span class=\"themestek-list-li-content\">EXPERTO EN FINANZAS INTERNACIONALES, DANIEL MARX<\/span><\/li><\/ul>[\/vc_column_inner][\/vc_row_inner][vc_row_inner][vc_column_inner][vc_separator border_width=\u00bb2&#8243;][\/vc_column_inner][\/vc_row_inner][vc_row_inner equal_height=\u00bbyes\u00bb][vc_column_inner width=\u00bb1\/2&#8243;]<h6 style=\"text-align:left;\" class=\"themestek-custom-heading \" >PRESENTACI\u00d3N<\/h6>\n[\/vc_column_inner][vc_column_inner width=\u00bb1\/2&#8243;]<ul class=\"themestek-list themestek-list-style-icon themestek-list-icon-color-skincolor themestek- themestek-icon-skincolor themestek-list-textsize-small themestek-list-icon-library-fontawesome\"><li><i class=\"themestek-skincolor fa fa-caret-right\"><\/i>  <span class=\"themestek-list-li-content\"> MINISTRO DE ECONOM\u00cdA Y FINANZAS DE LA CABA, MART\u00cdN MURA<\/span><\/li><\/ul>[\/vc_column_inner][\/vc_row_inner][vc_row_inner][vc_column_inner][vc_separator border_width=\u00bb2&#8243;][\/vc_column_inner][\/vc_row_inner][vc_row_inner equal_height=\u00bbyes\u00bb][vc_column_inner width=\u00bb1\/2&#8243;]<h6 style=\"text-align:left;\" class=\"themestek-custom-heading \" >SITUACI\u00d3N FISCAL Y PERSPECTIVAS A NIVEL NACIONAL Y PROVINCIAL EN ARGENTINA<\/h6>\n[\/vc_column_inner][vc_column_inner width=\u00bb1\/2&#8243;]<ul class=\"themestek-list themestek-list-style-icon themestek-list-icon-color-skincolor themestek- themestek-icon-skincolor themestek-list-textsize-small themestek-list-icon-library-fontawesome\"><li><i class=\"themestek-skincolor fa fa-caret-right\"><\/i>  <span class=\"themestek-list-li-content\">SECRETARIO DE HACIENDA DE LA NACI\u00d3N, RODRIGO PENA<\/span><\/li><li><i class=\"themestek-skincolor fa fa-caret-right\"><\/i>  <span class=\"themestek-list-li-content\">SECRETARIO DE PROVINCIAS DE LA NACI\u00d3N, ALEJANDRO CALDARELLI<\/span><\/li><\/ul>[\/vc_column_inner][\/vc_row_inner][vc_row_inner][vc_column_inner][vc_text_separator title=\u00bbSituaci\u00f3n Macroecon\u00f3mica Regional Y Nacional\u00bb css=\u00bb.vc_custom_1679415664673{margin-top: 30px !important;margin-bottom: 30px !important;}\u00bb][\/vc_column_inner][\/vc_row_inner][vc_row_inner equal_height=\u00bbyes\u00bb][vc_column_inner width=\u00bb1\/2&#8243;]<h6 style=\"text-align:left;\" class=\"themestek-custom-heading \" >ESTADO DE LAS ECONOM\u00cdAS LATINOAMERICANAS<\/h6>\n[\/vc_column_inner][vc_column_inner width=\u00bb1\/2&#8243;]<ul class=\"themestek-list themestek-list-style-icon themestek-list-icon-color-skincolor themestek- themestek-icon-skincolor themestek-list-textsize-small themestek-list-icon-library-fontawesome\"><li><i class=\"themestek-skincolor fa fa-caret-right\"><\/i>  <span class=\"themestek-list-li-content\">RICARDO MARTNER, ECONOMISTA INDEPENDIENTE, EX JEFE DE UNIDAD ASUNTOS FISCALES CEPAL<\/span><\/li><\/ul>[\/vc_column_inner][\/vc_row_inner][vc_row_inner][vc_column_inner][vc_separator border_width=\u00bb2&#8243;][\/vc_column_inner][\/vc_row_inner][vc_row_inner equal_height=\u00bbyes\u00bb][vc_column_inner width=\u00bb1\/2&#8243;]<h6 style=\"text-align:left;\" class=\"themestek-custom-heading \" >PERSPECTIVAS MACROECON\u00d3MICAS EN ARGENTINA<\/h6>\n[\/vc_column_inner][vc_column_inner width=\u00bb1\/2&#8243;]<ul class=\"themestek-list themestek-list-style-icon themestek-list-icon-color-skincolor themestek- themestek-icon-skincolor themestek-list-textsize-small themestek-list-icon-library-fontawesome\"><li><i class=\"themestek-skincolor fa fa-caret-right\"><\/i>  <span class=\"themestek-list-li-content\">LIC. LUCIANO COHAN, SUBSECRETARIO DE PROGRAMACI\u00d3N MACROECON\u00d3MICA DE LA NACI\u00d3N<\/span><\/li><\/ul>[\/vc_column_inner][\/vc_row_inner][vc_row_inner][vc_column_inner][vc_text_separator title=\u00bbReformas Fiscales\u00bb css=\u00bb.vc_custom_1679415850932{margin-top: 30px !important;margin-bottom: 30px !important;}\u00bb][\/vc_column_inner][\/vc_row_inner][vc_row_inner equal_height=\u00bbyes\u00bb][vc_column_inner width=\u00bb1\/2&#8243;]<h6 style=\"text-align:left;\" class=\"themestek-custom-heading \" >REG\u00cdMENES DE PREVISI\u00d3N SOCIAL EN BRASIL<\/h6>\n[\/vc_column_inner][vc_column_inner width=\u00bb1\/2&#8243;]<ul class=\"themestek-list themestek-list-style-icon themestek-list-icon-color-skincolor themestek- themestek-icon-skincolor themestek-list-textsize-small themestek-list-icon-library-fontawesome\"><li><i class=\"themestek-skincolor fa fa-caret-right\"><\/i>  <span class=\"themestek-list-li-content\">AUGUSTO DE OLIVEIRA MONTEIRO, PRESIDENTE GEFIN BRASIL<\/span><\/li><\/ul>[\/vc_column_inner][\/vc_row_inner][vc_row_inner][vc_column_inner][vc_separator border_width=\u00bb2&#8243;][\/vc_column_inner][\/vc_row_inner][vc_row_inner equal_height=\u00bbyes\u00bb][vc_column_inner width=\u00bb1\/2&#8243;]<h6 style=\"text-align:left;\" class=\"themestek-custom-heading \" >FINANCIACI\u00d3N AUTON\u00d3MICA Y LOCAL EN ESPA\u00d1A<\/h6>\n[\/vc_column_inner][vc_column_inner width=\u00bb1\/2&#8243;]<ul class=\"themestek-list themestek-list-style-icon themestek-list-icon-color-skincolor themestek- themestek-icon-skincolor themestek-list-textsize-small themestek-list-icon-library-fontawesome\"><li><i class=\"themestek-skincolor fa fa-caret-right\"><\/i>  <span class=\"themestek-list-li-content\">CRISTINA GARC\u00cdA-HERRERA BLANCO IEF ESPA\u00d1A<\/span><\/li><\/ul>[\/vc_column_inner][\/vc_row_inner][vc_row_inner][vc_column_inner][vc_separator border_width=\u00bb2&#8243;][\/vc_column_inner][\/vc_row_inner][vc_row_inner equal_height=\u00bbyes\u00bb][vc_column_inner width=\u00bb1\/2&#8243;]<h6 style=\"text-align:left;\" class=\"themestek-custom-heading \" >REFORMA TRIBUTARIA EN ARGENTINA<\/h6>\n[\/vc_column_inner][vc_column_inner width=\u00bb1\/2&#8243;]<ul class=\"themestek-list themestek-list-style-icon themestek-list-icon-color-skincolor themestek- themestek-icon-skincolor themestek-list-textsize-small themestek-list-icon-library-fontawesome\"><li><i class=\"themestek-skincolor fa fa-caret-right\"><\/i>  <span class=\"themestek-list-li-content\">JUAN EMILIO MARISCAL, SUBSECRETARIO DE POL\u00cdTICA TRIBUTARIA DE LA NACI\u00d3N<\/span><\/li><\/ul>[\/vc_column_inner][\/vc_row_inner][vc_row_inner][vc_column_inner][vc_text_separator title=\u00bbFinanciamiento de Estados Subnacionales\u00bb css=\u00bb.vc_custom_1679416312826{margin-top: 30px !important;margin-bottom: 30px !important;}\u00bb][\/vc_column_inner][\/vc_row_inner][vc_row_inner equal_height=\u00bbyes\u00bb][vc_column_inner width=\u00bb1\/2&#8243;]<h6 style=\"text-align:left;\" class=\"themestek-custom-heading \" >ENDEUDAMIENTO DE GOBIERNOS SUBNACIONALES EN URUGUAY. DESAF\u00cdOS DE LA AGENDA URBANA, SU FINANCIAMIENTO<\/h6>\n[\/vc_column_inner][vc_column_inner width=\u00bb1\/2&#8243;]<ul class=\"themestek-list themestek-list-style-icon themestek-list-icon-color-skincolor themestek- themestek-icon-skincolor themestek-list-textsize-small themestek-list-icon-library-fontawesome\"><li><i class=\"themestek-skincolor fa fa-caret-right\"><\/i>  <span class=\"themestek-list-li-content\">PEDRO APEZTEGU\u00cdA, OFICINA DE PLANIFICACI\u00d3N Y PRESUPUESTO URUGUAY<\/span><\/li><\/ul>[\/vc_column_inner][\/vc_row_inner][vc_row_inner][vc_column_inner][vc_separator border_width=\u00bb2&#8243;][\/vc_column_inner][\/vc_row_inner][vc_row_inner equal_height=\u00bbyes\u00bb][vc_column_inner width=\u00bb1\/2&#8243;]<h6 style=\"text-align:left;\" class=\"themestek-custom-heading \" >VALIDACI\u00d3N DE CAPACIDADES DE ENDEUDAMIENTO DE LOS ESTADOS EN BRASIL<\/h6>\n[\/vc_column_inner][vc_column_inner width=\u00bb1\/2&#8243;]<ul class=\"themestek-list themestek-list-style-icon themestek-list-icon-color-skincolor themestek- themestek-icon-skincolor themestek-list-textsize-small themestek-list-icon-library-fontawesome\"><li><i class=\"themestek-skincolor fa fa-caret-right\"><\/i>  <span class=\"themestek-list-li-content\">MARCO ANTONIO ROCHA LIMA GUILHERME, ESTADO ESP\u00cdRITO SANTO \u2013 GEFIN BRASIL<\/span><\/li><\/ul>[\/vc_column_inner][\/vc_row_inner][vc_row_inner][vc_column_inner][vc_text_separator title=\u00bbAcuerdos Fiscales Intergubernamentales\u00bb css=\u00bb.vc_custom_1679416528089{margin-top: 30px !important;margin-bottom: 30px !important;}\u00bb][\/vc_column_inner][\/vc_row_inner][vc_row_inner equal_height=\u00bbyes\u00bb][vc_column_inner width=\u00bb1\/2&#8243;]<h6 style=\"text-align:left;\" class=\"themestek-custom-heading \" >PRESENTACI\u00d3N<\/h6>\n[\/vc_column_inner][vc_column_inner width=\u00bb1\/2&#8243;]<ul class=\"themestek-list themestek-list-style-icon themestek-list-icon-color-skincolor themestek- themestek-icon-skincolor themestek-list-textsize-small themestek-list-icon-library-fontawesome\"><li><i class=\"themestek-skincolor fa fa-caret-right\"><\/i>  <span class=\"themestek-list-li-content\">JUAN PABLO JIM\u00c9NEZ, ASUNTOS FISCALES DIVISI\u00d3N DESARROLLO ECON\u00d3MICO CEPAL.<\/span><\/li><\/ul>[\/vc_column_inner][\/vc_row_inner][vc_row_inner][vc_column_inner][vc_separator border_width=\u00bb2&#8243;][\/vc_column_inner][\/vc_row_inner][vc_row_inner equal_height=\u00bbyes\u00bb][vc_column_inner width=\u00bb1\/2&#8243;]<h6 style=\"text-align:left;\" class=\"themestek-custom-heading \" >MECANISMOS DE COORDINACI\u00d3N FISCAL EN BRASIL<\/h6>\n[\/vc_column_inner][vc_column_inner width=\u00bb1\/2&#8243;]<ul class=\"themestek-list themestek-list-style-icon themestek-list-icon-color-skincolor themestek- themestek-icon-skincolor themestek-list-textsize-small themestek-list-icon-library-fontawesome\"><li><i class=\"themestek-skincolor fa fa-caret-right\"><\/i>  <span class=\"themestek-list-li-content\">CELIA CARVALHO, VICE PRESIDENTA GEFIN BRASIL<\/span><\/li><\/ul>[\/vc_column_inner][\/vc_row_inner][vc_row_inner][vc_column_inner][vc_separator border_width=\u00bb2&#8243;][\/vc_column_inner][\/vc_row_inner][vc_row_inner equal_height=\u00bbyes\u00bb][vc_column_inner width=\u00bb1\/2&#8243;]<h6 style=\"text-align:left;\" class=\"themestek-custom-heading \" >ACUERDOS FISCALES Y FEDERALISMO EN ARGENTINA<\/h6>\n[\/vc_column_inner][vc_column_inner width=\u00bb1\/2&#8243;]<ul class=\"themestek-list themestek-list-style-icon themestek-list-icon-color-skincolor themestek- themestek-icon-skincolor themestek-list-textsize-small themestek-list-icon-library-fontawesome\"><li><i class=\"themestek-skincolor fa fa-caret-right\"><\/i>  <span class=\"themestek-list-li-content\">PAULINO CABALLERO, SUBSECRETARIO DE RELACIONES CON PROVINCIAS MINISTERIO DEL INTERIOR, OBRAS P\u00daBLICAS Y VIVIENDA<\/span><\/li><\/ul>[\/vc_column_inner][\/vc_row_inner][vc_row_inner][vc_column_inner][vc_separator border_width=\u00bb2&#8243;][\/vc_column_inner][\/vc_row_inner][vc_row_inner equal_height=\u00bbyes\u00bb][vc_column_inner width=\u00bb1\/2&#8243;]<h6 style=\"text-align:left;\" class=\"themestek-custom-heading \" >EL CONSENSO FISCAL EN ARGENTINA.<\/h6>\n[\/vc_column_inner][vc_column_inner width=\u00bb1\/2&#8243;]<ul class=\"themestek-list themestek-list-style-icon themestek-list-icon-color-skincolor themestek- themestek-icon-skincolor themestek-list-textsize-small themestek-list-icon-library-fontawesome\"><li><i class=\"themestek-skincolor fa fa-caret-right\"><\/i>  <span class=\"themestek-list-li-content\">F\u00c9LIX PIACENTINI, DIRECTOR NACIONAL DE ASUNTOS PROVINCIALES MINISTERIO DE HACIENDA<\/span><\/li><\/ul>[\/vc_column_inner][\/vc_row_inner][vc_row_inner][vc_column_inner][vc_separator border_width=\u00bb2&#8243;][\/vc_column_inner][\/vc_row_inner][vc_row_inner equal_height=\u00bbyes\u00bb][vc_column_inner width=\u00bb1\/2&#8243;]<h6 style=\"text-align:left;\" class=\"themestek-custom-heading \" >LA IMPLEMENTACI\u00d3N DEL CONSENSO FISCAL EN LA CABA<\/h6>\n[\/vc_column_inner][vc_column_inner width=\u00bb1\/2&#8243;]<ul class=\"themestek-list themestek-list-style-icon themestek-list-icon-color-skincolor themestek- themestek-icon-skincolor themestek-list-textsize-small themestek-list-icon-library-fontawesome\"><li><i class=\"themestek-skincolor fa fa-caret-right\"><\/i>  <span class=\"themestek-list-li-content\">JUAN PABLO FASANELLA, SUBSECRETARIO DE GESTI\u00d3N Y ADMINISTRACI\u00d3N ECON\u00d3MICA DE LA CABA<\/span><\/li><\/ul>[\/vc_column_inner][\/vc_row_inner][vc_row_inner][vc_column_inner][vc_separator border_width=\u00bb2&#8243;][\/vc_column_inner][\/vc_row_inner][vc_row_inner equal_height=\u00bbyes\u00bb][vc_column_inner width=\u00bb1\/2&#8243;]<h6 style=\"text-align:left;\" class=\"themestek-custom-heading \" >LA IMPLEMENTACI\u00d3N DEL CONSENSO FISCAL EN PROVINCIAS<\/h6>\n[\/vc_column_inner][vc_column_inner width=\u00bb1\/2&#8243;]<ul class=\"themestek-list themestek-list-style-icon themestek-list-icon-color-skincolor themestek- themestek-icon-skincolor themestek-list-textsize-small themestek-list-icon-library-fontawesome\"><li><i class=\"themestek-skincolor fa fa-caret-right\"><\/i>  <span class=\"themestek-list-li-content\">AGUST\u00cdN DOMINGO, MINISTRO DE ECONOM\u00cdA DE LA PROVINCIA DE R\u00cdO NEGRO<\/span><\/li><\/ul>[\/vc_column_inner][\/vc_row_inner][vc_row_inner][vc_column_inner][vc_separator border_width=\u00bb2&#8243;][\/vc_column_inner][\/vc_row_inner][vc_row_inner equal_height=\u00bbyes\u00bb][vc_column_inner width=\u00bb1\/2&#8243;]<h6 style=\"text-align:left;\" class=\"themestek-custom-heading \" >EL CONSENSO FISCAL Y LA COMISI\u00d3N FEDERAL DE IMPUESTOS<\/h6>\n[\/vc_column_inner][vc_column_inner width=\u00bb1\/2&#8243;]<ul class=\"themestek-list themestek-list-style-icon themestek-list-icon-color-skincolor themestek- themestek-icon-skincolor themestek-list-textsize-small themestek-list-icon-library-fontawesome\"><li><i class=\"themestek-skincolor fa fa-caret-right\"><\/i>  <span class=\"themestek-list-li-content\">CRISTIAN OCAMPO, PRESIDENTE DE LA CFI<\/span><\/li><\/ul>[\/vc_column_inner][\/vc_row_inner][vc_row_inner][vc_column_inner][vc_text_separator title=\u00bbReglas Fiscales y Transparencia\u00bb css=\u00bb.vc_custom_1679417180395{margin-top: 30px !important;margin-bottom: 30px !important;}\u00bb][\/vc_column_inner][\/vc_row_inner][vc_row_inner equal_height=\u00bbyes\u00bb][vc_column_inner width=\u00bb1\/2&#8243;]<h6 style=\"text-align:left;\" class=\"themestek-custom-heading \" >LOS DESAF\u00cdOS DE LA REFORMA AL R\u00c9GIMEN DE RESPONSABILIDAD FISCAL EN ARGENTINA<\/h6>\n[\/vc_column_inner][vc_column_inner width=\u00bb1\/2&#8243;]<ul class=\"themestek-list themestek-list-style-icon themestek-list-icon-color-skincolor themestek- themestek-icon-skincolor themestek-list-textsize-small themestek-list-icon-library-fontawesome\"><li><i class=\"themestek-skincolor fa fa-caret-right\"><\/i>  <span class=\"themestek-list-li-content\">FERNANDO YARADE, SECRETARIO DEL COMIT\u00c9 EJECUTIVO DEL CONSEJO FEDERAL DE RESPONSABILIDAD FISCAL.<\/span><\/li><\/ul>[\/vc_column_inner][\/vc_row_inner][vc_row_inner][vc_column_inner][vc_separator border_width=\u00bb2&#8243;][\/vc_column_inner][\/vc_row_inner][vc_row_inner equal_height=\u00bbyes\u00bb][vc_column_inner width=\u00bb1\/2&#8243;]<h6 style=\"text-align:left;\" class=\"themestek-custom-heading \" >REGLAS FISCALES Y COORDINACI\u00d3N CON CCAA Y EELL EN ESPA\u00d1A<\/h6>\n[\/vc_column_inner][vc_column_inner width=\u00bb1\/2&#8243;]<ul class=\"themestek-list themestek-list-style-icon themestek-list-icon-color-skincolor themestek- themestek-icon-skincolor themestek-list-textsize-small themestek-list-icon-library-fontawesome\"><li><i class=\"themestek-skincolor fa fa-caret-right\"><\/i>  <span class=\"themestek-list-li-content\">\u00c1LVARO GARC\u00cdA DEL BLANCO IEF ESPA\u00d1A<\/span><\/li><\/ul>[\/vc_column_inner][\/vc_row_inner][vc_row_inner][vc_column_inner][vc_separator border_width=\u00bb2&#8243;][\/vc_column_inner][\/vc_row_inner][vc_row_inner equal_height=\u00bbyes\u00bb][vc_column_inner width=\u00bb1\/2&#8243;]<h6 style=\"text-align:left;\" class=\"themestek-custom-heading \" >SUSTENTABILIDAD FISCAL Y LAS MODIFICACIONES AL R\u00c9GIMEN DE RESPONSABILIDAD FISCAL EN BRASIL<\/h6>\n[\/vc_column_inner][vc_column_inner width=\u00bb1\/2&#8243;]<ul class=\"themestek-list themestek-list-style-icon themestek-list-icon-color-skincolor themestek- themestek-icon-skincolor themestek-list-textsize-small themestek-list-icon-library-fontawesome\"><li><i class=\"themestek-skincolor fa fa-caret-right\"><\/i>  <span class=\"themestek-list-li-content\">C\u00c9LIA CARVALHO, VICE PRESIDENTA GEFIN BRASIL<\/span><\/li><\/ul>[\/vc_column_inner][\/vc_row_inner][vc_row_inner][vc_column_inner][vc_separator border_width=\u00bb2&#8243;][\/vc_column_inner][\/vc_row_inner][vc_row_inner equal_height=\u00bbyes\u00bb][vc_column_inner width=\u00bb1\/2&#8243;]<h6 style=\"text-align:left;\" class=\"themestek-custom-heading \" >APLICACI\u00d3N DE INSTRUMENTOS DE RESPONSABILIDAD FISCAL EN COLOMBIA<\/h6>\n[\/vc_column_inner][vc_column_inner width=\u00bb1\/2&#8243;]<ul class=\"themestek-list themestek-list-style-icon themestek-list-icon-color-skincolor themestek- themestek-icon-skincolor themestek-list-textsize-small themestek-list-icon-library-fontawesome\"><li><i class=\"themestek-skincolor fa fa-caret-right\"><\/i>  <span class=\"themestek-list-li-content\">ARCESIO VALENZUELA, DIRECCI\u00d3N DE APOYO FISCAL COLOMBIA<\/span><\/li><\/ul>[\/vc_column_inner][\/vc_row_inner][vc_row_inner][vc_column_inner][vc_separator border_width=\u00bb2&#8243;][\/vc_column_inner][\/vc_row_inner][vc_row_inner equal_height=\u00bbyes\u00bb][vc_column_inner width=\u00bb1\/2&#8243;]<h6 style=\"text-align:left;\" class=\"themestek-custom-heading \" >LEY DE DISCIPLINA FINANCIERA PARA ESTADOS Y MUNICIPIOS EN M\u00c9XICO<\/h6>\n[\/vc_column_inner][vc_column_inner width=\u00bb1\/2&#8243;]<ul class=\"themestek-list themestek-list-style-icon themestek-list-icon-color-skincolor themestek- themestek-icon-skincolor themestek-list-textsize-small themestek-list-icon-library-fontawesome\"><li><i class=\"themestek-skincolor fa fa-caret-right\"><\/i>  <span class=\"themestek-list-li-content\">REBECA ELIZALDE HERNANDEZ \u2013 MUNICIPIO DE ZAPOP\u00c1N M\u00c9XICO<\/span><\/li><\/ul>[\/vc_column_inner][\/vc_row_inner][vc_row_inner][vc_column_inner][vc_text_separator title=\u00bbTemas de Presupuesto P\u00fablico y Administraci\u00f3n Financiera\u00bb css=\u00bb.vc_custom_1679418027639{margin-top: 30px !important;margin-bottom: 30px !important;}\u00bb][\/vc_column_inner][\/vc_row_inner][vc_row_inner equal_height=\u00bbyes\u00bb][vc_column_inner width=\u00bb1\/2&#8243;]<h6 style=\"text-align:left;\" class=\"themestek-custom-heading \" >REFORMAS PRESUPUESTARIAS Y EN ADMINISTRACI\u00d3N FINANCIERA<\/h6>\n[\/vc_column_inner][vc_column_inner width=\u00bb1\/2&#8243;]<ul class=\"themestek-list themestek-list-style-icon themestek-list-icon-color-skincolor themestek- themestek-icon-skincolor themestek-list-textsize-small themestek-list-icon-library-fontawesome\"><li><i class=\"themestek-skincolor fa fa-caret-right\"><\/i>  <span class=\"themestek-list-li-content\">LUIS GARC\u00cdA SOTELO, TESORERO DEL MUNICIPIO DE ZAPOP\u00c1N M\u00c9XICO<\/span><\/li><\/ul>[\/vc_column_inner][\/vc_row_inner][vc_row_inner][vc_column_inner][vc_separator border_width=\u00bb2&#8243;][\/vc_column_inner][\/vc_row_inner][vc_row_inner equal_height=\u00bbyes\u00bb][vc_column_inner width=\u00bb1\/2&#8243;]<h6 style=\"text-align:left;\" class=\"themestek-custom-heading \" >PROCESO DE CONVERGENCIA DE LAS NORMAS INTERNACIONALES DE CONTABILIDAD APLICADAS AL SECTOR P\u00daBLICO EN LOS ESTADOS BRASILEROS: AVANCES Y DESAFIOS<\/h6>\n[\/vc_column_inner][vc_column_inner width=\u00bb1\/2&#8243;]<ul class=\"themestek-list themestek-list-style-icon themestek-list-icon-color-skincolor themestek- themestek-icon-skincolor themestek-list-textsize-small themestek-list-icon-library-fontawesome\"><li><i class=\"themestek-skincolor fa fa-caret-right\"><\/i>  <span class=\"themestek-list-li-content\">JOS\u00c9 LUIS MARQUES BARRETO, COORDINADOR DE CONTABILIDAD GEFIN BRASIL<\/span><\/li><\/ul>[\/vc_column_inner][\/vc_row_inner][vc_row_inner][vc_column_inner][vc_text_separator title=\u00bbTemas de Presupuesto P\u00fablico: Gasto P\u00fablico Educativo y su Financiamiento\u00bb css=\u00bb.vc_custom_1679418134046{margin-top: 30px !important;margin-bottom: 30px !important;}\u00bb][\/vc_column_inner][\/vc_row_inner][vc_row_inner equal_height=\u00bbyes\u00bb][vc_column_inner width=\u00bb1\/2&#8243;]<h6 style=\"text-align:left;\" class=\"themestek-custom-heading \" >TEMAS DE PRESUPUESTO P\u00daBLICO: GASTO P\u00daBLICO EDUCATIVO Y SU FINANCIAMIENTO<\/h6>\n[\/vc_column_inner][vc_column_inner width=\u00bb1\/2&#8243;]<ul class=\"themestek-list themestek-list-style-icon themestek-list-icon-color-skincolor themestek- themestek-icon-skincolor themestek-list-textsize-small themestek-list-icon-library-fontawesome\"><li><i class=\"themestek-skincolor fa fa-caret-right\"><\/i>  <span class=\"themestek-list-li-content\">JAVIER CURCIO, EXPERTO EN EDUCACI\u00d3N CEPAL<\/span><\/li><li><i class=\"themestek-skincolor fa fa-caret-right\"><\/i>  <span class=\"themestek-list-li-content\">LUZ ELVIRA RASC\u00d3N MANQUERO, INDETEC M\u00c9XICO<\/span><\/li><li><i class=\"themestek-skincolor fa fa-caret-right\"><\/i>  <span class=\"themestek-list-li-content\">ARCESIO VALENZUELA, DAF COLOMBIA<\/span><\/li><li><i class=\"themestek-skincolor fa fa-caret-right\"><\/i>  <span class=\"themestek-list-li-content\">ANDR\u00c9S PALMA, EX COORDINADOR DE LA REFORMA EDUCATIVA DE CHILE<\/span><\/li><\/ul>[\/vc_column_inner][\/vc_row_inner][vc_row_inner][vc_column_inner][vc_text_separator title=\u00bbTemas de Gesti\u00f3n y Presupuesto P\u00fablico\u00bb css=\u00bb.vc_custom_1679418322007{margin-top: 30px !important;margin-bottom: 30px !important;}\u00bb][\/vc_column_inner][\/vc_row_inner][vc_row_inner equal_height=\u00bbyes\u00bb][vc_column_inner width=\u00bb1\/2&#8243;]<h6 style=\"text-align:left;\" class=\"themestek-custom-heading \" >PRODUCCI\u00d3N P\u00daBLICA DE LA CABA EN EL MARCO DE LAS REFORMAS EN LA GESTI\u00d3N PRESUPUESTARIA Y DE LA ADMINISTRACI\u00d3N FINANCIERA<\/h6>\n[\/vc_column_inner][vc_column_inner width=\u00bb1\/2&#8243;]<ul class=\"themestek-list themestek-list-style-icon themestek-list-icon-color-skincolor themestek- themestek-icon-skincolor themestek-list-textsize-small themestek-list-icon-library-fontawesome\"><li><i class=\"themestek-skincolor fa fa-caret-right\"><\/i>  <span class=\"themestek-list-li-content\">HUGO CALLEGARI, EX DIRECTOR GENERAL DE LA OFICINA DE GESTI\u00d3N P\u00daBLICA Y PRESUPUESTO (DGOGGPP) DE LA CABA <\/span><\/li><li><i class=\"themestek-skincolor fa fa-caret-right\"><\/i>  <span class=\"themestek-list-li-content\">SEBASTI\u00c1N FORERO, GERENTE OPERATIVO PLAN DE MEJORA DEL GASTO (DGOGGPP) DE LA CABA<\/span><\/li><\/ul>[\/vc_column_inner][\/vc_row_inner][vc_row_inner][vc_column_inner][vc_separator border_width=\u00bb2&#8243;][\/vc_column_inner][\/vc_row_inner][vc_row_inner equal_height=\u00bbyes\u00bb][vc_column_inner width=\u00bb1\/2&#8243;]<h6 style=\"text-align:left;\" class=\"themestek-custom-heading \" >MEJORAS EN EL PROCESO DE GESTI\u00d3N PRESUPUESTARIA EN LA ADMINISTRACI\u00d3N NACIONAL<\/h6>\n[\/vc_column_inner][vc_column_inner width=\u00bb1\/2&#8243;]<ul class=\"themestek-list themestek-list-style-icon themestek-list-icon-color-skincolor themestek- themestek-icon-skincolor themestek-list-textsize-small themestek-list-icon-library-fontawesome\"><li><i class=\"themestek-skincolor fa fa-caret-right\"><\/i>  <span class=\"themestek-list-li-content\">LUIS RAJU\u00c1N, DIRECTOR DE LA OFICINA NACIONAL DE PRESUPUESTO<\/span><\/li><\/ul>[\/vc_column_inner][\/vc_row_inner][vc_row_inner][vc_column_inner][vc_separator border_width=\u00bb2&#8243;][\/vc_column_inner][\/vc_row_inner][vc_row_inner equal_height=\u00bbyes\u00bb][vc_column_inner width=\u00bb1\/2&#8243;]<h6 style=\"text-align:left;\" class=\"themestek-custom-heading \" >GASTO P\u00daBLICO Y PRESUPUESTO EN M\u00c9XICO<\/h6>\n[\/vc_column_inner][vc_column_inner width=\u00bb1\/2&#8243;]<ul class=\"themestek-list themestek-list-style-icon themestek-list-icon-color-skincolor themestek- themestek-icon-skincolor themestek-list-textsize-small themestek-list-icon-library-fontawesome\"><li><i class=\"themestek-skincolor fa fa-caret-right\"><\/i>  <span class=\"themestek-list-li-content\">EDUARDO G\u00d3MEZ DE LA O, PRESIDENTE DE LA ASOCIACI\u00d3N MEXICANA DE GASTO P\u00daBLICO<\/span><\/li><\/ul>[\/vc_column_inner][\/vc_row_inner][vc_row_inner][vc_column_inner][vc_separator border_width=\u00bb2&#8243;][\/vc_column_inner][\/vc_row_inner][vc_row_inner equal_height=\u00bbyes\u00bb][vc_column_inner width=\u00bb1\/2&#8243;]<h6 style=\"text-align:left;\" class=\"themestek-custom-heading \" >GASTO P\u00daBLICO Y PRESUPUESTO EN M\u00c9XICO<\/h6>\n[\/vc_column_inner][vc_column_inner width=\u00bb1\/2&#8243;]<ul class=\"themestek-list themestek-list-style-icon themestek-list-icon-color-skincolor themestek- themestek-icon-skincolor themestek-list-textsize-small themestek-list-icon-library-fontawesome\"><li><i class=\"themestek-skincolor fa fa-caret-right\"><\/i>  <span class=\"themestek-list-li-content\">EDUARDO G\u00d3MEZ DE LA O, PRESIDENTE DE LA ASOCIACI\u00d3N MEXICANA DE GASTO P\u00daBLICO<\/span><\/li><\/ul>[\/vc_column_inner][\/vc_row_inner][vc_row_inner][vc_column_inner][vc_text_separator title=\u00bbAspectos Institucionales Foro Permanente\u00bb css=\u00bb.vc_custom_1679418561533{margin-top: 30px !important;margin-bottom: 30px !important;}\u00bb][\/vc_column_inner][\/vc_row_inner][vc_row_inner][vc_column_inner][vc_text_separator title=\u00bbAspectos Institucionales y de Desarrollo Foro Iberoamericano\u00bb css=\u00bb.vc_custom_1679418580594{margin-top: 30px !important;margin-bottom: 30px !important;}\u00bb][\/vc_column_inner][\/vc_row_inner][vc_row_inner equal_height=\u00bbyes\u00bb][vc_column_inner width=\u00bb1\/2&#8243;]<h6 style=\"text-align:left;\" class=\"themestek-custom-heading \" >CIERRE DE JORNADA<\/h6>\n[\/vc_column_inner][vc_column_inner width=\u00bb1\/2&#8243;]<ul class=\"themestek-list themestek-list-style-icon themestek-list-icon-color-skincolor themestek- themestek-icon-skincolor themestek-list-textsize-small themestek-list-icon-library-fontawesome\"><li><i class=\"themestek-skincolor fa fa-caret-right\"><\/i>  <span class=\"themestek-list-li-content\">PALABRAS A CARGO DEL PRESIDENTE DEL FORO Y DEL SUBSECRETARIO DE GESTI\u00d3N Y ADMINISTRACI\u00d3N ECON\u00d3MICA DE LA CABA.<\/span><\/li><\/ul>[\/vc_column_inner][\/vc_row_inner][vc_row_inner][vc_column_inner][vc_text_separator title=\u00bbCIERRE DEL SEXTO ENCUENTRO\u00bb css=\u00bb.vc_custom_1679413679913{margin-top: 30px !important;margin-bottom: 30px !important;}\u00bb][\/vc_column_inner][\/vc_row_inner][\/vc_tta_section][vc_tta_section title=\u00bbGaler\u00eda de Fotos\u00bb tab_id=\u00bbgaleria\u00bb][vc_row_inner][vc_column_inner][vc_media_grid style=\u00bbload-more\u00bb items_per_page=\u00bb20&#8243; element_width=\u00bb3&#8243; item=\u00bbmasonryMedia_BorderedScale\u00bb btn_title=\u00bbVer m\u00e1s Fotograf\u00edas\u00bb grid_id=\u00bbvc_gid:1689020635885-66203f3fa05daef24fdf4ec76ce984bf-1&#8243; include=\u00bb1994,2301,2300,2299,2298,2297,2296,2295,2294,2293,2292,2291,2290,2287,2286,2285,2284,2283,2282,2281,2280,2279,2278,2288,2277,2276,2275,2274,2273,2271,2270,2269,2268,2267,2266,2265,2264,2263,2262,2261,2260,2259,2258,2257,2256,2255,2254,2253,2252,2251,2250,2249,2248,2247,2246,2245,2244,2243,2242,2241,2240,2239,2238,2237,2236,2235,2234,2233,2232,2231,2230,2229,2228,2227,2226,2225,2224,2223,2222,2221,2220,2219,2218,2217,2216,2215,2214,2213,2212,2211,2210,2209,2208,2207,2206,2205,2204,2203,2202,2201,2200,2199,2198,2197,2196,2195,2194,2193,2192,2191,2190,2189,2188,2187,2186,2185,2184,2183,2182,2181,2180,2179,2178,2177,2176,2175,2174,2173,2172,2171,2170,2169,2168,2167,2166,2165,2164,2163,2162,2161,2160,2159,2158,2157,2156,2155,2154,2153,2152,2151,2150,2149,2148,2147,2146,2145,2144,2143,2142,2141,2140,2139,2138,2137,2136,2135,2134,2133,2132,2131,2130,2129,2128,2127,2126,2125,2124,2123,2122,2121,2120,2119,2118,2117,2116,2115,2114,2113,2112,2111,2110,2109,2108,2107,2106,2105,2104,2103,2102,2101,2100,2099,2098,2097,2096,2095,2094,2093,2092,2091,2090,2089,2088,2087,2086,2085,2084,2083,2082,2081,2080,2079,2078,2077,2076,2075,2074,2073,2072,2071,2070,2069,2068,2067,2066,2065,2064,2063,2062,2061,2060,2059,2058,2057,2056,2055,2054,2053,2052,2051,2050,2049,2048,2047,2046,2045,2044,2043,2042,2041,2040,2039,2038,2037,2036,2035,2034,2033,2032,2031,2030,2029,2028,2027,2026,2025,2024,2023,2022,2021,2020,2019,2018,2017,2016,2015,2014,2013,2012,2011,2010,2009,2008,2007,2006,2005,2004,2003,2002,2001,2000,1999,1998,1997,1996,1995,3446,3445,3447&#8243;][\/vc_column_inner][\/vc_row_inner][\/vc_tta_section][vc_tta_section title=\u00bbRepositorio\u00bb tab_id=\u00bbrepositorio\u00bb][vc_row_inner][vc_column_inner][vc_wp_custommenu nav_menu=\u00bb38&#8243; el_class=\u00bbmenu-encuentros\u00bb][\/vc_column_inner][\/vc_row_inner][\/vc_tta_section][\/vc_tta_tabs][\/vc_column][\/vc_row]<\/p>\n","protected":false},"excerpt":{"rendered":"<p>[vc_row][vc_column][vc_empty_space][vc_single_image image=\u00bb642&#8243; img_size=\u00bbfull\u00bb][vc_row_inner][vc_column_inner width=\u00bb1\/3&#8243;][\/vc_column_inner][vc_column_inner width=\u00bb1\/3&#8243;][vc_single_image image=\u00bb1287&#8243; img_size=\u00bb80&#215;80&#8243; alignment=\u00bbright\u00bb][\/vc_column_inner][vc_column_inner width=\u00bb1\/3&#8243;][\/vc_column_inner][\/vc_row_inner][\/vc_column][\/vc_row][vc_row themestek_responsive_css=\u00bb11903985|colbreak_no|||||||||colbreak_no|||||||||colbreak_no||||||||||colbreak_no|||||||||\u00bb][vc_column][vc_tta_tabs style=\u00bbmodern\u00bb gap=\u00bb5&#8243; active_section=\u00bb1&#8243; el_class=\u00bbtabsenc\u00bb][vc_tta_section title=\u00bbAgenda\u00bb tab_id=\u00bbagenda\u00bb][vc_row_inner equal_height=\u00bbyes\u00bb][vc_column_inner width=\u00bb1\/2&#8243;][\/vc_column_inner][vc_column_inner width=\u00bb1\/2&#8243;][\/vc_column_inner][\/vc_row_inner][vc_row_inner equal_height=\u00bbyes\u00bb][vc_column_inner width=\u00bb1\/2&#8243;][\/vc_column_inner][vc_column_inner width=\u00bb1\/2&#8243;][\/vc_column_inner][\/vc_row_inner][vc_row_inner][vc_column_inner][vc_separator border_width=\u00bb2&#8243;][\/vc_column_inner][\/vc_row_inner][vc_row_inner equal_height=\u00bbyes\u00bb][vc_column_inner width=\u00bb1\/2&#8243;][\/vc_column_inner][vc_column_inner width=\u00bb1\/2&#8243;][\/vc_column_inner][\/vc_row_inner][vc_row_inner][vc_column_inner][vc_separator border_width=\u00bb2&#8243;][\/vc_column_inner][\/vc_row_inner][vc_row_inner equal_height=\u00bbyes\u00bb][vc_column_inner width=\u00bb1\/2&#8243;][\/vc_column_inner][vc_column_inner width=\u00bb1\/2&#8243;][\/vc_column_inner][\/vc_row_inner][vc_row_inner][vc_column_inner][vc_separator border_width=\u00bb2&#8243;][\/vc_column_inner][\/vc_row_inner][vc_row_inner equal_height=\u00bbyes\u00bb][vc_column_inner width=\u00bb1\/2&#8243;][\/vc_column_inner][vc_column_inner width=\u00bb1\/2&#8243;][\/vc_column_inner][\/vc_row_inner][vc_row_inner][vc_column_inner][vc_text_separator title=\u00bbSituaci\u00f3n Macroecon\u00f3mica Regional Y Nacional\u00bb css=\u00bb.vc_custom_1679415664673{margin-top: 30px !important;margin-bottom: 30px !important;}\u00bb][\/vc_column_inner][\/vc_row_inner][vc_row_inner equal_height=\u00bbyes\u00bb][vc_column_inner width=\u00bb1\/2&#8243;][\/vc_column_inner][vc_column_inner width=\u00bb1\/2&#8243;][\/vc_column_inner][\/vc_row_inner][vc_row_inner][vc_column_inner][vc_separator border_width=\u00bb2&#8243;][\/vc_column_inner][\/vc_row_inner][vc_row_inner equal_height=\u00bbyes\u00bb][vc_column_inner width=\u00bb1\/2&#8243;][\/vc_column_inner][vc_column_inner width=\u00bb1\/2&#8243;][\/vc_column_inner][\/vc_row_inner][vc_row_inner][vc_column_inner][vc_text_separator title=\u00bbReformas Fiscales\u00bb css=\u00bb.vc_custom_1679415850932{margin-top: 30px &hellip; <a href=\"https:\/\/forocfib.org\/sitio\/vi-encuentro\/\" class=\"more-link\">Continue reading <span class=\"screen-reader-text\">VI Encuentro<\/span><\/a><\/p>\n","protected":false},"author":1,"featured_media":0,"parent":0,"menu_order":6,"comment_status":"closed","ping_status":"closed","template":"","meta":[],"_links":{"self":[{"href":"https:\/\/forocfib.org\/sitio\/wp-json\/wp\/v2\/pages\/1962"}],"collection":[{"href":"https:\/\/forocfib.org\/sitio\/wp-json\/wp\/v2\/pages"}],"about":[{"href":"https:\/\/forocfib.org\/sitio\/wp-json\/wp\/v2\/types\/page"}],"author":[{"embeddable":true,"href":"https:\/\/forocfib.org\/sitio\/wp-json\/wp\/v2\/users\/1"}],"replies":[{"embeddable":true,"href":"https:\/\/forocfib.org\/sitio\/wp-json\/wp\/v2\/comments?post=1962"}],"version-history":[{"count":34,"href":"https:\/\/forocfib.org\/sitio\/wp-json\/wp\/v2\/pages\/1962\/revisions"}],"predecessor-version":[{"id":3448,"href":"https:\/\/forocfib.org\/sitio\/wp-json\/wp\/v2\/pages\/1962\/revisions\/3448"}],"wp:attachment":[{"href":"https:\/\/forocfib.org\/sitio\/wp-json\/wp\/v2\/media?parent=1962"}],"curies":[{"name":"wp","href":"https:\/\/api.w.org\/{rel}","templated":true}]}}