{"id":1870,"date":"2023-03-17T19:26:50","date_gmt":"2023-03-17T19:26:50","guid":{"rendered":"https:\/\/forocfib.org\/sitio\/?page_id=1870"},"modified":"2023-04-27T16:32:02","modified_gmt":"2023-04-27T16:32:02","slug":"v-encuentro","status":"publish","type":"page","link":"https:\/\/forocfib.org\/sitio\/v-encuentro\/","title":{"rendered":"V Encuentro"},"content":{"rendered":"<p>[vc_row][vc_column][vc_empty_space]<div class=\"themestek-element-heading-wrapper themestek-heading-inner themestek-element-align-left themestek-seperator-none  vc_custom_1679081175244\"><section class=\"themestek-vc_cta3-container\"><div class=\"themestek-vc_general themestek-vc_cta3 themestek-cta3-only themestek-vc_cta3-style-classic themestek-vc_cta3-shape-rounded themestek-vc_cta3-align-left themestek-vc_cta3-color-transparent themestek-vc_cta3-icon-size-md themestek-vc_cta3-actions-no themestek-cta3-without-desc\"><div class=\"themestek-vc_cta3_content-container\"><div class=\"themestek-vc_cta3-content\"><div class=\"themestek-vc_cta3-content-header themestek-wrap\"><div class=\"themestek-vc_cta3-headers themestek-wrap-cell\"><h4 class=\"themestek-custom-heading \" >Foro Iberoamericano<\/h4>\n<h2 class=\"themestek-custom-heading \" >V. Encuentro de Coordinaci\u00f3n Presupuestar\u00eda y Fiscal 2016<\/h2>\n<\/div><\/div><\/div><\/div><\/div><\/section><\/div> <!-- .themestek-element-heading-wrapper container --> [vc_single_image image=\u00bb642&#8243; img_size=\u00bbfull\u00bb][vc_row_inner][vc_column_inner width=\u00bb1\/3&#8243;][\/vc_column_inner][vc_column_inner width=\u00bb1\/3&#8243;][vc_single_image image=\u00bb1291&#8243; img_size=\u00bb80&#215;80&#8243; alignment=\u00bbright\u00bb][\/vc_column_inner][vc_column_inner width=\u00bb1\/3&#8243;]<div class=\"themestek-element-heading-wrapper themestek-heading-inner themestek-element-align-left themestek-seperator-none  vc_custom_1679081209794\"><section class=\"themestek-vc_cta3-container\"><div class=\"themestek-vc_general themestek-vc_cta3 themestek-cta3-only themestek-vc_cta3-style-classic themestek-vc_cta3-shape-rounded themestek-vc_cta3-align-left themestek-vc_cta3-color-transparent themestek-vc_cta3-icon-size-md themestek-vc_cta3-actions-no themestek-cta3-without-desc\"><div class=\"themestek-vc_cta3_content-container\"><div class=\"themestek-vc_cta3-content\"><div class=\"themestek-vc_cta3-content-header themestek-wrap\"><div class=\"themestek-vc_cta3-headers themestek-wrap-cell\"><h4 class=\"themestek-custom-heading \" >Sede<\/h4>\n<h2 style=\"font-size:1.5em;\" class=\"themestek-custom-heading \" >Uruguay - Montevideo<\/h2>\n<\/div><\/div><\/div><\/div><\/div><\/section><\/div> <!-- .themestek-element-heading-wrapper container --> [\/vc_column_inner][\/vc_row_inner][\/vc_column][\/vc_row][vc_row themestek_responsive_css=\u00bb11903985|colbreak_no|||||||||colbreak_no|||||||||colbreak_no||||||||||colbreak_no|||||||||\u00bb][vc_column][vc_tta_tabs style=\u00bbmodern\u00bb gap=\u00bb5&#8243; active_section=\u00bb1&#8243; el_class=\u00bbtabsenc\u00bb][vc_tta_section title=\u00bbAgenda\u00bb tab_id=\u00bbagenda\u00bb][vc_row_inner equal_height=\u00bbyes\u00bb][vc_column_inner width=\u00bb1\/2&#8243;]<h5 style=\"text-align:left;\" class=\"themestek-custom-heading \" >TEMA \/ ACTIVIDAD<\/h5>\n[\/vc_column_inner][vc_column_inner width=\u00bb1\/2&#8243;]<h5 style=\"text-align:left;\" class=\"themestek-custom-heading \" >PONENTES<\/h5>\n[\/vc_column_inner][\/vc_row_inner][vc_row_inner equal_height=\u00bbyes\u00bb][vc_column_inner width=\u00bb1\/2&#8243;]<h6 style=\"text-align:left;\" class=\"themestek-custom-heading \" >APERTURA<\/h6>\n[\/vc_column_inner][vc_column_inner width=\u00bb1\/2&#8243;]<ul class=\"themestek-list themestek-list-style-icon themestek-list-icon-color-skincolor themestek- themestek-icon-skincolor themestek-list-textsize-small themestek-list-icon-library-fontawesome\"><\/ul>[\/vc_column_inner][\/vc_row_inner][vc_row_inner][vc_column_inner][vc_text_separator title=\u00bbBloque 1: Perspectivas Fiscales en Am\u00e9rica Latina\u00bb][\/vc_column_inner][\/vc_row_inner][vc_row_inner equal_height=\u00bbyes\u00bb][vc_column_inner width=\u00bb1\/2&#8243;]<h6 style=\"text-align:left;\" class=\"themestek-custom-heading \" >PERSPECTIVAS FISCALES SUB NACIONALES EN AM\u00c9RICA LATINA<\/h6>\n[\/vc_column_inner][vc_column_inner width=\u00bb1\/2&#8243;]<ul class=\"themestek-list themestek-list-style-icon themestek-list-icon-color-skincolor themestek- themestek-icon-skincolor themestek-list-textsize-small themestek-list-icon-library-fontawesome\"><li><i class=\"themestek-skincolor fa fa-caret-right\"><\/i>  <span class=\"themestek-list-li-content\">JUAN PABLO JIM\u00c9NEZ<br>\nDIVISI\u00d3N DE DESARROLLO ECON\u00d3MICO COMISI\u00d3N ECON\u00d3MICA PARA AM\u00c9RICA LATINA Y EL CARIBE<\/span><\/li><\/ul>[\/vc_column_inner][\/vc_row_inner][vc_row_inner][vc_column_inner][vc_separator border_width=\u00bb2&#8243;][\/vc_column_inner][\/vc_row_inner][vc_row_inner equal_height=\u00bbyes\u00bb][vc_column_inner width=\u00bb1\/2&#8243;]<h6 style=\"text-align:left;\" class=\"themestek-custom-heading \" >CASO URUGUAY<\/h6>\n[\/vc_column_inner][vc_column_inner width=\u00bb1\/2&#8243;]<ul class=\"themestek-list themestek-list-style-icon themestek-list-icon-color-skincolor themestek- themestek-icon-skincolor themestek-list-textsize-small themestek-list-icon-library-fontawesome\"><li><i class=\"themestek-skincolor fa fa-caret-right\"><\/i>  <span class=\"themestek-list-li-content\">PEDRO APEZTEGU\u00cdA<br>\nDIRECTOR DE DESCENTRALIZACI\u00d3N E INVERSI\u00d3N P\u00daBLICA, OFICINA DE PLANEAMIENTO Y PRESUPUESTO, URUGUAY<\/span><\/li><\/ul>[\/vc_column_inner][\/vc_row_inner][vc_row_inner][vc_column_inner][vc_separator border_width=\u00bb2&#8243;][\/vc_column_inner][\/vc_row_inner][vc_row_inner equal_height=\u00bbyes\u00bb][vc_column_inner width=\u00bb1\/2&#8243;]<h6 style=\"text-align:left;\" class=\"themestek-custom-heading \" >RELACI\u00d3N FISCAL NACI\u00d3N-PROVINCIAS. EVOLUCI\u00d3N Y CAMBIOS EN LA ETAPA ACTUAL<\/h6>\n[\/vc_column_inner][vc_column_inner width=\u00bb1\/2&#8243;]<ul class=\"themestek-list themestek-list-style-icon themestek-list-icon-color-skincolor themestek- themestek-icon-skincolor themestek-list-textsize-small themestek-list-icon-library-fontawesome\"><li><i class=\"themestek-skincolor fa fa-caret-right\"><\/i>  <span class=\"themestek-list-li-content\">ADRI\u00c1N CENTURI\u00d3N<br>\nMINISTERIO DE ECONOM\u00cdA Y FINANZAS P\u00daBLICAS, ARGENTINA<\/span><\/li><\/ul>[\/vc_column_inner][\/vc_row_inner][vc_row_inner][vc_column_inner][vc_text_separator title=\u00bbBloque 2: Descentralizaci\u00f3n y Pol\u00edtica Fiscal\u00bb][\/vc_column_inner][\/vc_row_inner][vc_row_inner equal_height=\u00bbyes\u00bb][vc_column_inner width=\u00bb1\/2&#8243;]<h6 style=\"text-align:left;\" class=\"themestek-custom-heading \" >PLATAFORMA DE INFORMACI\u00d3N FISCAL SUBNACIONAL Y DE DESARROLLO LOCAL<\/h6>\n[\/vc_column_inner][vc_column_inner width=\u00bb1\/2&#8243;]<ul class=\"themestek-list themestek-list-style-icon themestek-list-icon-color-skincolor themestek- themestek-icon-skincolor themestek-list-textsize-small themestek-list-icon-library-fontawesome\"><li><i class=\"themestek-skincolor fa fa-caret-right\"><\/i>  <span class=\"themestek-list-li-content\">CARLOS R. PINEDA MANNHEIM<br>\nCL\u00daSTER FISCAL Y SUBNACIONAL DEL BANCO INTERAMERICANO DE DESARROLLO<\/span><\/li><\/ul>[\/vc_column_inner][\/vc_row_inner][vc_row_inner][vc_column_inner][vc_separator border_width=\u00bb2&#8243;][\/vc_column_inner][\/vc_row_inner][vc_row_inner equal_height=\u00bbyes\u00bb][vc_column_inner width=\u00bb1\/2&#8243;]<h6 style=\"text-align:left;\" class=\"themestek-custom-heading \" >DESCENTRALIZACI\u00d3N POL\u00cdTICA Y FISCAL. AVANCES Y OPORTUNIDADES<\/h6>\n[\/vc_column_inner][vc_column_inner width=\u00bb1\/2&#8243;]<ul class=\"themestek-list themestek-list-style-icon themestek-list-icon-color-skincolor themestek- themestek-icon-skincolor themestek-list-textsize-small themestek-list-icon-library-fontawesome\"><li><i class=\"themestek-skincolor fa fa-caret-right\"><\/i>  <span class=\"themestek-list-li-content\">ARCESIO VALENZUELA ORDO\u00d1EZ<br>\nSUBDIRECCI\u00d3N DE APOYO AL SANEAMIENTO FISCAL TERRITORIAL, MINISTERIO DE HACIENDA Y CR\u00c9DITO P\u00daBLICO, COLOMBIA<\/span><\/li><\/ul>[\/vc_column_inner][\/vc_row_inner][vc_row_inner][vc_column_inner][vc_separator border_width=\u00bb2&#8243;][\/vc_column_inner][\/vc_row_inner][vc_row_inner equal_height=\u00bbyes\u00bb][vc_column_inner width=\u00bb1\/2&#8243;]<h6 style=\"text-align:left;\" class=\"themestek-custom-heading \" >RECURSOS A PROVINCIAS EN EL ESCENARIO FISCAL ARGENTINO<\/h6>\n[\/vc_column_inner][vc_column_inner width=\u00bb1\/2&#8243;]<ul class=\"themestek-list themestek-list-style-icon themestek-list-icon-color-skincolor themestek- themestek-icon-skincolor themestek-list-textsize-small themestek-list-icon-library-fontawesome\"><li><i class=\"themestek-skincolor fa fa-caret-right\"><\/i>  <span class=\"themestek-list-li-content\">EDUARDO BACCI<\/span><\/li><\/ul>[\/vc_column_inner][\/vc_row_inner][vc_row_inner][vc_column_inner][vc_separator border_width=\u00bb2&#8243;][\/vc_column_inner][\/vc_row_inner][vc_row_inner equal_height=\u00bbyes\u00bb][vc_column_inner width=\u00bb1\/2&#8243;]<h6 style=\"text-align:left;\" class=\"themestek-custom-heading \" >EL FORO PERMANENTE DE DIRECCIONES DE PRESUPUESTO Y FINANZAS DE LA REP\u00daBLICA ARGENTINA: UN MODELO DE RELACIONES INTERGUBERNAMENTALES<\/h6>\n[\/vc_column_inner][vc_column_inner width=\u00bb1\/2&#8243;]<ul class=\"themestek-list themestek-list-style-icon themestek-list-icon-color-skincolor themestek- themestek-icon-skincolor themestek-list-textsize-small themestek-list-icon-library-fontawesome\"><li><i class=\"themestek-skincolor fa fa-caret-right\"><\/i>  <span class=\"themestek-list-li-content\">CRISTINA RUIZ<\/span><\/li><\/ul>[\/vc_column_inner][\/vc_row_inner][vc_row_inner][vc_column_inner][vc_separator border_width=\u00bb2&#8243;][\/vc_column_inner][\/vc_row_inner][vc_row_inner equal_height=\u00bbyes\u00bb][vc_column_inner width=\u00bb1\/2&#8243;]<h6 style=\"text-align:left;\" class=\"themestek-custom-heading \" >LA COOPERACI\u00d3N EN MATERIA FISCAL ENTRE LOS DIFERENTES NIVELES DE GOBIERNO.<br \/>\nEL CASO DE ESPA\u00d1A<\/h6>\n[\/vc_column_inner][vc_column_inner width=\u00bb1\/2&#8243;]<ul class=\"themestek-list themestek-list-style-icon themestek-list-icon-color-skincolor themestek- themestek-icon-skincolor themestek-list-textsize-small themestek-list-icon-library-fontawesome\"><li><i class=\"themestek-skincolor fa fa-caret-right\"><\/i>  <span class=\"themestek-list-li-content\">ALVARO DEL BLANCO<br>\nINSTITUTO DE ESTUDIOS FISCALES, ESPA\u00d1A<\/span><\/li><\/ul>[\/vc_column_inner][\/vc_row_inner][vc_row_inner][vc_column_inner][vc_separator border_width=\u00bb2&#8243;][\/vc_column_inner][\/vc_row_inner][vc_row_inner equal_height=\u00bbyes\u00bb][vc_column_inner width=\u00bb1\/2&#8243;]<h6 style=\"text-align:left;\" class=\"themestek-custom-heading \" >CASO ECUADOR<\/h6>\n[\/vc_column_inner][vc_column_inner width=\u00bb1\/2&#8243;]<ul class=\"themestek-list themestek-list-style-icon themestek-list-icon-color-skincolor themestek- themestek-icon-skincolor themestek-list-textsize-small themestek-list-icon-library-fontawesome\"><li><i class=\"themestek-skincolor fa fa-caret-right\"><\/i>  <span class=\"themestek-list-li-content\">PAOLA O\u00d1A<br>SENPLADES ECUADOR<\/span><\/li><\/ul>[\/vc_column_inner][\/vc_row_inner][vc_row_inner][vc_column_inner][vc_text_separator title=\u00bbBloque 3: Administraci\u00f3n Financiera y Presupuestaria\u00bb][\/vc_column_inner][\/vc_row_inner][vc_row_inner equal_height=\u00bbyes\u00bb][vc_column_inner width=\u00bb1\/2&#8243;]<h6 style=\"text-align:left;\" class=\"themestek-custom-heading \" >REVITALIZACI\u00d3N DEL GOBIERNO - RETOS Y FORMAS DE ADMINISTRACI\u00d3N P\u00daBLICA MODERNA<\/h6>\n[\/vc_column_inner][vc_column_inner width=\u00bb1\/2&#8243;]<ul class=\"themestek-list themestek-list-style-icon themestek-list-icon-color-skincolor themestek- themestek-icon-skincolor themestek-list-textsize-small themestek-list-icon-library-fontawesome\"><li><i class=\"themestek-skincolor fa fa-caret-right\"><\/i>  <span class=\"themestek-list-li-content\">C\u00c9LIA CARVALHO<br>COORDENADORA EXECUTIVA GEFIN\/CONFAZ<\/span><\/li><\/ul>[\/vc_column_inner][\/vc_row_inner][vc_row_inner][vc_column_inner][vc_separator border_width=\u00bb2&#8243;][\/vc_column_inner][\/vc_row_inner][vc_row_inner equal_height=\u00bbyes\u00bb][vc_column_inner width=\u00bb1\/2&#8243;]<h6 style=\"text-align:left;\" class=\"themestek-custom-heading \" >LOS FIDEICOMISOS COMO ALTERNATIVA DE REESTRUCTURACI\u00d3N PRESUPUESTARIA<\/h6>\n[\/vc_column_inner][vc_column_inner width=\u00bb1\/2&#8243;]<ul class=\"themestek-list themestek-list-style-icon themestek-list-icon-color-skincolor themestek- themestek-icon-skincolor themestek-list-textsize-small themestek-list-icon-library-fontawesome\"><li><i class=\"themestek-skincolor fa fa-caret-right\"><\/i>  <span class=\"themestek-list-li-content\">GABRIEL CAMACHO<br>INTENDENCIA DEPARTAMENTAL DE CANELONES<\/span><\/li><\/ul>[\/vc_column_inner][\/vc_row_inner][vc_row_inner][vc_column_inner][vc_text_separator title=\u00bbBloque 4: Fuentes de Recursos y Herramientas de Financiamiento y Administraci\u00f3n\u00bb][\/vc_column_inner][\/vc_row_inner][vc_row_inner equal_height=\u00bbyes\u00bb][vc_column_inner width=\u00bb1\/2&#8243;]<h6 style=\"text-align:left;\" class=\"themestek-custom-heading \" >FINANCIAMIENTO DE LA COBERTURA UNIVERSAL DE ELECTRIFICACI\u00d3N EN ZONAS RURALES DE URUGUAY<\/h6>\n[\/vc_column_inner][vc_column_inner width=\u00bb1\/2&#8243;]<ul class=\"themestek-list themestek-list-style-icon themestek-list-icon-color-skincolor themestek- themestek-icon-skincolor themestek-list-textsize-small themestek-list-icon-library-fontawesome\"><li><i class=\"themestek-skincolor fa fa-caret-right\"><\/i>  <span class=\"themestek-list-li-content\">DIRECCI\u00d3N DE DESCENTRALIZACI\u00d3N - OPP<\/span><\/li><\/ul>[\/vc_column_inner][\/vc_row_inner][vc_row_inner][vc_column_inner][vc_separator border_width=\u00bb2&#8243;][\/vc_column_inner][\/vc_row_inner][vc_row_inner equal_height=\u00bbyes\u00bb][vc_column_inner width=\u00bb1\/2&#8243;]<h6 style=\"text-align:left;\" class=\"themestek-custom-heading \" >COMPETENCIA POR LOS TRIBUTOS SUBNACIONALES. EL CASO URUGUAYO.<\/h6>\n[\/vc_column_inner][vc_column_inner width=\u00bb1\/2&#8243;]<ul class=\"themestek-list themestek-list-style-icon themestek-list-icon-color-skincolor themestek- themestek-icon-skincolor themestek-list-textsize-small themestek-list-icon-library-fontawesome\"><li><i class=\"themestek-skincolor fa fa-caret-right\"><\/i>  <span class=\"themestek-list-li-content\">JORGE CASTIGLIONI<br>REP\u00daBLICA ADMINISTRADORA FINANCIERA S.A., URUGUAY<\/span><\/li><\/ul>[\/vc_column_inner][\/vc_row_inner][vc_row_inner][vc_column_inner][vc_separator border_width=\u00bb2&#8243;][\/vc_column_inner][\/vc_row_inner][vc_row_inner equal_height=\u00bbyes\u00bb][vc_column_inner width=\u00bb1\/2&#8243;]<h6 style=\"text-align:left;\" class=\"themestek-custom-heading \" >PARTICIPACI\u00d3N MUNICIPAL DE IMPUESTOS NACIONALES Y PROVINCIALES. EL CONSEJO TRIBUTARIO DE MENDOZA COMO COORDINADOR DE POL\u00cdTICAS DE RECAUDACI\u00d3N.<\/h6>\n[\/vc_column_inner][vc_column_inner width=\u00bb1\/2&#8243;]<ul class=\"themestek-list themestek-list-style-icon themestek-list-icon-color-skincolor themestek- themestek-icon-skincolor themestek-list-textsize-small themestek-list-icon-library-fontawesome\"><li><i class=\"themestek-skincolor fa fa-caret-right\"><\/i>  <span class=\"themestek-list-li-content\">SANDRA TENNERINI<br>ARGENTINA<\/span><\/li><\/ul>[\/vc_column_inner][\/vc_row_inner][vc_row_inner][vc_column_inner][vc_separator border_width=\u00bb2&#8243;][\/vc_column_inner][\/vc_row_inner][vc_row_inner equal_height=\u00bbyes\u00bb][vc_column_inner width=\u00bb1\/2&#8243;]<h6 style=\"text-align:left;\" class=\"themestek-custom-heading \" >CASO PARAGUAY<\/h6>\n[\/vc_column_inner][vc_column_inner width=\u00bb1\/2&#8243;]<ul class=\"themestek-list themestek-list-style-icon themestek-list-icon-color-skincolor themestek- themestek-icon-skincolor themestek-list-textsize-small themestek-list-icon-library-fontawesome\"><li><i class=\"themestek-skincolor fa fa-caret-right\"><\/i>  <span class=\"themestek-list-li-content\">FLORENCIA VILLALBA<br> DIRECTORA GENERAL DE DESARROLLO TERRITORIAL DE LA SECRETAR\u00cdA T\u00c9CNICA DE PLANIFICACI\u00d3N DEL DESARROLLO ECON\u00d3MICO Y SOCIAL, PARAGUAY<\/span><\/li><\/ul>[\/vc_column_inner][\/vc_row_inner][vc_row_inner][vc_column_inner][vc_text_separator title=\u00bbBloque 5: Gasto P\u00fablico y Pol\u00edticas Fiscales para la Igualdad\u00bb][\/vc_column_inner][\/vc_row_inner][vc_row_inner equal_height=\u00bbyes\u00bb][vc_column_inner width=\u00bb1\/2&#8243;]<h6 style=\"text-align:left;\" class=\"themestek-custom-heading \" >MESA DE DEBATE: TRIBUTACI\u00d3N, EQUIDAD Y EFICIENCIA<\/h6>\n[\/vc_column_inner][vc_column_inner width=\u00bb1\/2&#8243;]<ul class=\"themestek-list themestek-list-style-icon themestek-list-icon-color-skincolor themestek- themestek-icon-skincolor themestek-list-textsize-small themestek-list-icon-library-fontawesome\"><li><i class=\"themestek-skincolor fa fa-caret-right\"><\/i>  <span class=\"themestek-list-li-content\">ALVARO DEL BLANCO<br>(IEF, ESPA\u00d1A)<\/span><\/li><li><i class=\"themestek-skincolor fa fa-caret-right\"><\/i>  <span class=\"themestek-list-li-content\">GUSTAVO VI\u00d1ALES<br>(CEF URUGUAY)<\/span><\/li><li><i class=\"themestek-skincolor fa fa-caret-right\"><\/i>  <span class=\"themestek-list-li-content\">JUAN DOGLIANI<br>(ROSARIO, ARGENTINA)<\/span><\/li><\/ul>[\/vc_column_inner][\/vc_row_inner][vc_row_inner][vc_column_inner][vc_separator border_width=\u00bb2&#8243;][\/vc_column_inner][\/vc_row_inner][vc_row_inner equal_height=\u00bbyes\u00bb][vc_column_inner width=\u00bb1\/2&#8243;]<h6 style=\"text-align:left;\" class=\"themestek-custom-heading \" >AGENDA 2030: 17 OBJETIVOS DE DESARROLLO SOSTENIBLE (ODS) PARA PONER FIN A LA POBREZA, LUCHAR CONTRA LA DESIGUALDAD Y LA INJUSTICIA, Y HACER FRENTE AL CAMBIO CLIM\u00c1TICO<\/h6>\n[\/vc_column_inner][vc_column_inner width=\u00bb1\/2&#8243;]<ul class=\"themestek-list themestek-list-style-icon themestek-list-icon-color-skincolor themestek- themestek-icon-skincolor themestek-list-textsize-small themestek-list-icon-library-fontawesome\"><li><i class=\"themestek-skincolor fa fa-caret-right\"><\/i>  <span class=\"themestek-list-li-content\">DENISE COOK,<br>COORDINADORA RESIDENTE DE LAS NNUU Y REPRESENTANTE RESIDENTE DEL PNUD PARA URUGUAY\n<\/span><\/li><li><i class=\"themestek-skincolor fa fa-caret-right\"><\/i>  <span class=\"themestek-list-li-content\">\u00c1LVARO GARC\u00cdA<br>DIRECTOR DE LA OFICINA DE PLANEAMIENTO Y PRESUPUESTO, URUGUAY<\/span><\/li><\/ul>[\/vc_column_inner][\/vc_row_inner][vc_row_inner][vc_column_inner][vc_separator border_width=\u00bb2&#8243;][\/vc_column_inner][\/vc_row_inner][vc_row_inner equal_height=\u00bbyes\u00bb][vc_column_inner width=\u00bb1\/2&#8243;]<h6 style=\"text-align:left;\" class=\"themestek-custom-heading \" >CONFECCIONANDO PRESUPUESTOS SUBNACIONALES DESDE LA PERSPECTIVA DE LOS ODS<\/h6>\n[\/vc_column_inner][vc_column_inner width=\u00bb1\/2&#8243;]<ul class=\"themestek-list themestek-list-style-icon themestek-list-icon-color-skincolor themestek- themestek-icon-skincolor themestek-list-textsize-small themestek-list-icon-library-fontawesome\"><li><i class=\"themestek-skincolor fa fa-caret-right\"><\/i>  <span class=\"themestek-list-li-content\">MARIANELA ARMIJO<br>ILPES\/CEPAL<\/span><\/li><\/ul>[\/vc_column_inner][\/vc_row_inner][vc_row_inner][vc_column_inner][vc_separator border_width=\u00bb2&#8243;][\/vc_column_inner][\/vc_row_inner][vc_row_inner equal_height=\u00bbyes\u00bb][vc_column_inner width=\u00bb1\/2&#8243;]<h6 style=\"text-align:left;\" class=\"themestek-custom-heading \" >CASO URUGUAY<\/h6>\n[\/vc_column_inner][vc_column_inner width=\u00bb1\/2&#8243;]<ul class=\"themestek-list themestek-list-style-icon themestek-list-icon-color-skincolor themestek- themestek-icon-skincolor themestek-list-textsize-small themestek-list-icon-library-fontawesome\"><li><i class=\"themestek-skincolor fa fa-caret-right\"><\/i>  <span class=\"themestek-list-li-content\">JANET L\u00d3PEZ<br>DIRECCI\u00d3N DE PRESUPUESTOS, CONTROL Y EVALUACI\u00d3N DE LA GESI\u00d3N - OPP<\/span><\/li><\/ul>[\/vc_column_inner][\/vc_row_inner][vc_row_inner][vc_column_inner][vc_separator border_width=\u00bb2&#8243;][\/vc_column_inner][\/vc_row_inner][vc_row_inner equal_height=\u00bbyes\u00bb][vc_column_inner width=\u00bb1\/2&#8243;]<h6 style=\"text-align:left;\" class=\"themestek-custom-heading \" >EVALUACI\u00d3N DE PROGRAMAS PRESUPUESTARIOS EN GOBIERNOS SUBNACIONALES EN M\u00c9XICO<\/h6>\n[\/vc_column_inner][vc_column_inner width=\u00bb1\/2&#8243;]<ul class=\"themestek-list themestek-list-style-icon themestek-list-icon-color-skincolor themestek- themestek-icon-skincolor themestek-list-textsize-small themestek-list-icon-library-fontawesome\"><li><i class=\"themestek-skincolor fa fa-caret-right\"><\/i>  <span class=\"themestek-list-li-content\">DRA. ELVIA RASC\u00d3N<br>INDETEC, M\u00c9XICO<\/span><\/li><\/ul>[\/vc_column_inner][\/vc_row_inner][vc_row_inner][vc_column_inner][vc_separator border_width=\u00bb2&#8243;][\/vc_column_inner][\/vc_row_inner][vc_row_inner equal_height=\u00bbyes\u00bb][vc_column_inner width=\u00bb1\/2&#8243;]<h6 style=\"text-align:left;\" class=\"themestek-custom-heading \" >CALIDAD DEL GASTO P\u00daBLICO DE LOS ESTADOS SUBNACIONALES Y LOS ODS<\/h6>\n[\/vc_column_inner][vc_column_inner width=\u00bb1\/2&#8243;]<ul class=\"themestek-list themestek-list-style-icon themestek-list-icon-color-skincolor themestek- themestek-icon-skincolor themestek-list-textsize-small themestek-list-icon-library-fontawesome\"><li><i class=\"themestek-skincolor fa fa-caret-right\"><\/i>  <span class=\"themestek-list-li-content\">DRA. MARCIA VIEIRA<br>CONSULTORA FIPECAFI<\/span><\/li><\/ul>[\/vc_column_inner][\/vc_row_inner][vc_row_inner][vc_column_inner][vc_separator border_width=\u00bb2&#8243;][\/vc_column_inner][\/vc_row_inner][vc_row_inner equal_height=\u00bbyes\u00bb][vc_column_inner width=\u00bb1\/2&#8243;]<h6 style=\"text-align:left;\" class=\"themestek-custom-heading \" >ADMINISTRACI\u00d3N FINANCIERA Y CONTROL INTERNO - COMPARATIVO ENTRE EL MODELO BRASILERO Y LA UNI\u00d3N EUROPEA<\/h6>\n[\/vc_column_inner][vc_column_inner width=\u00bb1\/2&#8243;]<ul class=\"themestek-list themestek-list-style-icon themestek-list-icon-color-skincolor themestek- themestek-icon-skincolor themestek-list-textsize-small themestek-list-icon-library-fontawesome\"><li><i class=\"themestek-skincolor fa fa-caret-right\"><\/i>  <span class=\"themestek-list-li-content\">AUGUSTO MONTEIRO<br>PRESIDENTE DEL GEFIN<\/span><\/li><\/ul>[\/vc_column_inner][\/vc_row_inner][vc_row_inner][vc_column_inner][vc_text_separator title=\u00bbBloque 6: La Agenda Urbana y Desaf\u00edos Locales\u00bb][\/vc_column_inner][\/vc_row_inner][vc_row_inner equal_height=\u00bbyes\u00bb][vc_column_inner width=\u00bb1\/2&#8243;]<h6 style=\"text-align:left;\" class=\"themestek-custom-heading \" >HABITAT III: CLAVES PARA LAS NUEVAS AGENDAS URBANAS<\/h6>\n[\/vc_column_inner][vc_column_inner width=\u00bb1\/2&#8243;]<ul class=\"themestek-list themestek-list-style-icon themestek-list-icon-color-skincolor themestek- themestek-icon-skincolor themestek-list-textsize-small themestek-list-icon-library-fontawesome\"><li><i class=\"themestek-skincolor fa fa-caret-right\"><\/i>  <span class=\"themestek-list-li-content\">NELSON FERN\u00c1NDEZ<br>INTENDENCIA DEPARTAMENTAL DE MONTEVIDEO<\/span><\/li><\/ul>[\/vc_column_inner][\/vc_row_inner][vc_row_inner][vc_column_inner][vc_separator border_width=\u00bb2&#8243;][\/vc_column_inner][\/vc_row_inner][vc_row_inner equal_height=\u00bbyes\u00bb][vc_column_inner width=\u00bb1\/2&#8243;]<h6 style=\"text-align:left;\" class=\"themestek-custom-heading \" >CIUDADES INTELIGENTES Y DE DATOS ABIERTOS<\/h6>\n[\/vc_column_inner][vc_column_inner width=\u00bb1\/2&#8243;]<ul class=\"themestek-list themestek-list-style-icon themestek-list-icon-color-skincolor themestek- themestek-icon-skincolor themestek-list-textsize-small themestek-list-icon-library-fontawesome\"><li><i class=\"themestek-skincolor fa fa-caret-right\"><\/i>  <span class=\"themestek-list-li-content\">SANDRA TENNERINI<\/span><\/li><\/ul>[\/vc_column_inner][\/vc_row_inner][vc_row_inner][vc_column_inner][vc_separator border_width=\u00bb2&#8243;][\/vc_column_inner][\/vc_row_inner][vc_row_inner equal_height=\u00bbyes\u00bb][vc_column_inner width=\u00bb1\/2&#8243;]<h6 style=\"text-align:left;\" class=\"themestek-custom-heading \" >LA ESTRATEGIA DE CAF PARA CIUDADES CON MIRAS AL FORO DE H\u00c1BITAT III<\/h6>\n[\/vc_column_inner][vc_column_inner width=\u00bb1\/2&#8243;]<ul class=\"themestek-list themestek-list-style-icon themestek-list-icon-color-skincolor themestek- themestek-icon-skincolor themestek-list-textsize-small themestek-list-icon-library-fontawesome\"><li><i class=\"themestek-skincolor fa fa-caret-right\"><\/i>  <span class=\"themestek-list-li-content\">JAIME HOLGU\u00cdN<br>DIRECTOR DE PROYECTOS DE DESARROLLO SOCIAL PARA LA REGI\u00d3N SUR, CAF BANCO DE DESARROLLO DE AM\u00c9RICA LATINA<\/span><\/li><\/ul>[\/vc_column_inner][\/vc_row_inner][vc_row_inner][vc_column_inner][vc_text_separator title=\u00bbCIERRE DEL QUINTO ENCUENTRO\u00bb][\/vc_column_inner][\/vc_row_inner][\/vc_tta_section][vc_tta_section title=\u00bbGaler\u00eda de Fotos\u00bb tab_id=\u00bbgaleria\u00bb][vc_row_inner][vc_column_inner][vc_media_grid style=\u00bbload-more\u00bb items_per_page=\u00bb20&#8243; element_width=\u00bb3&#8243; item=\u00bbmasonryMedia_BorderedScale\u00bb btn_title=\u00bbVer m\u00e1s Fotograf\u00edas\u00bb grid_id=\u00bbvc_gid:1682612974130-9e79c6d8-4108-3&#8243; include=\u00bb1960,1959,1958,1957,1956,1955,1954,1953,1952,1951,1950,1949,1948,1947,1946,1945,1944,1943,1942,1941,1940,1939,1938,1937,1936,1935,1934,1933,1932,1931,1930,1929,1928,1927,1926,1925,1924,1923,1922,1921,1920,1919,1918,1917,1916,1915,1914,1913,1912,1911,1910,1909,1908,1907,1906,1905,1904,1903,1902,1901,1900,1899,1898,1897,1896,1895,1894,1893,1892,1891,1890,1889,1888,1887,1886,1885,1884,1883,1882,1881,1880,1879,1878,1877,1876,1875,1874&#8243;][\/vc_column_inner][\/vc_row_inner][\/vc_tta_section][vc_tta_section title=\u00bbRepositorio\u00bb tab_id=\u00bbrepositorio\u00bb][vc_row_inner][vc_column_inner][vc_wp_custommenu nav_menu=\u00bb37&#8243; el_class=\u00bbmenu-encuentros\u00bb][\/vc_column_inner][\/vc_row_inner][\/vc_tta_section][\/vc_tta_tabs][\/vc_column][\/vc_row]<\/p>\n","protected":false},"excerpt":{"rendered":"<p>[vc_row][vc_column][vc_empty_space][vc_single_image image=\u00bb642&#8243; img_size=\u00bbfull\u00bb][vc_row_inner][vc_column_inner width=\u00bb1\/3&#8243;][\/vc_column_inner][vc_column_inner width=\u00bb1\/3&#8243;][vc_single_image image=\u00bb1291&#8243; img_size=\u00bb80&#215;80&#8243; alignment=\u00bbright\u00bb][\/vc_column_inner][vc_column_inner width=\u00bb1\/3&#8243;][\/vc_column_inner][\/vc_row_inner][\/vc_column][\/vc_row][vc_row themestek_responsive_css=\u00bb11903985|colbreak_no|||||||||colbreak_no|||||||||colbreak_no||||||||||colbreak_no|||||||||\u00bb][vc_column][vc_tta_tabs style=\u00bbmodern\u00bb gap=\u00bb5&#8243; active_section=\u00bb1&#8243; el_class=\u00bbtabsenc\u00bb][vc_tta_section title=\u00bbAgenda\u00bb tab_id=\u00bbagenda\u00bb][vc_row_inner equal_height=\u00bbyes\u00bb][vc_column_inner width=\u00bb1\/2&#8243;][\/vc_column_inner][vc_column_inner width=\u00bb1\/2&#8243;][\/vc_column_inner][\/vc_row_inner][vc_row_inner equal_height=\u00bbyes\u00bb][vc_column_inner width=\u00bb1\/2&#8243;][\/vc_column_inner][vc_column_inner width=\u00bb1\/2&#8243;][\/vc_column_inner][\/vc_row_inner][vc_row_inner][vc_column_inner][vc_text_separator title=\u00bbBloque 1: Perspectivas Fiscales en Am\u00e9rica Latina\u00bb][\/vc_column_inner][\/vc_row_inner][vc_row_inner equal_height=\u00bbyes\u00bb][vc_column_inner width=\u00bb1\/2&#8243;][\/vc_column_inner][vc_column_inner width=\u00bb1\/2&#8243;][\/vc_column_inner][\/vc_row_inner][vc_row_inner][vc_column_inner][vc_separator border_width=\u00bb2&#8243;][\/vc_column_inner][\/vc_row_inner][vc_row_inner equal_height=\u00bbyes\u00bb][vc_column_inner width=\u00bb1\/2&#8243;][\/vc_column_inner][vc_column_inner width=\u00bb1\/2&#8243;][\/vc_column_inner][\/vc_row_inner][vc_row_inner][vc_column_inner][vc_separator border_width=\u00bb2&#8243;][\/vc_column_inner][\/vc_row_inner][vc_row_inner equal_height=\u00bbyes\u00bb][vc_column_inner width=\u00bb1\/2&#8243;][\/vc_column_inner][vc_column_inner width=\u00bb1\/2&#8243;][\/vc_column_inner][\/vc_row_inner][vc_row_inner][vc_column_inner][vc_text_separator title=\u00bbBloque 2: Descentralizaci\u00f3n y Pol\u00edtica Fiscal\u00bb][\/vc_column_inner][\/vc_row_inner][vc_row_inner equal_height=\u00bbyes\u00bb][vc_column_inner width=\u00bb1\/2&#8243;][\/vc_column_inner][vc_column_inner width=\u00bb1\/2&#8243;][\/vc_column_inner][\/vc_row_inner][vc_row_inner][vc_column_inner][vc_separator border_width=\u00bb2&#8243;][\/vc_column_inner][\/vc_row_inner][vc_row_inner equal_height=\u00bbyes\u00bb][vc_column_inner width=\u00bb1\/2&#8243;][\/vc_column_inner][vc_column_inner width=\u00bb1\/2&#8243;][\/vc_column_inner][\/vc_row_inner][vc_row_inner][vc_column_inner][vc_separator border_width=\u00bb2&#8243;][\/vc_column_inner][\/vc_row_inner][vc_row_inner equal_height=\u00bbyes\u00bb][vc_column_inner &hellip; <a href=\"https:\/\/forocfib.org\/sitio\/v-encuentro\/\" class=\"more-link\">Continue reading <span class=\"screen-reader-text\">V Encuentro<\/span><\/a><\/p>\n","protected":false},"author":1,"featured_media":0,"parent":0,"menu_order":6,"comment_status":"closed","ping_status":"closed","template":"","meta":[],"_links":{"self":[{"href":"https:\/\/forocfib.org\/sitio\/wp-json\/wp\/v2\/pages\/1870"}],"collection":[{"href":"https:\/\/forocfib.org\/sitio\/wp-json\/wp\/v2\/pages"}],"about":[{"href":"https:\/\/forocfib.org\/sitio\/wp-json\/wp\/v2\/types\/page"}],"author":[{"embeddable":true,"href":"https:\/\/forocfib.org\/sitio\/wp-json\/wp\/v2\/users\/1"}],"replies":[{"embeddable":true,"href":"https:\/\/forocfib.org\/sitio\/wp-json\/wp\/v2\/comments?post=1870"}],"version-history":[{"count":26,"href":"https:\/\/forocfib.org\/sitio\/wp-json\/wp\/v2\/pages\/1870\/revisions"}],"predecessor-version":[{"id":3060,"href":"https:\/\/forocfib.org\/sitio\/wp-json\/wp\/v2\/pages\/1870\/revisions\/3060"}],"wp:attachment":[{"href":"https:\/\/forocfib.org\/sitio\/wp-json\/wp\/v2\/media?parent=1870"}],"curies":[{"name":"wp","href":"https:\/\/api.w.org\/{rel}","templated":true}]}}