{"id":1783,"date":"2023-03-17T18:20:38","date_gmt":"2023-03-17T18:20:38","guid":{"rendered":"https:\/\/forocfib.org\/sitio\/?page_id=1783"},"modified":"2023-07-05T15:39:46","modified_gmt":"2023-07-05T15:39:46","slug":"iii-encuentro","status":"publish","type":"page","link":"https:\/\/forocfib.org\/sitio\/iii-encuentro\/","title":{"rendered":"III Encuentro"},"content":{"rendered":"<p>[vc_row][vc_column][vc_empty_space]<div class=\"themestek-element-heading-wrapper themestek-heading-inner themestek-element-align-left themestek-seperator-none  vc_custom_1679076946334\"><section class=\"themestek-vc_cta3-container\"><div class=\"themestek-vc_general themestek-vc_cta3 themestek-cta3-only themestek-vc_cta3-style-classic themestek-vc_cta3-shape-rounded themestek-vc_cta3-align-left themestek-vc_cta3-color-transparent themestek-vc_cta3-icon-size-md themestek-vc_cta3-actions-no themestek-cta3-without-desc\"><div class=\"themestek-vc_cta3_content-container\"><div class=\"themestek-vc_cta3-content\"><div class=\"themestek-vc_cta3-content-header themestek-wrap\"><div class=\"themestek-vc_cta3-headers themestek-wrap-cell\"><h4 class=\"themestek-custom-heading \" >Foro Iberoamericano<\/h4>\n<h2 class=\"themestek-custom-heading \" >III. Encuentro de Coordinaci\u00f3n Presupuestar\u00eda y Fiscal 2014<\/h2>\n<\/div><\/div><\/div><\/div><\/div><\/section><\/div> <!-- .themestek-element-heading-wrapper container --> [vc_single_image image=\u00bb642&#8243; img_size=\u00bbfull\u00bb][vc_row_inner][vc_column_inner width=\u00bb1\/3&#8243;][\/vc_column_inner][vc_column_inner width=\u00bb1\/3&#8243;][vc_single_image image=\u00bb1286&#8243; img_size=\u00bb80&#215;80&#8243; alignment=\u00bbright\u00bb][\/vc_column_inner][vc_column_inner width=\u00bb1\/3&#8243;]<div class=\"themestek-element-heading-wrapper themestek-heading-inner themestek-element-align-left themestek-seperator-none  vc_custom_1679077001848\"><section class=\"themestek-vc_cta3-container\"><div class=\"themestek-vc_general themestek-vc_cta3 themestek-cta3-only themestek-vc_cta3-style-classic themestek-vc_cta3-shape-rounded themestek-vc_cta3-align-left themestek-vc_cta3-color-transparent themestek-vc_cta3-icon-size-md themestek-vc_cta3-actions-no themestek-cta3-without-desc\"><div class=\"themestek-vc_cta3_content-container\"><div class=\"themestek-vc_cta3-content\"><div class=\"themestek-vc_cta3-content-header themestek-wrap\"><div class=\"themestek-vc_cta3-headers themestek-wrap-cell\"><h4 class=\"themestek-custom-heading \" >Sede<\/h4>\n<h2 style=\"font-size:1.5em;\" class=\"themestek-custom-heading \" >Brasil - Sao Pablo<\/h2>\n<\/div><\/div><\/div><\/div><\/div><\/section><\/div> <!-- .themestek-element-heading-wrapper container --> [\/vc_column_inner][\/vc_row_inner][\/vc_column][\/vc_row][vc_row themestek_responsive_css=\u00bb11903985|colbreak_no|||||||||colbreak_no|||||||||colbreak_no||||||||||colbreak_no|||||||||\u00bb][vc_column][vc_tta_tabs style=\u00bbmodern\u00bb gap=\u00bb5&#8243; active_section=\u00bb1&#8243; el_class=\u00bbtabsenc\u00bb][vc_tta_section title=\u00bbAgenda\u00bb tab_id=\u00bbagenda\u00bb][vc_row_inner equal_height=\u00bbyes\u00bb][vc_column_inner width=\u00bb1\/2&#8243;]<h5 style=\"text-align:left;\" class=\"themestek-custom-heading \" >TEMA \/ ACTIVIDAD<\/h5>\n[\/vc_column_inner][vc_column_inner width=\u00bb1\/2&#8243;]<h5 style=\"text-align:left;\" class=\"themestek-custom-heading \" >PONENTES<\/h5>\n[\/vc_column_inner][\/vc_row_inner][vc_row_inner equal_height=\u00bbyes\u00bb][vc_column_inner width=\u00bb1\/2&#8243;]<h6 style=\"text-align:left;\" class=\"themestek-custom-heading \" >ABERTURA<\/h6>\n[\/vc_column_inner][vc_column_inner width=\u00bb1\/2&#8243;]<ul class=\"themestek-list themestek-list-style-icon themestek-list-icon-color-skincolor themestek- themestek-icon-skincolor themestek-list-textsize-small themestek-list-icon-library-fontawesome\"><li><i class=\"themestek-skincolor fa fa-caret-right\"><\/i>  <span class=\"themestek-list-li-content\">ANDREA CALABI, SECRETARIO DE FINAN\u00c7AS DO GOVERNO DO ESTADO DE S\u00c3O PAULO<\/span><\/li><li><i class=\"themestek-skincolor fa fa-caret-right\"><\/i>  <span class=\"themestek-list-li-content\">IRAN SIQUEIRA LIMA, PRESIDENTE DA FIPECAFI\n<\/span><\/li><li><i class=\"themestek-skincolor fa fa-caret-right\"><\/i>  <span class=\"themestek-list-li-content\">JOSE BARROSO TOSTES NETO, COORDENADOR DOS SECRET\u00c1RIOS CONFAZ \n<\/span><\/li><li><i class=\"themestek-skincolor fa fa-caret-right\"><\/i>  <span class=\"themestek-list-li-content\">JORGE MATTAR, DIRETOR DO ILPES-CEPAL NAC\u00d5ES UNIDAS\n<\/span><\/li><li><i class=\"themestek-skincolor fa fa-caret-right\"><\/i>  <span class=\"themestek-list-li-content\">JAVIER P\u00c9REZ TORRES, DIRETOR GERAL DO INDETEC\n<\/span><\/li><li><i class=\"themestek-skincolor fa fa-caret-right\"><\/i>  <span class=\"themestek-list-li-content\">CRISTINA RUIZ, VICE PRESIDENTE DEL FORO PERMANENTE DE DIRECCIONES DE PRESUPUESTOS Y FINAN\u00c7AS DE LA REP\u00daBLICA ARGENTINA\n<\/span><\/li><li><i class=\"themestek-skincolor fa fa-caret-right\"><\/i>  <span class=\"themestek-list-li-content\">CELIA CARVALHO, PRESIDENTE GEFIN\n<\/span><\/li><li><i class=\"themestek-skincolor fa fa-caret-right\"><\/i>  <span class=\"themestek-list-li-content\">ROBERTO YAMAZAKI, COORDENADOR ADM FINANCEIRA\/SP\n<\/span><\/li><\/ul>[\/vc_column_inner][\/vc_row_inner][vc_row_inner][vc_column_inner][vc_text_separator title=\u00bbCONCLUS\u00d5ES DO II ENCONTRO\u00bb][\/vc_column_inner][\/vc_row_inner][vc_row_inner equal_height=\u00bbyes\u00bb][vc_column_inner width=\u00bb1\/2&#8243;]<h6 style=\"text-align:left;\" class=\"themestek-custom-heading \" >APRESENTA\u00c7\u00c3O RELAT\u00d3RIO M\u00c9XICO, CONCLUS\u00d5ES DE PRODUTOS DOS ENCONTROS ANTERIORES<\/h6>\n[\/vc_column_inner][vc_column_inner width=\u00bb1\/2&#8243;]<ul class=\"themestek-list themestek-list-style-icon themestek-list-icon-color-skincolor themestek- themestek-icon-skincolor themestek-list-textsize-small themestek-list-icon-library-fontawesome\"><li><i class=\"themestek-skincolor fa fa-caret-right\"><\/i>  <span class=\"themestek-list-li-content\">JAVIER P\u00c9REZ TORRES, DIRETOR GERAL DO INDETEC\n<\/span><\/li><li><i class=\"themestek-skincolor fa fa-caret-right\"><\/i>  <span class=\"themestek-list-li-content\">CRISTINA RUIZ, VICE PRESIDENTE DEL FORO PERMANENTE DE DIRECCIONES DE PRESUPUESTOS Y FINAN\u00c7AS DE LA REP\u00daBLICA ARGENTINA\n<\/span><\/li><\/ul>[\/vc_column_inner][\/vc_row_inner][vc_row_inner][vc_column_inner][vc_text_separator title=\u00bbFINAN\u00c7AS P\u00daBLICAS E RECEITAS\u00bb][vc_column_text]<\/p>\n<p style=\"text-align: center;\"><em>Situa\u00e7\u00e3o <\/em><em>atual e evoluc\u00e3o da econom\u00eda em nivel internacional, e seu impacto nas finan\u00e7as p\u00fablicas dos pa\u00edses da Am\u00e9rica Latina.<br \/>\n<\/em><em>Desafios do Equil\u00edbrio fiscal em nivel sub-nacional.<\/em><\/p>\n<p>[\/vc_column_text][\/vc_column_inner][\/vc_row_inner][vc_row_inner equal_height=\u00bbyes\u00bb][vc_column_inner width=\u00bb1\/2&#8243;]<h6 style=\"text-align:left;\" class=\"themestek-custom-heading \" >SITUA\u00c7\u00c3O ATUAL E EVOLU\u00c7\u00c3O DA ECONOMIA EM N\u00cdVEL INTERNACIONAL, E SEU IMPACTO NAS FINAN\u00c7AS P\u00daBLICAS NOS PA\u00cdSES DA AM\u00c9RICA LATINA<\/h6>\n[\/vc_column_inner][vc_column_inner width=\u00bb1\/2&#8243;]<ul class=\"themestek-list themestek-list-style-icon themestek-list-icon-color-skincolor themestek- themestek-icon-skincolor themestek-list-textsize-small themestek-list-icon-library-fontawesome\"><li><i class=\"themestek-skincolor fa fa-caret-right\"><\/i>  <span class=\"themestek-list-li-content\">ANDREA CALABI (SP)<\/span><\/li><\/ul>[\/vc_column_inner][\/vc_row_inner][vc_row_inner equal_height=\u00bbyes\u00bb][vc_column_inner width=\u00bb1\/2&#8243;]<h6 style=\"text-align:left;\" class=\"themestek-custom-heading \" >PANORAMA ECON\u00d4MICO \u2013 NACIONAL E INTERNACIONAL<\/h6>\n[\/vc_column_inner][vc_column_inner width=\u00bb1\/2&#8243;]<ul class=\"themestek-list themestek-list-style-icon themestek-list-icon-color-skincolor themestek- themestek-icon-skincolor themestek-list-textsize-small themestek-list-icon-library-fontawesome\"><li><i class=\"themestek-skincolor fa fa-caret-right\"><\/i>  <span class=\"themestek-list-li-content\">ROLAND CLARKE (BIRD)<\/span><\/li><\/ul>[\/vc_column_inner][\/vc_row_inner][vc_row_inner equal_height=\u00bbyes\u00bb][vc_column_inner width=\u00bb1\/2&#8243;]<h6 style=\"text-align:left;\" class=\"themestek-custom-heading \" >DESAFIOS DO EQUILIBRO FISCAL DOS ESTADOS BRASILEIROS<\/h6>\n[\/vc_column_inner][vc_column_inner width=\u00bb1\/2&#8243;]<ul class=\"themestek-list themestek-list-style-icon themestek-list-icon-color-skincolor themestek- themestek-icon-skincolor themestek-list-textsize-small themestek-list-icon-library-fontawesome\"><li><i class=\"themestek-skincolor fa fa-caret-right\"><\/i>  <span class=\"themestek-list-li-content\">JOSE ROBERTO AFONSO (IBRE)<\/span><\/li><\/ul>[\/vc_column_inner][\/vc_row_inner][vc_row_inner equal_height=\u00bbyes\u00bb][vc_column_inner width=\u00bb1\/2&#8243;]<h6 style=\"text-align:left;\" class=\"themestek-custom-heading \" >A PREVID\u00caNCIA DO SERVIDOR P\u00daBLICO NO BRASIL E SEU IMPACTO NAS FINAN\u00c7AS ESTADUAIS<\/h6>\n[\/vc_column_inner][vc_column_inner width=\u00bb1\/2&#8243;]<ul class=\"themestek-list themestek-list-style-icon themestek-list-icon-color-skincolor themestek- themestek-icon-skincolor themestek-list-textsize-small themestek-list-icon-library-fontawesome\"><li><i class=\"themestek-skincolor fa fa-caret-right\"><\/i>  <span class=\"themestek-list-li-content\">CARLOS HENRIQUE FLORY (SP)<\/span><\/li><\/ul>[\/vc_column_inner][\/vc_row_inner][vc_row_inner equal_height=\u00bbyes\u00bb][vc_column_inner width=\u00bb1\/2&#8243;]<h6 style=\"text-align:left;\" class=\"themestek-custom-heading \" >MODERADOR<\/h6>\n[\/vc_column_inner][vc_column_inner width=\u00bb1\/2&#8243;]<ul class=\"themestek-list themestek-list-style-icon themestek-list-icon-color-skincolor themestek- themestek-icon-skincolor themestek-list-textsize-small themestek-list-icon-library-fontawesome\"><li><i class=\"themestek-skincolor fa fa-caret-right\"><\/i>  <span class=\"themestek-list-li-content\">FERNANDO REZENDE<\/span><\/li><\/ul>[\/vc_column_inner][\/vc_row_inner][vc_row_inner][vc_column_inner][vc_separator border_width=\u00bb2&#8243;][vc_column_text]<\/p>\n<p style=\"text-align: center;\"><em>Gest\u00e3o Financeira de Recursos em nivel sub-nacional, <\/em>Gasto ( g\u00e1s, petr\u00f3leo, min\u00e9rio, carv\u00e3o)<\/p>\n<p>[\/vc_column_text][\/vc_column_inner][\/vc_row_inner][vc_row_inner equal_height=\u00bbyes\u00bb][vc_column_inner width=\u00bb1\/2&#8243;]<h6 style=\"text-align:left;\" class=\"themestek-custom-heading \" >GEST\u00c3O FINANCEIRA DE RECURSOS EM N\u00cdVEL SUBNACIONAL \u2013 G\u00c1S<\/h6>\n[\/vc_column_inner][vc_column_inner width=\u00bb1\/2&#8243;]<ul class=\"themestek-list themestek-list-style-icon themestek-list-icon-color-skincolor themestek- themestek-icon-skincolor themestek-list-textsize-small themestek-list-icon-library-fontawesome\"><li><i class=\"themestek-skincolor fa fa-caret-right\"><\/i>  <span class=\"themestek-list-li-content\">J\u00c1DER RIEFFE JULIANELLI AFONSO (MS)<\/span><\/li><\/ul>[\/vc_column_inner][\/vc_row_inner][vc_row_inner equal_height=\u00bbyes\u00bb][vc_column_inner width=\u00bb1\/2&#8243;]<h6 style=\"text-align:left;\" class=\"themestek-custom-heading \" >GEST\u00c3O FINANCEIRA DE RECURSOS EM N\u00cdVEL SUBNACIONAL \u2013 ROYALTIES PETR\u00d3LEO<\/h6>\n[\/vc_column_inner][vc_column_inner width=\u00bb1\/2&#8243;]<ul class=\"themestek-list themestek-list-style-icon themestek-list-icon-color-skincolor themestek- themestek-icon-skincolor themestek-list-textsize-small themestek-list-icon-library-fontawesome\"><li><i class=\"themestek-skincolor fa fa-caret-right\"><\/i>  <span class=\"themestek-list-li-content\">GEORGE SANTORO (RJ)<\/span><\/li><\/ul>[\/vc_column_inner][\/vc_row_inner][vc_row_inner equal_height=\u00bbyes\u00bb][vc_column_inner width=\u00bb1\/2&#8243;]<h6 style=\"text-align:left;\" class=\"themestek-custom-heading \" >GEST\u00c3O FINANCEIRA DE RECURSOS EM N\u00cdVEL SUBNACIONAL<\/h6>\n[\/vc_column_inner][vc_column_inner width=\u00bb1\/2&#8243;]<ul class=\"themestek-list themestek-list-style-icon themestek-list-icon-color-skincolor themestek- themestek-icon-skincolor themestek-list-textsize-small themestek-list-icon-library-fontawesome\"><li><i class=\"themestek-skincolor fa fa-caret-right\"><\/i>  <span class=\"themestek-list-li-content\">KEN MILLER(NAST)<\/span><\/li><\/ul>[\/vc_column_inner][\/vc_row_inner][vc_row_inner equal_height=\u00bbyes\u00bb][vc_column_inner width=\u00bb1\/2&#8243;]<h6 style=\"text-align:left;\" class=\"themestek-custom-heading \" >PALESTRA: \u201cESTRATEGIA DE SANEAMIENTO FISCAL DE EMPRESAS SOCIALES DEL ESTADO (HOSPITALES) EN RIESGO MEDIO Y ALTO \u2013 METODOLOG\u00cdA PROPUESTA\u201d<\/h6>\n[\/vc_column_inner][vc_column_inner width=\u00bb1\/2&#8243;]<ul class=\"themestek-list themestek-list-style-icon themestek-list-icon-color-skincolor themestek- themestek-icon-skincolor themestek-list-textsize-small themestek-list-icon-library-fontawesome\"><li><i class=\"themestek-skincolor fa fa-caret-right\"><\/i>  <span class=\"themestek-list-li-content\">FERNANDO OLIVERA VILLANUEVA (COLOMBIA)<\/span><\/li><\/ul>[\/vc_column_inner][\/vc_row_inner][vc_row_inner equal_height=\u00bbyes\u00bb][vc_column_inner width=\u00bb1\/2&#8243;]<h6 style=\"text-align:left;\" class=\"themestek-custom-heading \" >ROYALTIES PR\u00c9-SAL<\/h6>\n[\/vc_column_inner][vc_column_inner width=\u00bb1\/2&#8243;]<ul class=\"themestek-list themestek-list-style-icon themestek-list-icon-color-skincolor themestek- themestek-icon-skincolor themestek-list-textsize-small themestek-list-icon-library-fontawesome\"><li><i class=\"themestek-skincolor fa fa-caret-right\"><\/i>  <span class=\"themestek-list-li-content\">EDUARDO MEDURI, REYNALDO WONGTSCHOWSKI (SP)\n<\/span><\/li><\/ul>[\/vc_column_inner][\/vc_row_inner][vc_row_inner equal_height=\u00bbyes\u00bb][vc_column_inner width=\u00bb1\/2&#8243;]<h6 style=\"text-align:left;\" class=\"themestek-custom-heading \" >MODERADOR<\/h6>\n[\/vc_column_inner][vc_column_inner width=\u00bb1\/2&#8243;]<ul class=\"themestek-list themestek-list-style-icon themestek-list-icon-color-skincolor themestek- themestek-icon-skincolor themestek-list-textsize-small themestek-list-icon-library-fontawesome\"><li><i class=\"themestek-skincolor fa fa-caret-right\"><\/i>  <span class=\"themestek-list-li-content\">MARCEL SOUZA DE CURZI (MT)<\/span><\/li><\/ul>[\/vc_column_inner][\/vc_row_inner][vc_row_inner][vc_column_inner][vc_separator border_width=\u00bb2&#8243;][vc_column_text]<\/p>\n<p style=\"text-align: center;\"><em>Alternativas de Financiamento<br \/>\n<\/em>Pr\u00e1ticas inovadoras de Programa\u00e7\u00e3o financeira<br \/>\nContabilidade e Normas internacionais<\/p>\n<p>[\/vc_column_text][\/vc_column_inner][\/vc_row_inner][vc_row_inner equal_height=\u00bbyes\u00bb][vc_column_inner width=\u00bb1\/2&#8243;]<h6 style=\"text-align:left;\" class=\"themestek-custom-heading \" >PARCERIA P\u00daBLICO-PRIVADA:\u201d O INTERESSE P\u00daBLICO E A ESCOLHA DA FORMA DE COMPENSA\u00c7\u00c3O POR DESEQUIL\u00cdBRIO ECON\u00d4MICO-FINANCEIRO DA CONCESSION\u00c1RIA\u201d<\/h6>\n[\/vc_column_inner][vc_column_inner width=\u00bb1\/2&#8243;]<ul class=\"themestek-list themestek-list-style-icon themestek-list-icon-color-skincolor themestek- themestek-icon-skincolor themestek-list-textsize-small themestek-list-icon-library-fontawesome\"><li><i class=\"themestek-skincolor fa fa-caret-right\"><\/i>  <span class=\"themestek-list-li-content\">DR FREDERICO BARBOSA E PROF FRANCISCO ANUATTI (FIPECAFI)<\/span><\/li><\/ul>[\/vc_column_inner][\/vc_row_inner][vc_row_inner equal_height=\u00bbyes\u00bb][vc_column_inner width=\u00bb1\/2&#8243;]<h6 style=\"text-align:left;\" class=\"themestek-custom-heading \" >PR\u00c1TICAS INOVADORAS DE ADMINISTRA\u00c7\u00c3O FINANCEIRA<\/h6>\n[\/vc_column_inner][vc_column_inner width=\u00bb1\/2&#8243;]<ul class=\"themestek-list themestek-list-style-icon themestek-list-icon-color-skincolor themestek- themestek-icon-skincolor themestek-list-textsize-small themestek-list-icon-library-fontawesome\"><li><i class=\"themestek-skincolor fa fa-caret-right\"><\/i>  <span class=\"themestek-list-li-content\">CARLOS MAURO BENEVIDES FILHO (CE)<\/span><\/li><\/ul>[\/vc_column_inner][\/vc_row_inner][vc_row_inner equal_height=\u00bbyes\u00bb][vc_column_inner width=\u00bb1\/2&#8243;]<h6 style=\"text-align:left;\" class=\"themestek-custom-heading \" >HARMONIZA\u00c7\u00c3O CONT\u00c1BIL DOS GOVERNOS SUBNACIONAIS DO M\u00c9XICO<\/h6>\n[\/vc_column_inner][vc_column_inner width=\u00bb1\/2&#8243;]<ul class=\"themestek-list themestek-list-style-icon themestek-list-icon-color-skincolor themestek- themestek-icon-skincolor themestek-list-textsize-small themestek-list-icon-library-fontawesome\"><li><i class=\"themestek-skincolor fa fa-caret-right\"><\/i>  <span class=\"themestek-list-li-content\">LUIS GARCIA SOTELO (M\u00c9XICO)<\/span><\/li><\/ul>[\/vc_column_inner][\/vc_row_inner][vc_row_inner equal_height=\u00bbyes\u00bb][vc_column_inner width=\u00bb1\/2&#8243;]<h6 style=\"text-align:left;\" class=\"themestek-custom-heading \" >MODERADOR<\/h6>\n[\/vc_column_inner][vc_column_inner width=\u00bb1\/2&#8243;]<ul class=\"themestek-list themestek-list-style-icon themestek-list-icon-color-skincolor themestek- themestek-icon-skincolor themestek-list-textsize-small themestek-list-icon-library-fontawesome\"><li><i class=\"themestek-skincolor fa fa-caret-right\"><\/i>  <span class=\"themestek-list-li-content\">CRISTINA RUIZ (ARGENTINA)<\/span><\/li><\/ul>[\/vc_column_inner][\/vc_row_inner][vc_row_inner][vc_column_inner][vc_text_separator title=\u00bbFINAN\u00c7AS P\u00daBLICAS E RECEITAS\u00bb][vc_column_text]<\/p>\n<p style=\"text-align: center;\">Sistema de Administra\u00e7\u00e3o Financeira<br \/>\nDesafios da Contabilidade adaptada \u00e0s Normas internacionais<\/p>\n<p>[\/vc_column_text][\/vc_column_inner][\/vc_row_inner][vc_row_inner equal_height=\u00bbyes\u00bb][vc_column_inner width=\u00bb1\/2&#8243;]<h6 style=\"text-align:left;\" class=\"themestek-custom-heading \" >SISTEMAS DE ADMINISTRA\u00c7\u00c3O FINANCEIRA<\/h6>\n[\/vc_column_inner][vc_column_inner width=\u00bb1\/2&#8243;]<ul class=\"themestek-list themestek-list-style-icon themestek-list-icon-color-skincolor themestek- themestek-icon-skincolor themestek-list-textsize-small themestek-list-icon-library-fontawesome\"><li><i class=\"themestek-skincolor fa fa-caret-right\"><\/i>  <span class=\"themestek-list-li-content\">CARLOS PIMENTA (BID)<\/span><\/li><\/ul>[\/vc_column_inner][\/vc_row_inner][vc_row_inner equal_height=\u00bbyes\u00bb][vc_column_inner width=\u00bb1\/2&#8243;]<h6 style=\"text-align:left;\" class=\"themestek-custom-heading \" >DESAFIOS DA NOVA CONTABILIDADE<\/h6>\n[\/vc_column_inner][vc_column_inner width=\u00bb1\/2&#8243;]<ul class=\"themestek-list themestek-list-style-icon themestek-list-icon-color-skincolor themestek- themestek-icon-skincolor themestek-list-textsize-small themestek-list-icon-library-fontawesome\"><li><i class=\"themestek-skincolor fa fa-caret-right\"><\/i>  <span class=\"themestek-list-li-content\">HERALDO GILBERTO DE OLIVEIRA, ALBERTO WEIMAN GERGULL (FIPECAFI)<\/span><\/li><\/ul>[\/vc_column_inner][\/vc_row_inner][vc_row_inner equal_height=\u00bbyes\u00bb][vc_column_inner width=\u00bb1\/2&#8243;]<h6 style=\"text-align:left;\" class=\"themestek-custom-heading \" >CONVERG\u00caNCIA DAS NOVAS NORMAS DE CONTABILIDADE<\/h6>\n[\/vc_column_inner][vc_column_inner width=\u00bb1\/2&#8243;]<ul class=\"themestek-list themestek-list-style-icon themestek-list-icon-color-skincolor themestek- themestek-icon-skincolor themestek-list-textsize-small themestek-list-icon-library-fontawesome\"><li><i class=\"themestek-skincolor fa fa-caret-right\"><\/i>  <span class=\"themestek-list-li-content\">GILVAN DANTAS (STN)<\/span><\/li><\/ul>[\/vc_column_inner][\/vc_row_inner][vc_row_inner equal_height=\u00bbyes\u00bb][vc_column_inner width=\u00bb1\/2&#8243;]<h6 style=\"text-align:left;\" class=\"themestek-custom-heading \" >\u201cDESAFIOS NA IMPLEMENTA\u00c7\u00c3O DA CONTABILIDADE DE CUSTOS NO SETOR P\u00daBLICO: UMA VIS\u00c3O DA EXPERI\u00caNCIA INTERNACIONAL\u201d<\/h6>\n[\/vc_column_inner][vc_column_inner width=\u00bb1\/2&#8243;]<ul class=\"themestek-list themestek-list-style-icon themestek-list-icon-color-skincolor themestek- themestek-icon-skincolor themestek-list-textsize-small themestek-list-icon-library-fontawesome\"><li><i class=\"themestek-skincolor fa fa-caret-right\"><\/i>  <span class=\"themestek-list-li-content\">M\u00c1RIO PESSOA (BIRD)<\/span><\/li><\/ul>[\/vc_column_inner][\/vc_row_inner][vc_row_inner equal_height=\u00bbyes\u00bb][vc_column_inner width=\u00bb1\/2&#8243;]<h6 style=\"text-align:left;\" class=\"themestek-custom-heading \" >MODERADOR<\/h6>\n[\/vc_column_inner][vc_column_inner width=\u00bb1\/2&#8243;]<ul class=\"themestek-list themestek-list-style-icon themestek-list-icon-color-skincolor themestek- themestek-icon-skincolor themestek-list-textsize-small themestek-list-icon-library-fontawesome\"><li><i class=\"themestek-skincolor fa fa-caret-right\"><\/i>  <span class=\"themestek-list-li-content\">ROBERTO YAMAZAKI (SP)<\/span><\/li><\/ul>[\/vc_column_inner][\/vc_row_inner][vc_row_inner][vc_column_inner][vc_text_separator title=\u00bbPLANEJAMENTO E OR\u00c7AMENTO P\u00daBLICO\u00bb][vc_column_text]<\/p>\n<p style=\"text-align: center;\">Planejamento Estrat\u00e9gico\/ Planejamento Plurianual<br \/>\nOr\u00e7amento por Resultados<br \/>\nEstruturas de governo nacionais<\/p>\n<p>[\/vc_column_text][\/vc_column_inner][\/vc_row_inner][vc_row_inner equal_height=\u00bbyes\u00bb][vc_column_inner width=\u00bb1\/2&#8243;]<h6 style=\"text-align:left;\" class=\"themestek-custom-heading \" >PLANEJAMENTO ESTRAT\u00c9GICO X PLANEJAMENTO PLURIANUAL \u2013 DESAFIO DOS ESTADOS NO BRASIL<\/h6>\n[\/vc_column_inner][vc_column_inner width=\u00bb1\/2&#8243;]<ul class=\"themestek-list themestek-list-style-icon themestek-list-icon-color-skincolor themestek- themestek-icon-skincolor themestek-list-textsize-small themestek-list-icon-library-fontawesome\"><li><i class=\"themestek-skincolor fa fa-caret-right\"><\/i>  <span class=\"themestek-list-li-content\">ARNALDO ALVES SOUZA NETO (PRESIDENTE CONSEPLAN)<\/span><\/li><\/ul>[\/vc_column_inner][\/vc_row_inner][vc_row_inner equal_height=\u00bbyes\u00bb][vc_column_inner width=\u00bb1\/2&#8243;]<h6 style=\"text-align:left;\" class=\"themestek-custom-heading \" >OR\u00c7AMENTO POR RESULTADOS \u2013 PROGRAMAS OR\u00c7AMENT\u00c1RIOS A NOVEL REGIONAL NO PER\u00da<\/h6>\n[\/vc_column_inner][vc_column_inner width=\u00bb1\/2&#8243;]<ul class=\"themestek-list themestek-list-style-icon themestek-list-icon-color-skincolor themestek- themestek-icon-skincolor themestek-list-textsize-small themestek-list-icon-library-fontawesome\"><li><i class=\"themestek-skincolor fa fa-caret-right\"><\/i>  <span class=\"themestek-list-li-content\">SAMUEL TORRES TELLO (PER\u00da)<\/span><\/li><\/ul>[\/vc_column_inner][\/vc_row_inner][vc_row_inner equal_height=\u00bbyes\u00bb][vc_column_inner width=\u00bb1\/2&#8243;]<h6 style=\"text-align:left;\" class=\"themestek-custom-heading \" >OR\u00c7AMENTO BASEADO EM RESULTADOS<\/h6>\n[\/vc_column_inner][vc_column_inner width=\u00bb1\/2&#8243;]<ul class=\"themestek-list themestek-list-style-icon themestek-list-icon-color-skincolor themestek- themestek-icon-skincolor themestek-list-textsize-small themestek-list-icon-library-fontawesome\"><li><i class=\"themestek-skincolor fa fa-caret-right\"><\/i>  <span class=\"themestek-list-li-content\">H\u00c9CTOR P\u00c9REZ (M\u00c9XICO)<\/span><\/li><\/ul>[\/vc_column_inner][\/vc_row_inner][vc_row_inner equal_height=\u00bbyes\u00bb][vc_column_inner width=\u00bb1\/2&#8243;]<h6 style=\"text-align:left;\" class=\"themestek-custom-heading \" >OR\u00c7AMENTO POR RESULTADOS X QUALIDADE DO GASTO<\/h6>\n[\/vc_column_inner][vc_column_inner width=\u00bb1\/2&#8243;]<ul class=\"themestek-list themestek-list-style-icon themestek-list-icon-color-skincolor themestek- themestek-icon-skincolor themestek-list-textsize-small themestek-list-icon-library-fontawesome\"><li><i class=\"themestek-skincolor fa fa-caret-right\"><\/i>  <span class=\"themestek-list-li-content\">ANDR\u00c9 REIS (MG)<\/span><\/li><\/ul>[\/vc_column_inner][\/vc_row_inner][vc_row_inner equal_height=\u00bbyes\u00bb][vc_column_inner width=\u00bb1\/2&#8243;]<h6 style=\"text-align:left;\" class=\"themestek-custom-heading \" >ESTRUTURAS DE GOVERNOS NACIONAIS NO MUNDO<\/h6>\n[\/vc_column_inner][vc_column_inner width=\u00bb1\/2&#8243;]<ul class=\"themestek-list themestek-list-style-icon themestek-list-icon-color-skincolor themestek- themestek-icon-skincolor themestek-list-textsize-small themestek-list-icon-library-fontawesome\"><li><i class=\"themestek-skincolor fa fa-caret-right\"><\/i>  <span class=\"themestek-list-li-content\">ARTURO HERRERA (BIRD)<\/span><\/li><\/ul>[\/vc_column_inner][\/vc_row_inner][vc_row_inner equal_height=\u00bbyes\u00bb][vc_column_inner width=\u00bb1\/2&#8243;]<h6 style=\"text-align:left;\" class=\"themestek-custom-heading \" >MODERADOR<\/h6>\n[\/vc_column_inner][vc_column_inner width=\u00bb1\/2&#8243;]<ul class=\"themestek-list themestek-list-style-icon themestek-list-icon-color-skincolor themestek- themestek-icon-skincolor themestek-list-textsize-small themestek-list-icon-library-fontawesome\"><li><i class=\"themestek-skincolor fa fa-caret-right\"><\/i>  <span class=\"themestek-list-li-content\">AUGUSTO DE OLIVEIRA MONTEIRO (BA)<\/span><\/li><\/ul>[\/vc_column_inner][\/vc_row_inner][vc_row_inner][vc_column_inner][vc_separator border_width=\u00bb2&#8243;][vc_column_text]<\/p>\n<p style=\"text-align: center;\">Gasto p\u00fablico<br \/>\nPlanejamento e mudan\u00e7a clim\u00e1tica<\/p>\n<p>[\/vc_column_text][\/vc_column_inner][\/vc_row_inner][vc_row_inner equal_height=\u00bbyes\u00bb][vc_column_inner width=\u00bb1\/2&#8243;]<h6 style=\"text-align:left;\" class=\"themestek-custom-heading \" >INOVA\u00c7\u00c3O NO GASTO P\u00daBLICO<\/h6>\n[\/vc_column_inner][vc_column_inner width=\u00bb1\/2&#8243;]<ul class=\"themestek-list themestek-list-style-icon themestek-list-icon-color-skincolor themestek- themestek-icon-skincolor themestek-list-textsize-small themestek-list-icon-library-fontawesome\"><li><i class=\"themestek-skincolor fa fa-caret-right\"><\/i>  <span class=\"themestek-list-li-content\">JORGE LUIZ TONETTO (RS)<\/span><\/li><\/ul>[\/vc_column_inner][\/vc_row_inner][vc_row_inner equal_height=\u00bbyes\u00bb][vc_column_inner width=\u00bb1\/2&#8243;]<h6 style=\"text-align:left;\" class=\"themestek-custom-heading \" >CLASSIFICA\u00c7\u00c3O OR\u00c7AMENT\u00c1RIA E MEIO AMBIENTE<\/h6>\n[\/vc_column_inner][vc_column_inner width=\u00bb1\/2&#8243;]<ul class=\"themestek-list themestek-list-style-icon themestek-list-icon-color-skincolor themestek- themestek-icon-skincolor themestek-list-textsize-small themestek-list-icon-library-fontawesome\"><li><i class=\"themestek-skincolor fa fa-caret-right\"><\/i>  <span class=\"themestek-list-li-content\">STELLA RODRIGUEZ (ARGENTINA)<\/span><\/li><\/ul>[\/vc_column_inner][\/vc_row_inner][vc_row_inner equal_height=\u00bbyes\u00bb][vc_column_inner width=\u00bb1\/2&#8243;]<h6 style=\"text-align:left;\" class=\"themestek-custom-heading \" >PLANEJAMENTO, OR\u00c7AMENTO E MUDAN\u00c7A CLIM\u00c1TICA<\/h6>\n[\/vc_column_inner][vc_column_inner width=\u00bb1\/2&#8243;]<ul class=\"themestek-list themestek-list-style-icon themestek-list-icon-color-skincolor themestek- themestek-icon-skincolor themestek-list-textsize-small themestek-list-icon-library-fontawesome\"><li><i class=\"themestek-skincolor fa fa-caret-right\"><\/i>  <span class=\"themestek-list-li-content\">LUCY WINCHESTER (ILPES\/CEPAL)<\/span><\/li><\/ul>[\/vc_column_inner][\/vc_row_inner][vc_row_inner equal_height=\u00bbyes\u00bb][vc_column_inner width=\u00bb1\/2&#8243;]<h6 style=\"text-align:left;\" class=\"themestek-custom-heading \" >CERTIFICA\u00c7\u00c3O VERDE<\/h6>\n[\/vc_column_inner][vc_column_inner width=\u00bb1\/2&#8243;]<ul class=\"themestek-list themestek-list-style-icon themestek-list-icon-color-skincolor themestek- themestek-icon-skincolor themestek-list-textsize-small themestek-list-icon-library-fontawesome\"><li><i class=\"themestek-skincolor fa fa-caret-right\"><\/i>  <span class=\"themestek-list-li-content\">MARIA DE F\u00c1TIMA ALVES FERREIRA (SP)<\/span><\/li><\/ul>[\/vc_column_inner][\/vc_row_inner][vc_row_inner equal_height=\u00bbyes\u00bb][vc_column_inner width=\u00bb1\/2&#8243;]<h6 style=\"text-align:left;\" class=\"themestek-custom-heading \" >MODERADOR<\/h6>\n[\/vc_column_inner][vc_column_inner width=\u00bb1\/2&#8243;]<ul class=\"themestek-list themestek-list-style-icon themestek-list-icon-color-skincolor themestek- themestek-icon-skincolor themestek-list-textsize-small themestek-list-icon-library-fontawesome\"><li><i class=\"themestek-skincolor fa fa-caret-right\"><\/i>  <span class=\"themestek-list-li-content\">JOS\u00c9 LUIS BARRETO (DF)<\/span><\/li><\/ul>[\/vc_column_inner][\/vc_row_inner][vc_row_inner][vc_column_inner][vc_separator border_width=\u00bb2&#8243;][vc_column_text]<\/p>\n<p style=\"text-align: center;\">Transpar\u00eancia do or\u00e7amento<br \/>\nEvolu\u00e7\u00e3o Or\u00e7ament\u00e1ria e indicadores de Gest\u00e3o P\u00fablica<\/p>\n<p>[\/vc_column_text][\/vc_column_inner][\/vc_row_inner][vc_row_inner equal_height=\u00bbyes\u00bb][vc_column_inner width=\u00bb1\/2&#8243;]<h6 style=\"text-align:left;\" class=\"themestek-custom-heading \" >EXPERI\u00caNCIA DE \u201cOPEN BUDGET\u201d<\/h6>\n[\/vc_column_inner][vc_column_inner width=\u00bb1\/2&#8243;]<ul class=\"themestek-list themestek-list-style-icon themestek-list-icon-color-skincolor themestek- themestek-icon-skincolor themestek-list-textsize-small themestek-list-icon-library-fontawesome\"><li><i class=\"themestek-skincolor fa fa-caret-right\"><\/i>  <span class=\"themestek-list-li-content\">EDUARDO ESTRADA (BIRD)<\/span><\/li><\/ul>[\/vc_column_inner][\/vc_row_inner][vc_row_inner equal_height=\u00bbyes\u00bb][vc_column_inner width=\u00bb1\/2&#8243;]<h6 style=\"text-align:left;\" class=\"themestek-custom-heading \" >PALESTRA: \u201cRESULTADOS FINANCIEROS DE LAS ENTIDADES TERRITORIALES \u2013 METODOLOG\u00cdA DE AN\u00c1LISIS Y EVALUACI\u00d3N A LA SITUACI\u00d3N FINANCIERA DE LAS ENTIDADES TERRITORIALES (INSTRUMENTO DEL FORMULARIO \u00daNICO TERRITORIAL - FUT)\u201d<\/h6>\n[\/vc_column_inner][vc_column_inner width=\u00bb1\/2&#8243;]<ul class=\"themestek-list themestek-list-style-icon themestek-list-icon-color-skincolor themestek- themestek-icon-skincolor themestek-list-textsize-small themestek-list-icon-library-fontawesome\"><li><i class=\"themestek-skincolor fa fa-caret-right\"><\/i>  <span class=\"themestek-list-li-content\">ARCESIO VALENZUELA ORDO\u00d1EZ (COLOMBIA)<\/span><\/li><\/ul>[\/vc_column_inner][\/vc_row_inner][vc_row_inner equal_height=\u00bbyes\u00bb][vc_column_inner width=\u00bb1\/2&#8243;]<h6 style=\"text-align:left;\" class=\"themestek-custom-heading \" >PALESTRA: \u201cEVALUACI\u00d3N PRESUPUESTARIA E INDICADORES EM NIVEL NACIONAL EN ARGENTINA\u201d<\/h6>\n[\/vc_column_inner][vc_column_inner width=\u00bb1\/2&#8243;]<ul class=\"themestek-list themestek-list-style-icon themestek-list-icon-color-skincolor themestek- themestek-icon-skincolor themestek-list-textsize-small themestek-list-icon-library-fontawesome\"><li><i class=\"themestek-skincolor fa fa-caret-right\"><\/i>  <span class=\"themestek-list-li-content\">ANAL\u00cdA SANCHEZ SOLESI (ARGENTINA)<\/span><\/li><\/ul>[\/vc_column_inner][\/vc_row_inner][vc_row_inner equal_height=\u00bbyes\u00bb][vc_column_inner width=\u00bb1\/2&#8243;]<h6 style=\"text-align:left;\" class=\"themestek-custom-heading \" >MODERADOR<\/h6>\n[\/vc_column_inner][vc_column_inner width=\u00bb1\/2&#8243;]<ul class=\"themestek-list themestek-list-style-icon themestek-list-icon-color-skincolor themestek- themestek-icon-skincolor themestek-list-textsize-small themestek-list-icon-library-fontawesome\"><li><i class=\"themestek-skincolor fa fa-caret-right\"><\/i>  <span class=\"themestek-list-li-content\">MARIA DA CONCEI\u00c7\u00c3O DE BARROS REZENDE  (MG)<\/span><\/li><\/ul>[\/vc_column_inner][\/vc_row_inner][vc_row_inner][vc_column_inner][vc_text_separator title=\u00bbFINAN\u00c7AS P\u00daBLICAS E RECEITAS\u00bb][vc_column_text]<\/p>\n<p style=\"text-align: center;\">Moderniza\u00e7\u00e3o e Desburocratiza\u00e7\u00e3o de governos<br \/>\nRegras fiscais e rela\u00e7\u00e3o entre os n\u00edveis de governo<\/p>\n<p>[\/vc_column_text][\/vc_column_inner][\/vc_row_inner][vc_row_inner equal_height=\u00bbyes\u00bb][vc_column_inner width=\u00bb1\/2&#8243;]<h6 style=\"text-align:left;\" class=\"themestek-custom-heading \" >MODERNIZA\u00c7\u00c3O E DESBUROCRATIZA\u00c7\u00c3O DE GOVERNOS E OS IMPACTOS NAS FINAN\u00c7AS P\u00daBLICAS<\/h6>\n[\/vc_column_inner][vc_column_inner width=\u00bb1\/2&#8243;]<ul class=\"themestek-list themestek-list-style-icon themestek-list-icon-color-skincolor themestek- themestek-icon-skincolor themestek-list-textsize-small themestek-list-icon-library-fontawesome\"><li><i class=\"themestek-skincolor fa fa-caret-right\"><\/i>  <span class=\"themestek-list-li-content\">LEONARDO PAOLUCCI (PMBH)\n<\/span><\/li><li><i class=\"themestek-skincolor fa fa-caret-right\"><\/i>  <span class=\"themestek-list-li-content\">MARCIA VIEIRA (FIPECAFI)<\/span><\/li><\/ul>[\/vc_column_inner][\/vc_row_inner][vc_row_inner equal_height=\u00bbyes\u00bb][vc_column_inner width=\u00bb1\/2&#8243;]<h6 style=\"text-align:left;\" class=\"themestek-custom-heading \" >REGRAS FISCAIS E RELA\u00c7\u00c3O ENTRE OS N\u00cdVEIS DE GOVERNO NO M\u00c9XICO<\/h6>\n[\/vc_column_inner][vc_column_inner width=\u00bb1\/2&#8243;]<ul class=\"themestek-list themestek-list-style-icon themestek-list-icon-color-skincolor themestek- themestek-icon-skincolor themestek-list-textsize-small themestek-list-icon-library-fontawesome\"><li><i class=\"themestek-skincolor fa fa-caret-right\"><\/i>  <span class=\"themestek-list-li-content\">JAVIER P\u00c9REZ TORRES\n<\/span><\/li><li><i class=\"themestek-skincolor fa fa-caret-right\"><\/i>  <span class=\"themestek-list-li-content\">LUIS GARCIA SOTELO (M\u00c9XICO)<\/span><\/li><\/ul>[\/vc_column_inner][\/vc_row_inner][vc_row_inner equal_height=\u00bbyes\u00bb][vc_column_inner width=\u00bb1\/2&#8243;]<h6 style=\"text-align:left;\" class=\"themestek-custom-heading \" >REGRAS FISCAIS E RELA\u00c7\u00c3O ENTRE OS N\u00cdVEIS DE ARGENTINA<\/h6>\n[\/vc_column_inner][vc_column_inner width=\u00bb1\/2&#8243;]<ul class=\"themestek-list themestek-list-style-icon themestek-list-icon-color-skincolor themestek- themestek-icon-skincolor themestek-list-textsize-small themestek-list-icon-library-fontawesome\"><li><i class=\"themestek-skincolor fa fa-caret-right\"><\/i>  <span class=\"themestek-list-li-content\">PATRICIA FARAH (ARGENTINA)<\/span><\/li><\/ul>[\/vc_column_inner][\/vc_row_inner][vc_row_inner equal_height=\u00bbyes\u00bb][vc_column_inner width=\u00bb1\/2&#8243;]<h6 style=\"text-align:left;\" class=\"themestek-custom-heading \" ><br \/>\nREGRAS FISCAIS E RELA\u00c7\u00c3O ENTRE OS N\u00cdVEIS DE GOVERNO NO BRASIL<br \/>\n<\/h6>\n[\/vc_column_inner][vc_column_inner width=\u00bb1\/2&#8243;]<ul class=\"themestek-list themestek-list-style-icon themestek-list-icon-color-skincolor themestek- themestek-icon-skincolor themestek-list-textsize-small themestek-list-icon-library-fontawesome\"><li><i class=\"themestek-skincolor fa fa-caret-right\"><\/i>  <span class=\"themestek-list-li-content\">C\u00c9LIA MARIA SILVA CARVALHO (MG)<\/span><\/li><\/ul>[\/vc_column_inner][\/vc_row_inner][vc_row_inner equal_height=\u00bbyes\u00bb][vc_column_inner width=\u00bb1\/2&#8243;]<h6 style=\"text-align:left;\" class=\"themestek-custom-heading \" >MODERADOR<\/h6>\n[\/vc_column_inner][vc_column_inner width=\u00bb1\/2&#8243;]<ul class=\"themestek-list themestek-list-style-icon themestek-list-icon-color-skincolor themestek- themestek-icon-skincolor themestek-list-textsize-small themestek-list-icon-library-fontawesome\"><li><i class=\"themestek-skincolor fa fa-caret-right\"><\/i>  <span class=\"themestek-list-li-content\">RICARDO MARTNER (ILPES\/CEPAL)<\/span><\/li><\/ul>[\/vc_column_inner][\/vc_row_inner][vc_row_inner][vc_column_inner][vc_text_separator title=\u00bbCONCLUS\u00d5ES III ENCONTRO\u00bb][\/vc_column_inner][\/vc_row_inner][vc_row_inner equal_height=\u00bbyes\u00bb][vc_column_inner width=\u00bb1\/2&#8243;]<h6 style=\"text-align:left;\" class=\"themestek-custom-heading \" >PROPOSTAS, CONCLUS\u00d5ES, CARTAS DE INTEN\u00c7\u00d5ES DO III ENCONTRO<\/h6>\n[\/vc_column_inner][vc_column_inner width=\u00bb1\/2&#8243;]<ul class=\"themestek-list themestek-list-style-icon themestek-list-icon-color-skincolor themestek- themestek-icon-skincolor themestek-list-textsize-small themestek-list-icon-library-fontawesome\"><li><i class=\"themestek-skincolor fa fa-caret-right\"><\/i>  <span class=\"themestek-list-li-content\">JAVIER P\u00c9REZ TORRES - (INDETEC)\n<\/span><\/li><li><i class=\"themestek-skincolor fa fa-caret-right\"><\/i>  <span class=\"themestek-list-li-content\">LUIS GARCIA SOTELO- (INDETEC)<\/span><\/li><li><i class=\"themestek-skincolor fa fa-caret-right\"><\/i>  <span class=\"themestek-list-li-content\">CRISTINA RUIZ - (FORO)<\/span><\/li><li><i class=\"themestek-skincolor fa fa-caret-right\"><\/i>  <span class=\"themestek-list-li-content\">ADRIAN CENTURION (FORO)<\/span><\/li><li><i class=\"themestek-skincolor fa fa-caret-right\"><\/i>  <span class=\"themestek-list-li-content\">CELIA CARVALHO (GEFIN)<\/span><\/li><li><i class=\"themestek-skincolor fa fa-caret-right\"><\/i>  <span class=\"themestek-list-li-content\">JORGE TONETTO (GEFIN)<\/span><\/li><li><i class=\"themestek-skincolor fa fa-caret-right\"><\/i>  <span class=\"themestek-list-li-content\">ROBERTO YAMAZAKI (GEFIN)<\/span><\/li><\/ul>[\/vc_column_inner][\/vc_row_inner][vc_row_inner][vc_column_inner][vc_text_separator title=\u00bbCIERRE DEL TERCER ENCUENTRO\u00bb][\/vc_column_inner][\/vc_row_inner][\/vc_tta_section][vc_tta_section title=\u00bbGaler\u00eda de Fotos\u00bb tab_id=\u00bbgaleria\u00bb][vc_row_inner][vc_column_inner][vc_media_grid style=\u00bbload-more\u00bb items_per_page=\u00bb20&#8243; element_width=\u00bb3&#8243; item=\u00bbmasonryMedia_BorderedScale\u00bb btn_title=\u00bbVer m\u00e1s Fotograf\u00edas\u00bb grid_id=\u00bbvc_gid:1688571207222-f999e2f6-9394-1&#8243; include=\u00bb1850,1849,1848,1847,1846,1845,1844,1843,1842,1841,1840,1839,1838,1837,1836,1835,1834,1833,1832,1831,1830,1829,1828,1827,1826,1825,1824,1823,1822,1821,1820,1819,1818,1817,1816,1815,1814,1813,1812,1811,1810,1809,1808,1807,1806,1805,1804,1803,1802,1801,1800,1799,1798,1797,1796,1795,1794,1793,1792,1791,1790,1789,1787&#8243;][\/vc_column_inner][\/vc_row_inner][\/vc_tta_section][vc_tta_section title=\u00bbRepositorio\u00bb tab_id=\u00bbrepositorio\u00bb][vc_row_inner][vc_column_inner][vc_wp_custommenu nav_menu=\u00bb34&#8243; el_class=\u00bbmenu-encuentros\u00bb][\/vc_column_inner][\/vc_row_inner][\/vc_tta_section][\/vc_tta_tabs][\/vc_column][\/vc_row]<\/p>\n","protected":false},"excerpt":{"rendered":"<p>[vc_row][vc_column][vc_empty_space][vc_single_image image=\u00bb642&#8243; img_size=\u00bbfull\u00bb][vc_row_inner][vc_column_inner width=\u00bb1\/3&#8243;][\/vc_column_inner][vc_column_inner width=\u00bb1\/3&#8243;][vc_single_image image=\u00bb1286&#8243; img_size=\u00bb80&#215;80&#8243; alignment=\u00bbright\u00bb][\/vc_column_inner][vc_column_inner width=\u00bb1\/3&#8243;][\/vc_column_inner][\/vc_row_inner][\/vc_column][\/vc_row][vc_row themestek_responsive_css=\u00bb11903985|colbreak_no|||||||||colbreak_no|||||||||colbreak_no||||||||||colbreak_no|||||||||\u00bb][vc_column][vc_tta_tabs style=\u00bbmodern\u00bb gap=\u00bb5&#8243; active_section=\u00bb1&#8243; el_class=\u00bbtabsenc\u00bb][vc_tta_section title=\u00bbAgenda\u00bb tab_id=\u00bbagenda\u00bb][vc_row_inner equal_height=\u00bbyes\u00bb][vc_column_inner width=\u00bb1\/2&#8243;][\/vc_column_inner][vc_column_inner width=\u00bb1\/2&#8243;][\/vc_column_inner][\/vc_row_inner][vc_row_inner equal_height=\u00bbyes\u00bb][vc_column_inner width=\u00bb1\/2&#8243;][\/vc_column_inner][vc_column_inner width=\u00bb1\/2&#8243;][\/vc_column_inner][\/vc_row_inner][vc_row_inner][vc_column_inner][vc_text_separator title=\u00bbCONCLUS\u00d5ES DO II ENCONTRO\u00bb][\/vc_column_inner][\/vc_row_inner][vc_row_inner equal_height=\u00bbyes\u00bb][vc_column_inner width=\u00bb1\/2&#8243;][\/vc_column_inner][vc_column_inner width=\u00bb1\/2&#8243;][\/vc_column_inner][\/vc_row_inner][vc_row_inner][vc_column_inner][vc_text_separator title=\u00bbFINAN\u00c7AS P\u00daBLICAS E RECEITAS\u00bb][vc_column_text] Situa\u00e7\u00e3o atual e evoluc\u00e3o da econom\u00eda em nivel internacional, e seu impacto nas finan\u00e7as p\u00fablicas dos pa\u00edses da Am\u00e9rica Latina. Desafios do &hellip; <a href=\"https:\/\/forocfib.org\/sitio\/iii-encuentro\/\" class=\"more-link\">Continue reading <span class=\"screen-reader-text\">III Encuentro<\/span><\/a><\/p>\n","protected":false},"author":1,"featured_media":0,"parent":0,"menu_order":6,"comment_status":"closed","ping_status":"closed","template":"","meta":[],"_links":{"self":[{"href":"https:\/\/forocfib.org\/sitio\/wp-json\/wp\/v2\/pages\/1783"}],"collection":[{"href":"https:\/\/forocfib.org\/sitio\/wp-json\/wp\/v2\/pages"}],"about":[{"href":"https:\/\/forocfib.org\/sitio\/wp-json\/wp\/v2\/types\/page"}],"author":[{"embeddable":true,"href":"https:\/\/forocfib.org\/sitio\/wp-json\/wp\/v2\/users\/1"}],"replies":[{"embeddable":true,"href":"https:\/\/forocfib.org\/sitio\/wp-json\/wp\/v2\/comments?post=1783"}],"version-history":[{"count":21,"href":"https:\/\/forocfib.org\/sitio\/wp-json\/wp\/v2\/pages\/1783\/revisions"}],"predecessor-version":[{"id":3421,"href":"https:\/\/forocfib.org\/sitio\/wp-json\/wp\/v2\/pages\/1783\/revisions\/3421"}],"wp:attachment":[{"href":"https:\/\/forocfib.org\/sitio\/wp-json\/wp\/v2\/media?parent=1783"}],"curies":[{"name":"wp","href":"https:\/\/api.w.org\/{rel}","templated":true}]}}